{"id":4149,"date":"2024-09-10T11:15:00","date_gmt":"2024-09-10T09:15:00","guid":{"rendered":"https:\/\/www.bevanar-dorga.ch\/categorie\/feinkostgeschaeft\/"},"modified":"2025-12-01T07:53:44","modified_gmt":"2025-12-01T06:53:44","slug":"feinkostgeschaeft","status":"publish","type":"portfolio","link":"https:\/\/www.bevanar-dorga.ch\/de\/categorie\/feinkostgeschaeft\/","title":{"rendered":"Feinkostgesch\u00e4ft"},"content":{"rendered":"\n<style type=\"text\/css\" data-created_by=\"avia_inline_auto\" id=\"style-css-av-2u4ui1r-33ba043f1d2ca2c15bbad5ed5ea60d41\">\n.avia-section.av-2u4ui1r-33ba043f1d2ca2c15bbad5ed5ea60d41 .av-parallax .av-parallax-inner{\nbackground-repeat:no-repeat;\nbackground-image:url(https:\/\/www.bevanar-dorga.ch\/wp\/wp-content\/uploads\/2024\/09\/epicerie-fine.jpg);\nbackground-position:50% 50%;\nbackground-attachment:scroll;\n}\n<\/style>\n<div id='av_section_1'  class='avia-section av-2u4ui1r-33ba043f1d2ca2c15bbad5ed5ea60d41 main_color avia-section-default avia-no-border-styling  avia-builder-el-0  el_before_av_section  avia-builder-el-first  avia-full-stretch av-parallax-section avia-bg-style-parallax av-minimum-height av-minimum-height-50 av-height-50  container_wrap fullsize'  data-section-bg-repeat='stretch' data-av_minimum_height_pc='50' data-av_min_height_opt='50'><div class='av-parallax' data-avia-parallax-ratio='0.3' ><div class='av-parallax-inner main_color avia-full-stretch'><\/div><\/div><div class='container av-section-cont-open' ><main  role=\"main\" itemprop=\"mainContentOfPage\"  class='template-page content  av-content-full alpha units'><div class='post-entry post-entry-type-page post-entry-4149'><div class='entry-content-wrapper clearfix'>\n<div  class='flex_column av-2rxix4f-ce339850cc14716583cd251941e3ab45 av_one_full  avia-builder-el-1  avia-builder-el-no-sibling  first flex_column_div  '     ><\/div>\n\n<\/div><\/div><\/main><!-- close content main element --><\/div><\/div><div id='av_section_2'  class='avia-section av-9w8bj3-a9f3df29e2ae3675f355c39572288c7c main_color avia-section-default avia-no-border-styling  avia-builder-el-2  el_after_av_section  el_before_av_section  avia-bg-style-scroll container_wrap fullsize'  ><div class='container av-section-cont-open' ><div class='template-page content  av-content-full alpha units'><div class='post-entry post-entry-type-page post-entry-4149'><div class='entry-content-wrapper clearfix'>\n<div data-aos=\"fade-up\"  class='flex_column av-2oftvvz-3e04235c12946dbfe99dc96376709c32 av_one_full  avia-builder-el-3  avia-builder-el-no-sibling  trs-animate first flex_column_div data-aos=\"fade-up\"  '     ><p>\n<style type=\"text\/css\" data-created_by=\"avia_inline_auto\" id=\"style-css-av-m0xv9c2z-94282e45d51b246d31668b4bea09c2c3\">\n#top .av-special-heading.av-m0xv9c2z-94282e45d51b246d31668b4bea09c2c3{\nmargin:20px 0 0 0;\npadding-bottom:10px;\ncolor:#545f65;\n}\nbody .av-special-heading.av-m0xv9c2z-94282e45d51b246d31668b4bea09c2c3 .av-special-heading-tag .heading-char{\nfont-size:25px;\n}\n.av-special-heading.av-m0xv9c2z-94282e45d51b246d31668b4bea09c2c3 .special-heading-inner-border{\nborder-color:#545f65;\n}\n.av-special-heading.av-m0xv9c2z-94282e45d51b246d31668b4bea09c2c3 .av-subheading{\nfont-size:15px;\n}\n<\/style>\n<div data-aos=\"fade-up\"  class='av-special-heading av-m0xv9c2z-94282e45d51b246d31668b4bea09c2c3 av-special-heading-h1 custom-color-heading blockquote modern-quote modern-centered  avia-builder-el-4  el_before_av_textblock  avia-builder-el-first  trs-animate trs-special-underline'><h1 class='av-special-heading-tag '  itemprop=\"headline\"  ><em>Feinkostgesch\u00e4ft<\/em><\/h1><div class=\"special-heading-border\"><div class=\"special-heading-inner-border\"><\/div><\/div><\/div><br \/>\n<section  class='av_textblock_section av-2mtlwn3-aaf95ea10b12b140cf810b7e417b7368 '   itemscope=\"itemscope\" itemtype=\"https:\/\/schema.org\/CreativeWork\" ><div class='avia_textblock'  itemprop=\"text\" ><p style=\"text-align: center;\">Entdecken Sie unser Feinkostsortiment, das speziell f\u00fcr die Anforderungen von gro\u00dfen Lebensmittelgesch\u00e4ften, Feinkostl\u00e4den und Kaufh\u00e4usern sowie f\u00fcr individuelle Geschenke entwickelt wurde. Wir bieten au\u00dfergew\u00f6hnliche Produkte in eleganten Verpackungen, die Qualit\u00e4t und Raffinesse vereinen, um Ihr Angebot zu bereichern und die anspruchsvollsten Gaumen zu befriedigen.<\/p>\n<\/div><\/section><\/p><\/div>\n\n<\/div><\/div><\/div><!-- close content main div --><\/div><\/div><div id='av_section_3'  class='avia-section av-2kw6jsf-0c0115217169b862366b044cdf19af3e main_color avia-section-default avia-no-border-styling  avia-builder-el-6  el_after_av_section  el_before_av_section  avia-bg-style-scroll container_wrap fullsize'  ><div class='container av-section-cont-open' ><div class='template-page content  av-content-full alpha units'><div class='post-entry post-entry-type-page post-entry-4149'><div class='entry-content-wrapper clearfix'>\n<div class='flex_column_table av-2jryxlb-dbc01d6f0c808cdfc3dea253d156f338 sc-av_one_half av-mobile-columns-flex av-columns-reverse av-equal-height-column-flextable'><div  class='flex_column av-2jryxlb-dbc01d6f0c808cdfc3dea253d156f338 av_one_half  avia-builder-el-7  el_before_av_one_half  avia-builder-el-first  first flex_column_table_cell av-equal-height-column av-align-middle  '     ><div id='av-masonry-1' class='av-masonry av-2ij74wf-aea58b6e67123ef14f0a77a8b8faf1c7 noHover av-fixed-size av-large-gap av-hover-overlay-active av-masonry-animation-active av-masonry-col-4 av-caption-always av-caption-style-overlay av-masonry-gallery av-orientation-square trs-masonry-decal' data-post_id=\"4149\"><div class=\"av-masonry-container isotope av-js-disabled\"><div class='av-masonry-entry isotope-item av-masonry-item-no-image '><\/div><div id='av-masonry-1-item-3741' data-av-masonry-item='3741' class='av-masonry-entry isotope-item post-3741 attachment type-attachment status-inherit hentry  av-masonry-item-with-image'    itemprop=\"thumbnailUrl\" ><div class='av-inner-masonry-sizer'><\/div><figure class='av-inner-masonry main_color'><div class=\"av-masonry-outerimage-container\"><div class='av-masonry-image-container' style=\"background-image: url(https:\/\/www.bevanar-dorga.ch\/wp\/wp-content\/uploads\/2024\/09\/miel.jpg);\"  title=\"Miel\" ><\/div><\/div><figcaption class='av-inner-masonry-content site-background'><div class='av-inner-masonry-content-pos'><div class='av-inner-masonry-content-pos-content'><div class='avia-arrow'><\/div><div class='av-masonry-entry-content entry-content'  itemprop=\"text\" >Konfit\u00fcren und Honige<\/div><\/div><\/div><\/figcaption><\/figure><\/div><!--end av-masonry entry--><div id='av-masonry-1-item-3737' data-av-masonry-item='3737' class='av-masonry-entry isotope-item post-3737 attachment type-attachment status-inherit hentry  av-masonry-item-with-image'    itemprop=\"thumbnailUrl\" ><div class='av-inner-masonry-sizer'><\/div><figure class='av-inner-masonry main_color'><div class=\"av-masonry-outerimage-container\"><div class='av-masonry-image-container' style=\"background-image: url(https:\/\/www.bevanar-dorga.ch\/wp\/wp-content\/uploads\/2024\/09\/chocolat.jpg);\"  title=\"Chocolat\" ><\/div><\/div><figcaption class='av-inner-masonry-content site-background'><div class='av-inner-masonry-content-pos'><div class='av-inner-masonry-content-pos-content'><div class='avia-arrow'><\/div><div class='av-masonry-entry-content entry-content'  itemprop=\"text\" >Schokoladen<\/div><\/div><\/div><\/figcaption><\/figure><\/div><!--end av-masonry entry--><div id='av-masonry-1-item-3736' data-av-masonry-item='3736' class='av-masonry-entry isotope-item post-3736 attachment type-attachment status-inherit hentry  av-masonry-item-with-image'    itemprop=\"thumbnailUrl\" ><div class='av-inner-masonry-sizer'><\/div><figure class='av-inner-masonry main_color'><div class=\"av-masonry-outerimage-container\"><div class='av-masonry-image-container' style=\"background-image: url(https:\/\/www.bevanar-dorga.ch\/wp\/wp-content\/uploads\/2024\/09\/calisson.jpg);\"  title=\"Calisson\" ><\/div><\/div><figcaption class='av-inner-masonry-content site-background'><div class='av-inner-masonry-content-pos'><div class='av-inner-masonry-content-pos-content'><div class='avia-arrow'><\/div><div class='av-masonry-entry-content entry-content'  itemprop=\"text\" >S\u00fc\u00dfwaren<\/div><\/div><\/div><\/figcaption><\/figure><\/div><!--end av-masonry entry--><div id='av-masonry-1-item-3738' data-av-masonry-item='3738' class='av-masonry-entry isotope-item post-3738 attachment type-attachment status-inherit hentry  av-masonry-item-with-image'    itemprop=\"thumbnailUrl\" ><div class='av-inner-masonry-sizer'><\/div><figure class='av-inner-masonry main_color'><div class=\"av-masonry-outerimage-container\"><div class='av-masonry-image-container' style=\"background-image: url(https:\/\/www.bevanar-dorga.ch\/wp\/wp-content\/uploads\/2024\/09\/deco.jpg);\"  title=\"De\u0301co\" ><\/div><\/div><figcaption class='av-inner-masonry-content site-background'><div class='av-inner-masonry-content-pos'><div class='av-inner-masonry-content-pos-content'><div class='avia-arrow'><\/div><div class='av-masonry-entry-content entry-content'  itemprop=\"text\" >Backhilfen<\/div><\/div><\/div><\/figcaption><\/figure><\/div><!--end av-masonry entry--><div id='av-masonry-1-item-3735' data-av-masonry-item='3735' class='av-masonry-entry isotope-item post-3735 attachment type-attachment status-inherit hentry  av-masonry-item-with-image'    itemprop=\"thumbnailUrl\" ><div class='av-inner-masonry-sizer'><\/div><figure class='av-inner-masonry main_color'><div class=\"av-masonry-outerimage-container\"><div class='av-masonry-image-container' style=\"background-image: url(https:\/\/www.bevanar-dorga.ch\/wp\/wp-content\/uploads\/2024\/09\/biscuit.jpg);\"  title=\"Biscuit\" ><\/div><\/div><figcaption class='av-inner-masonry-content site-background'><div class='av-inner-masonry-content-pos'><div class='av-inner-masonry-content-pos-content'><div class='avia-arrow'><\/div><div class='av-masonry-entry-content entry-content'  itemprop=\"text\" >Kekse<\/div><\/div><\/div><\/figcaption><\/figure><\/div><!--end av-masonry entry--><div id='av-masonry-1-item-3743' data-av-masonry-item='3743' class='av-masonry-entry isotope-item post-3743 attachment type-attachment status-inherit hentry  av-masonry-item-with-image'    itemprop=\"thumbnailUrl\" ><div class='av-inner-masonry-sizer'><\/div><figure class='av-inner-masonry main_color'><div class=\"av-masonry-outerimage-container\"><div class='av-masonry-image-container' style=\"background-image: url(https:\/\/www.bevanar-dorga.ch\/wp\/wp-content\/uploads\/2024\/09\/the-1.jpg);\"  title=\"The\" ><\/div><\/div><figcaption class='av-inner-masonry-content site-background'><div class='av-inner-masonry-content-pos'><div class='av-inner-masonry-content-pos-content'><div class='avia-arrow'><\/div><div class='av-masonry-entry-content entry-content'  itemprop=\"text\" >Tees und Kr\u00e4utertees<\/div><\/div><\/div><\/figcaption><\/figure><\/div><!--end av-masonry entry--><\/div><\/div><\/div><div class='av-flex-placeholder'><\/div><div  class='flex_column av-2gms027-d52402f58458e133441c55b8259441b4 av_one_half  avia-builder-el-9  el_after_av_one_half  avia-builder-el-last  flex_column_table_cell av-equal-height-column av-align-middle  '     ><p>\n<style type=\"text\/css\" data-created_by=\"avia_inline_auto\" id=\"style-css-av-m0xwly00-165da06b9e2451767db1c4960102c8c1\">\n#top .av-special-heading.av-m0xwly00-165da06b9e2451767db1c4960102c8c1{\npadding-bottom:10px;\n}\nbody .av-special-heading.av-m0xwly00-165da06b9e2451767db1c4960102c8c1 .av-special-heading-tag .heading-char{\nfont-size:25px;\n}\n.av-special-heading.av-m0xwly00-165da06b9e2451767db1c4960102c8c1 .av-subheading{\nfont-size:15px;\n}\n<\/style>\n<div data-aos=\"fade-up\"  class='av-special-heading av-m0xwly00-165da06b9e2451767db1c4960102c8c1 av-special-heading-h2 blockquote modern-quote  avia-builder-el-10  el_before_av_textblock  avia-builder-el-first  trs-special-underline trs-animate'><h2 class='av-special-heading-tag '  itemprop=\"headline\"  >Entdecken Sie unsere s\u00fc\u00dfen Must-Haves<\/h2><div class=\"special-heading-border\"><div class=\"special-heading-inner-border\"><\/div><\/div><\/div><br \/>\n<section  class='av_textblock_section av-2flker3-2058b8a1c6dd9ed31d038bc8a34a9455 '   itemscope=\"itemscope\" itemtype=\"https:\/\/schema.org\/CreativeWork\" ><div data-aos=\"fade-up\" class='avia_textblock trs-animate'  itemprop=\"text\" ><ul>\n<li>Konfit\u00fcren und Honig.<\/li>\n<li>Schokoladen.<\/li>\n<li>S\u00fc\u00dfigkeiten.<\/li>\n<li>Backhilfen.<\/li>\n<li>Tees und Kr\u00e4utertees.<\/li>\n<\/ul>\n<p>Perfekt f\u00fcr Feinschmecker und Liebhaber von S\u00fc\u00dfigkeiten.<\/p>\n<\/div><\/section><\/p><\/div><\/div><!--close column table wrapper. Autoclose: 1 -->\n\n<\/div><\/div><\/div><!-- close content main div --><\/div><\/div><div id='av_section_4'  class='avia-section av-2dapxxb-c17781ed57dcd0471114b9ac5d2a614d main_color avia-section-default avia-no-border-styling  avia-builder-el-12  el_after_av_section  el_before_av_section  avia-bg-style-scroll container_wrap fullsize'  ><div class='container av-section-cont-open' ><div class='template-page content  av-content-full alpha units'><div class='post-entry post-entry-type-page post-entry-4149'><div class='entry-content-wrapper clearfix'>\n<div class='flex_column_table av-m0xwm4b5-0bcd72967f1f3c74329e448828a888d8 sc-av_one_half av-equal-height-column-flextable'><div  class='flex_column av-m0xwm4b5-0bcd72967f1f3c74329e448828a888d8 av_one_half  avia-builder-el-13  el_before_av_one_half  avia-builder-el-first  first flex_column_table_cell av-equal-height-column av-align-middle  '     ><p>\n<style type=\"text\/css\" data-created_by=\"avia_inline_auto\" id=\"style-css-av-m0xwlu00-3e93118bce76f41a0c53a40ae80000d5\">\n#top .av-special-heading.av-m0xwlu00-3e93118bce76f41a0c53a40ae80000d5{\npadding-bottom:10px;\n}\nbody .av-special-heading.av-m0xwlu00-3e93118bce76f41a0c53a40ae80000d5 .av-special-heading-tag .heading-char{\nfont-size:25px;\n}\n.av-special-heading.av-m0xwlu00-3e93118bce76f41a0c53a40ae80000d5 .av-subheading{\nfont-size:15px;\n}\n<\/style>\n<div data-aos=\"fade-up\"  class='av-special-heading av-m0xwlu00-3e93118bce76f41a0c53a40ae80000d5 av-special-heading-h2 blockquote modern-quote  avia-builder-el-14  el_before_av_textblock  avia-builder-el-first  trs-special-underline trs-animate'><h2 class='av-special-heading-tag '  itemprop=\"headline\"  >Entdecken Sie unsere salzigen Must-Haves<\/h2><div class=\"special-heading-border\"><div class=\"special-heading-inner-border\"><\/div><\/div><\/div><br \/>\n<section  class='av_textblock_section av-2cc0ssf-c04c13b5f5cf855497e8256cf0c9b673 '   itemscope=\"itemscope\" itemtype=\"https:\/\/schema.org\/CreativeWork\" ><div data-aos=\"fade-up\" class='avia_textblock trs-animate'  itemprop=\"text\" ><ul>\n<li>Feine \u00d6le &amp; Essig<\/li>\n<li>Tr\u00fcffelprodukte<\/li>\n<li>Italienische Spezialit\u00e4ten<\/li>\n<li>Salze und Gew\u00fcrze<\/li>\n<\/ul>\n<p>um herzhafte Gerichte zu verfeinern.<\/p>\n<\/div><\/section><\/p><\/div><div class='av-flex-placeholder'><\/div><div  class='flex_column av-2a0twfj-62c325b78a90254b7d0e0aff0b2eaaef av_one_half  avia-builder-el-16  el_after_av_one_half  avia-builder-el-last  flex_column_table_cell av-equal-height-column av-align-middle  '     ><div id='av-masonry-2' class='av-masonry av-27lvjj3-016b43b1a4e257b95b3434a04385ec3d noHover av-fixed-size av-large-gap av-hover-overlay-active av-masonry-animation-active av-masonry-col-4 av-caption-always av-caption-style-overlay av-masonry-gallery av-orientation-square trs-masonry-decal' data-post_id=\"4149\"><div class=\"av-masonry-container isotope av-js-disabled\"><div class='av-masonry-entry isotope-item av-masonry-item-no-image '><\/div><div id='av-masonry-2-item-3739' data-av-masonry-item='3739' class='av-masonry-entry isotope-item post-3739 attachment type-attachment status-inherit hentry  av-masonry-item-with-image'    itemprop=\"thumbnailUrl\" ><div class='av-inner-masonry-sizer'><\/div><figure class='av-inner-masonry main_color'><div class=\"av-masonry-outerimage-container\"><div class='av-masonry-image-container' style=\"background-image: url(https:\/\/www.bevanar-dorga.ch\/wp\/wp-content\/uploads\/2024\/09\/huile.jpg);\"  title=\"Huile\" ><\/div><\/div><figcaption class='av-inner-masonry-content site-background'><div class='av-inner-masonry-content-pos'><div class='av-inner-masonry-content-pos-content'><div class='avia-arrow'><\/div><div class='av-masonry-entry-content entry-content'  itemprop=\"text\" >\u00d6le und Essige<\/div><\/div><\/div><\/figcaption><\/figure><\/div><!--end av-masonry entry--><div id='av-masonry-2-item-3744' data-av-masonry-item='3744' class='av-masonry-entry isotope-item post-3744 attachment type-attachment status-inherit hentry  av-masonry-item-with-image'    itemprop=\"thumbnailUrl\" ><div class='av-inner-masonry-sizer'><\/div><figure class='av-inner-masonry main_color'><div class=\"av-masonry-outerimage-container\"><div class='av-masonry-image-container' style=\"background-image: url(https:\/\/www.bevanar-dorga.ch\/wp\/wp-content\/uploads\/2024\/09\/truffe.jpg);\"  title=\"Truffe\" ><\/div><\/div><figcaption class='av-inner-masonry-content site-background'><div class='av-inner-masonry-content-pos'><div class='av-inner-masonry-content-pos-content'><div class='avia-arrow'><\/div><div class='av-masonry-entry-content entry-content'  itemprop=\"text\" >Tr\u00fcffelprodukte<\/div><\/div><\/div><\/figcaption><\/figure><\/div><!--end av-masonry entry--><div id='av-masonry-2-item-3740' data-av-masonry-item='3740' class='av-masonry-entry isotope-item post-3740 attachment type-attachment status-inherit hentry  av-masonry-item-with-image'    itemprop=\"thumbnailUrl\" ><div class='av-inner-masonry-sizer'><\/div><figure class='av-inner-masonry main_color'><div class=\"av-masonry-outerimage-container\"><div class='av-masonry-image-container' style=\"background-image: url(https:\/\/www.bevanar-dorga.ch\/wp\/wp-content\/uploads\/2024\/09\/italien.jpg);\"  title=\"Italien\" ><\/div><\/div><figcaption class='av-inner-masonry-content site-background'><div class='av-inner-masonry-content-pos'><div class='av-inner-masonry-content-pos-content'><div class='avia-arrow'><\/div><div class='av-masonry-entry-content entry-content'  itemprop=\"text\" >Italienische Produkte<\/div><\/div><\/div><\/figcaption><\/figure><\/div><!--end av-masonry entry--><div id='av-masonry-2-item-3742' data-av-masonry-item='3742' class='av-masonry-entry isotope-item post-3742 attachment type-attachment status-inherit hentry  av-masonry-item-with-image'    itemprop=\"thumbnailUrl\" ><div class='av-inner-masonry-sizer'><\/div><figure class='av-inner-masonry main_color'><div class=\"av-masonry-outerimage-container\"><div class='av-masonry-image-container' style=\"background-image: url(https:\/\/www.bevanar-dorga.ch\/wp\/wp-content\/uploads\/2024\/09\/sels.jpg);\"  title=\"Sels\" ><\/div><\/div><figcaption class='av-inner-masonry-content site-background'><div class='av-inner-masonry-content-pos'><div class='av-inner-masonry-content-pos-content'><div class='avia-arrow'><\/div><div class='av-masonry-entry-content entry-content'  itemprop=\"text\" >Salze und Gew\u00fcrze<\/div><\/div><\/div><\/figcaption><\/figure><\/div><!--end av-masonry entry--><\/div><\/div><\/div><\/div><!--close column table wrapper. Autoclose: 1 -->\n\n<\/div><\/div><\/div><!-- close content main div --><\/div><\/div>\n<style type=\"text\/css\" data-created_by=\"avia_inline_auto\" id=\"style-css-av-25xmh3z-6bf7e75362f0cae11c352a9132651834\">\n.avia-section.av-25xmh3z-6bf7e75362f0cae11c352a9132651834{\nbackground-color:#ffffff;\nbackground-image:unset;\nmargin-top:75px;\nmargin-bottom:0px;\n}\n<\/style>\n<div id='av_section_5'  class='avia-section av-25xmh3z-6bf7e75362f0cae11c352a9132651834 main_color avia-section-small avia-no-border-styling  avia-builder-el-18  el_after_av_section  el_before_av_section  avia-bg-style-scroll container_wrap fullsize'  ><div class='container av-section-cont-open' ><div class='template-page content  av-content-full alpha units'><div class='post-entry post-entry-type-page post-entry-4149'><div class='entry-content-wrapper clearfix'>\n<div  class='flex_column av-24tt067-ca03bb817314774d490c1aec46d3a1ed av_one_full  avia-builder-el-19  el_before_av_one_full  avia-builder-el-first  first flex_column_div  '     ><p>\n<style type=\"text\/css\" data-created_by=\"avia_inline_auto\" id=\"style-css-av-2363873-af8d144eb1578889c1294784c9f85870\">\n#top .av-special-heading.av-2363873-af8d144eb1578889c1294784c9f85870{\npadding-bottom:10px;\n}\nbody .av-special-heading.av-2363873-af8d144eb1578889c1294784c9f85870 .av-special-heading-tag .heading-char{\nfont-size:25px;\n}\n.av-special-heading.av-2363873-af8d144eb1578889c1294784c9f85870 .av-subheading{\nfont-size:15px;\n}\n<\/style>\n<div data-aos=\"fade-up\"  class='av-special-heading av-2363873-af8d144eb1578889c1294784c9f85870 av-special-heading-h2 blockquote modern-quote  avia-builder-el-20  el_before_av_hr  avia-builder-el-first  trs-special-underline trs-animate'><h2 class='av-special-heading-tag '  itemprop=\"headline\"  >Die aktuellen herzhaften Produkte<\/h2><div class=\"special-heading-border\"><div class=\"special-heading-inner-border\"><\/div><\/div><\/div><br \/>\n\n<style type=\"text\/css\" data-created_by=\"avia_inline_auto\" id=\"style-css-av-217md1b-9dd60a20b3ff3790ebd6c18a6350dc30\">\n#top .hr.hr-invisible.av-217md1b-9dd60a20b3ff3790ebd6c18a6350dc30{\nheight:10px;\n}\n<\/style>\n<div  class='hr av-217md1b-9dd60a20b3ff3790ebd6c18a6350dc30 hr-invisible  avia-builder-el-21  el_after_av_heading  el_before_av_textblock '><span class='hr-inner '><span class=\"hr-inner-style\"><\/span><\/span><\/div><br \/>\n<section  class='av_textblock_section av-20es4hr-89b9ba1955ca5861c70a5dfa77a621c1 '   itemscope=\"itemscope\" itemtype=\"https:\/\/schema.org\/CreativeWork\" ><div data-aos=\"fade-up\" class='avia_textblock trs-animate trs-spaced-p'  itemprop=\"text\" ><p style=\"text-align: left;\">Erkunden Sie die neuesten Entdeckungen und Trendprodukte in dieser Kategorie.<\/p>\n<\/div><\/section><\/p><\/div>\n<style type=\"text\/css\" data-created_by=\"avia_inline_auto\" id=\"style-css-av-1y26ffj-fb8c5538cc1fc628f9be1abcd2d0a1e2\">\n.flex_column.av-1y26ffj-fb8c5538cc1fc628f9be1abcd2d0a1e2{\nbackground-color:#ffffff;\n}\n<\/style>\n<div data-aos=\"fade-up\"  class='flex_column av-1y26ffj-fb8c5538cc1fc628f9be1abcd2d0a1e2 av_one_full  avia-builder-el-23  el_after_av_one_full  avia-builder-el-last  trs-animate first flex_column_div data-aos=\"fade-up\"  column-top-margin'     ><div class=\"tris-slider  trs-nouveautes\" data-columns=\"4\" data-breakpoints=\"[{&quot;breakpoint_size&quot;:1300,&quot;breakpoint_columns&quot;:&quot;3&quot;},{&quot;breakpoint_size&quot;:989,&quot;breakpoint_columns&quot;:&quot;2&quot;},{&quot;breakpoint_size&quot;:767,&quot;breakpoint_columns&quot;:&quot;1&quot;},{&quot;breakpoint_size&quot;:479,&quot;breakpoint_columns&quot;:&quot;1&quot;}]\">\n                        \t\t\t\t\t\t\t\t<article class=\"trs-slide\" itemscope=\"itemscope\" itemtype=\"https:\/\/schema.org\/CreativeWork\">\n\t\t\t\t\t\t\t\t\t<span data-rel=\"slide-1\" class=\"slide-image\" title=\"Abel Olive &amp; Knoblauch Spezial\u00f6l\">\n\t\t\t\t\t\t\t\t\t\t<a target=\"_blank\" href=\"\" rel=\"noopener\">\t\t\t\t\t\t\t\t\t\t<img decoding=\"async\" fetchpriority=\"high\" \n\t\t\t\t\t\t\t\t\t\t\t width=\"655\" \n\t\t\t\t\t\t\t\t\t\t\t height=\"655\" \n\t\t\t\t\t\t\t\t\t\t\t src=\"https:\/\/www.bevanar-dorga.ch\/wp\/wp-content\/uploads\/2026\/03\/Huile-dolive-ail_Abel.png\" \n\t\t\t\t\t\t\t\t\t\t\t class=\"wp-image-9320 avia-img-lazy-loading-not-9320 attachment-masonry size-masonry wp-post-image\" \n\t\t\t\t\t\t\t\t\t\t\t alt=\"\" \n\t\t\t\t\t\t\t\t\t\t\t srcset=\"https:\/\/www.bevanar-dorga.ch\/wp\/wp-content\/uploads\/2026\/03\/Huile-dolive-ail_Abel.png 655w, https:\/\/www.bevanar-dorga.ch\/wp\/wp-content\/uploads\/2026\/03\/Huile-dolive-ail_Abel-300x300.png 300w, https:\/\/www.bevanar-dorga.ch\/wp\/wp-content\/uploads\/2026\/03\/Huile-dolive-ail_Abel-80x80.png 80w, https:\/\/www.bevanar-dorga.ch\/wp\/wp-content\/uploads\/2026\/03\/Huile-dolive-ail_Abel-36x36.png 36w, https:\/\/www.bevanar-dorga.ch\/wp\/wp-content\/uploads\/2026\/03\/Huile-dolive-ail_Abel-180x180.png 180w\" \n\t\t\t\t\t\t\t\t\t\t\t sizes=\"(max-width: 655px) 100vw, 655px\">\n\t\t\t\t\t\t\t\t\t\t<\/a>\t\t\t\t\t\t\t\t\t<\/span>\n\t\t\t\t\t\t\t\t\t<div class=\"slide-content\">\n\t\t\t\t\t\t\t\t\t\t<header class=\"entry-content-header\" aria-label=\"Slide: Abel Olive &amp; Knoblauch Spezial\u00f6l\">\n\t\t\t\t\t\t\t\t\t\t\t<h3 class=\"slide-entry-title entry-title\" itemprop=\"headline\">\n\t\t\t\t\t\t\t\t\t\t\t\t<a target=\"_blank\" href=\"\" rel=\"noopener\">Abel Olive &amp; Knoblauch Spezial\u00f6l<\/a>\t\t\t\t\t\t\t\t\t\t\t<\/h3>\n\t\t\t\t\t\t\t\t\t\t\t<span class=\"av-vertical-delimiter\"><\/span>\n\t\t\t\t\t\t\t\t\t\t<\/header>\n\t\t\t\t\t\t\t\t\t\t<div class=\"slide-meta\">\n\t\t\t\t\t\t\t\t\t\t\t<time class=\"slide-meta-time updated\" itemprop=\"datePublished\" datetime=\"2026-03-31T10:45:23+02:00\">31 March 2026<\/time>\n\t\t\t\t\t\t\t\t\t\t<\/div>\n\t\t\t\t\t\t\t\t\t\t<div class=\"slide-entry-excerpt entry-content\" itemprop=\"text\">25 cl - Art.-Nr. 101415<\/div>\n\t\t\t\t\t\t\t\t\t\t<a class=\"link_more\" target=\"_blank\" href=\"\" rel=\"noopener\">Mehr erfahren<\/a>\t\t\t\t\t\t\t\t\t<\/div>\n\t\t\t\t\t\t\t\t\t<footer class=\"entry-footer\"><\/footer>\n\t\t\t\t\t\t\t\t\t<span class=\"hidden\">\n\t\t\t\t\t\t\t\t\t\t<span class=\"av-structured-data\" itemprop=\"image\" itemscope=\"itemscope\" itemtype=\"https:\/\/schema.org\/ImageObject\">\n\t\t\t\t\t\t\t\t\t\t\t<span itemprop=\"url\">https:\/\/www.bevanar-dorga.ch\/wp\/wp-content\/uploads\/2026\/03\/Huile-dolive-ail_Abel.png<\/span>\n\t\t\t\t\t\t\t\t\t\t\t<span itemprop=\"height\">655<\/span>\n\t\t\t\t\t\t\t\t\t\t\t<span itemprop=\"width\">655<\/span>\n\t\t\t\t\t\t\t\t\t\t<\/span>\n\t\t\t\t\t\t\t\t\t\t<span class=\"av-structured-data\" itemprop=\"publisher\" itemscope=\"itemscope\" itemtype=\"https:\/\/schema.org\/Organization\">\n\t\t\t\t\t\t\t\t\t\t\t<span itemprop=\"name\">Bevanar&amp;Dorga SA<\/span>\n\t\t\t\t\t\t\t\t\t\t\t<span itemprop=\"logo\" itemscope=\"\" itemtype=\"https:\/\/schema.org\/ImageObject\">\n\t\t\t\t\t\t\t\t\t\t\t\t\t\t\t\t\t\t\t\t\t\t\t\t<span itemprop=\"url\"><\/span>\n\t\t\t\t\t\t\t\t\t\t\t<\/span>\n\t\t\t\t\t\t\t\t\t\t<\/span>\n\t\t\t\t\t\t\t\t\t\t<span class=\"av-structured-data\" itemprop=\"author\" itemscope=\"itemscope\" itemtype=\"https:\/\/schema.org\/Person\"><span itemprop=\"name\">Bevanar&#38;Dorga<\/span><\/span>\n\t\t\t\t\t\t\t\t\t\t<span class=\"av-structured-data\" itemprop=\"datePublished\" datetime=\"2026-03-31T10:45:23+02:00\">31 March 2026<\/span>\n\t\t\t\t\t\t\t\t\t\t<span class=\"av-structured-data\" itemprop=\"dateModified\">2026-03-31T10:45:23+02:00<\/span>\n\t\t\t\t\t\t\t\t\t\t<span class=\"av-structured-data\" itemprop=\"mainEntityOfPage\"><span itemprop=\"name\">Abel Olive &amp; Knoblauch Spezial\u00f6l<\/span><\/span>\n\t\t\t\t\t\t\t\t\t<\/span>\n\t\t\t\t\t\t\t\t<\/article>\n\t\t\t\t\t\t\t\t\t\t\t\t\t\t\t\t<article class=\"trs-slide\" itemscope=\"itemscope\" itemtype=\"https:\/\/schema.org\/CreativeWork\">\n\t\t\t\t\t\t\t\t\t<span data-rel=\"slide-2\" class=\"slide-image\" title=\"Nat\u00fcrliches Fleur de Sel, Sal de Menorca\">\n\t\t\t\t\t\t\t\t\t\t<a target=\"_blank\" href=\"https:\/\/www.bevanar-dorga.ch\/sal-de-menorca\/\" rel=\"noopener\">\t\t\t\t\t\t\t\t\t\t<img decoding=\"async\" fetchpriority=\"high\" \n\t\t\t\t\t\t\t\t\t\t\t width=\"1080\" \n\t\t\t\t\t\t\t\t\t\t\t height=\"1080\" \n\t\t\t\t\t\t\t\t\t\t\t src=\"https:\/\/www.bevanar-dorga.ch\/wp\/wp-content\/uploads\/2025\/03\/100145-Fleur-de-Sel-Naturelle-Sal-de-Menorca-2.png\" \n\t\t\t\t\t\t\t\t\t\t\t class=\"wp-image-5622 avia-img-lazy-loading-not-5622 attachment-masonry size-masonry wp-post-image\" \n\t\t\t\t\t\t\t\t\t\t\t alt=\"\" \n\t\t\t\t\t\t\t\t\t\t\t srcset=\"https:\/\/www.bevanar-dorga.ch\/wp\/wp-content\/uploads\/2025\/03\/100145-Fleur-de-Sel-Naturelle-Sal-de-Menorca-2-705x705.png 705w, https:\/\/www.bevanar-dorga.ch\/wp\/wp-content\/uploads\/2025\/03\/100145-Fleur-de-Sel-Naturelle-Sal-de-Menorca-2-300x300.png 300w, https:\/\/www.bevanar-dorga.ch\/wp\/wp-content\/uploads\/2025\/03\/100145-Fleur-de-Sel-Naturelle-Sal-de-Menorca-2-1030x1030.png 1030w, https:\/\/www.bevanar-dorga.ch\/wp\/wp-content\/uploads\/2025\/03\/100145-Fleur-de-Sel-Naturelle-Sal-de-Menorca-2-80x80.png 80w, https:\/\/www.bevanar-dorga.ch\/wp\/wp-content\/uploads\/2025\/03\/100145-Fleur-de-Sel-Naturelle-Sal-de-Menorca-2-768x768.png 768w, https:\/\/www.bevanar-dorga.ch\/wp\/wp-content\/uploads\/2025\/03\/100145-Fleur-de-Sel-Naturelle-Sal-de-Menorca-2-36x36.png 36w, https:\/\/www.bevanar-dorga.ch\/wp\/wp-content\/uploads\/2025\/03\/100145-Fleur-de-Sel-Naturelle-Sal-de-Menorca-2-180x180.png 180w, https:\/\/www.bevanar-dorga.ch\/wp\/wp-content\/uploads\/2025\/03\/100145-Fleur-de-Sel-Naturelle-Sal-de-Menorca-2.png 1080w\" \n\t\t\t\t\t\t\t\t\t\t\t sizes=\"(max-width: 705px) 100vw, 705px\">\n\t\t\t\t\t\t\t\t\t\t<\/a>\t\t\t\t\t\t\t\t\t<\/span>\n\t\t\t\t\t\t\t\t\t<div class=\"slide-content\">\n\t\t\t\t\t\t\t\t\t\t<header class=\"entry-content-header\" aria-label=\"Slide: Nat\u00fcrliches Fleur de Sel, Sal de Menorca\">\n\t\t\t\t\t\t\t\t\t\t\t<h3 class=\"slide-entry-title entry-title\" itemprop=\"headline\">\n\t\t\t\t\t\t\t\t\t\t\t\t<a target=\"_blank\" href=\"https:\/\/www.bevanar-dorga.ch\/sal-de-menorca\/\" rel=\"noopener\">Nat\u00fcrliches Fleur de Sel, Sal de Menorca<\/a>\t\t\t\t\t\t\t\t\t\t\t<\/h3>\n\t\t\t\t\t\t\t\t\t\t\t<span class=\"av-vertical-delimiter\"><\/span>\n\t\t\t\t\t\t\t\t\t\t<\/header>\n\t\t\t\t\t\t\t\t\t\t<div class=\"slide-meta\">\n\t\t\t\t\t\t\t\t\t\t\t<time class=\"slide-meta-time updated\" itemprop=\"datePublished\" datetime=\"2025-03-03T08:58:23+01:00\">3 March 2025<\/time>\n\t\t\t\t\t\t\t\t\t\t<\/div>\n\t\t\t\t\t\t\t\t\t\t<div class=\"slide-entry-excerpt entry-content\" itemprop=\"text\">Dose 150 g - Art.-Nr. 100145<\/div>\n\t\t\t\t\t\t\t\t\t\t<a class=\"link_more\" target=\"_blank\" href=\"https:\/\/www.bevanar-dorga.ch\/sal-de-menorca\/\" rel=\"noopener\">Mehr erfahren<\/a>\t\t\t\t\t\t\t\t\t<\/div>\n\t\t\t\t\t\t\t\t\t<footer class=\"entry-footer\"><\/footer>\n\t\t\t\t\t\t\t\t\t<span class=\"hidden\">\n\t\t\t\t\t\t\t\t\t\t<span class=\"av-structured-data\" itemprop=\"image\" itemscope=\"itemscope\" itemtype=\"https:\/\/schema.org\/ImageObject\">\n\t\t\t\t\t\t\t\t\t\t\t<span itemprop=\"url\">https:\/\/www.bevanar-dorga.ch\/wp\/wp-content\/uploads\/2025\/03\/100145-Fleur-de-Sel-Naturelle-Sal-de-Menorca-2.png<\/span>\n\t\t\t\t\t\t\t\t\t\t\t<span itemprop=\"height\">1080<\/span>\n\t\t\t\t\t\t\t\t\t\t\t<span itemprop=\"width\">1080<\/span>\n\t\t\t\t\t\t\t\t\t\t<\/span>\n\t\t\t\t\t\t\t\t\t\t<span class=\"av-structured-data\" itemprop=\"publisher\" itemscope=\"itemscope\" itemtype=\"https:\/\/schema.org\/Organization\">\n\t\t\t\t\t\t\t\t\t\t\t<span itemprop=\"name\">Bevanar&amp;Dorga SA<\/span>\n\t\t\t\t\t\t\t\t\t\t\t<span itemprop=\"logo\" itemscope=\"\" itemtype=\"https:\/\/schema.org\/ImageObject\">\n\t\t\t\t\t\t\t\t\t\t\t\t\t\t\t\t\t\t\t\t\t\t\t\t<span itemprop=\"url\"><\/span>\n\t\t\t\t\t\t\t\t\t\t\t<\/span>\n\t\t\t\t\t\t\t\t\t\t<\/span>\n\t\t\t\t\t\t\t\t\t\t<span class=\"av-structured-data\" itemprop=\"author\" itemscope=\"itemscope\" itemtype=\"https:\/\/schema.org\/Person\"><span itemprop=\"name\">Bevanar&#38;Dorga<\/span><\/span>\n\t\t\t\t\t\t\t\t\t\t<span class=\"av-structured-data\" itemprop=\"datePublished\" datetime=\"2025-03-03T08:58:23+01:00\">3 March 2025<\/span>\n\t\t\t\t\t\t\t\t\t\t<span class=\"av-structured-data\" itemprop=\"dateModified\">2025-07-01T08:54:38+02:00<\/span>\n\t\t\t\t\t\t\t\t\t\t<span class=\"av-structured-data\" itemprop=\"mainEntityOfPage\"><span itemprop=\"name\">Nat\u00fcrliches Fleur de Sel, Sal de Menorca<\/span><\/span>\n\t\t\t\t\t\t\t\t\t<\/span>\n\t\t\t\t\t\t\t\t<\/article>\n\t\t\t\t\t\t\t\t\t\t\t\t\t\t\t\t<article class=\"trs-slide\" itemscope=\"itemscope\" itemtype=\"https:\/\/schema.org\/CreativeWork\">\n\t\t\t\t\t\t\t\t\t<span data-rel=\"slide-3\" class=\"slide-image\" title=\"Pesto Siciliano Siragusa\">\n\t\t\t\t\t\t\t\t\t\t<a target=\"_blank\" href=\"https:\/\/peem.shop\/product\/282\/30713?search=siragusa&#038;page=2\" rel=\"noopener\">\t\t\t\t\t\t\t\t\t\t<img decoding=\"async\" fetchpriority=\"high\" \n\t\t\t\t\t\t\t\t\t\t\t width=\"300\" \n\t\t\t\t\t\t\t\t\t\t\t height=\"425\" \n\t\t\t\t\t\t\t\t\t\t\t src=\"https:\/\/www.bevanar-dorga.ch\/wp\/wp-content\/uploads\/2024\/09\/pesto-Siragusa-1.png\" \n\t\t\t\t\t\t\t\t\t\t\t class=\"wp-image-6656 avia-img-lazy-loading-not-6656 attachment-masonry size-masonry wp-post-image\" \n\t\t\t\t\t\t\t\t\t\t\t alt=\"\" \n\t\t\t\t\t\t\t\t\t\t\t srcset=\"https:\/\/www.bevanar-dorga.ch\/wp\/wp-content\/uploads\/2024\/09\/pesto-Siragusa-1.png 300w, https:\/\/www.bevanar-dorga.ch\/wp\/wp-content\/uploads\/2024\/09\/pesto-Siragusa-1-212x300.png 212w\" \n\t\t\t\t\t\t\t\t\t\t\t sizes=\"(max-width: 300px) 100vw, 300px\">\n\t\t\t\t\t\t\t\t\t\t<\/a>\t\t\t\t\t\t\t\t\t<\/span>\n\t\t\t\t\t\t\t\t\t<div class=\"slide-content\">\n\t\t\t\t\t\t\t\t\t\t<header class=\"entry-content-header\" aria-label=\"Slide: Pesto Siciliano Siragusa\">\n\t\t\t\t\t\t\t\t\t\t\t<h3 class=\"slide-entry-title entry-title\" itemprop=\"headline\">\n\t\t\t\t\t\t\t\t\t\t\t\t<a target=\"_blank\" href=\"https:\/\/peem.shop\/product\/282\/30713?search=siragusa&#038;page=2\" rel=\"noopener\">Pesto Siciliano Siragusa<\/a>\t\t\t\t\t\t\t\t\t\t\t<\/h3>\n\t\t\t\t\t\t\t\t\t\t\t<span class=\"av-vertical-delimiter\"><\/span>\n\t\t\t\t\t\t\t\t\t\t<\/header>\n\t\t\t\t\t\t\t\t\t\t<div class=\"slide-meta\">\n\t\t\t\t\t\t\t\t\t\t\t<time class=\"slide-meta-time updated\" itemprop=\"datePublished\" datetime=\"2024-09-19T14:56:02+02:00\">19 September 2024<\/time>\n\t\t\t\t\t\t\t\t\t\t<\/div>\n\t\t\t\t\t\t\t\t\t\t<div class=\"slide-entry-excerpt entry-content\" itemprop=\"text\">(Basilikum, Mandeln) 280 g - Art.-Nr. 30713\n<\/div>\n\t\t\t\t\t\t\t\t\t\t<a class=\"link_more\" target=\"_blank\" href=\"https:\/\/peem.shop\/product\/282\/30713?search=siragusa&#038;page=2\" rel=\"noopener\">Mehr erfahren<\/a>\t\t\t\t\t\t\t\t\t<\/div>\n\t\t\t\t\t\t\t\t\t<footer class=\"entry-footer\"><\/footer>\n\t\t\t\t\t\t\t\t\t<span class=\"hidden\">\n\t\t\t\t\t\t\t\t\t\t<span class=\"av-structured-data\" itemprop=\"image\" itemscope=\"itemscope\" itemtype=\"https:\/\/schema.org\/ImageObject\">\n\t\t\t\t\t\t\t\t\t\t\t<span itemprop=\"url\">https:\/\/www.bevanar-dorga.ch\/wp\/wp-content\/uploads\/2024\/09\/pesto-Siragusa-1.png<\/span>\n\t\t\t\t\t\t\t\t\t\t\t<span itemprop=\"height\">425<\/span>\n\t\t\t\t\t\t\t\t\t\t\t<span itemprop=\"width\">300<\/span>\n\t\t\t\t\t\t\t\t\t\t<\/span>\n\t\t\t\t\t\t\t\t\t\t<span class=\"av-structured-data\" itemprop=\"publisher\" itemscope=\"itemscope\" itemtype=\"https:\/\/schema.org\/Organization\">\n\t\t\t\t\t\t\t\t\t\t\t<span itemprop=\"name\">Bevanar&amp;Dorga SA<\/span>\n\t\t\t\t\t\t\t\t\t\t\t<span itemprop=\"logo\" itemscope=\"\" itemtype=\"https:\/\/schema.org\/ImageObject\">\n\t\t\t\t\t\t\t\t\t\t\t\t\t\t\t\t\t\t\t\t\t\t\t\t<span itemprop=\"url\"><\/span>\n\t\t\t\t\t\t\t\t\t\t\t<\/span>\n\t\t\t\t\t\t\t\t\t\t<\/span>\n\t\t\t\t\t\t\t\t\t\t<span class=\"av-structured-data\" itemprop=\"author\" itemscope=\"itemscope\" itemtype=\"https:\/\/schema.org\/Person\"><span itemprop=\"name\">Tris<\/span><\/span>\n\t\t\t\t\t\t\t\t\t\t<span class=\"av-structured-data\" itemprop=\"datePublished\" datetime=\"2024-09-19T14:56:02+02:00\">19 September 2024<\/span>\n\t\t\t\t\t\t\t\t\t\t<span class=\"av-structured-data\" itemprop=\"dateModified\">2025-05-27T16:48:07+02:00<\/span>\n\t\t\t\t\t\t\t\t\t\t<span class=\"av-structured-data\" itemprop=\"mainEntityOfPage\"><span itemprop=\"name\">Pesto Siciliano Siragusa<\/span><\/span>\n\t\t\t\t\t\t\t\t\t<\/span>\n\t\t\t\t\t\t\t\t<\/article>\n\t\t\t\t\t\t\t\t\t\t\t\t\t\t\t\t<article class=\"trs-slide\" itemscope=\"itemscope\" itemtype=\"https:\/\/schema.org\/CreativeWork\">\n\t\t\t\t\t\t\t\t\t<span data-rel=\"slide-4\" class=\"slide-image\" title=\"Metista Balsamico-Essig aus Modena IGP\">\n\t\t\t\t\t\t\t\t\t\t\t\t\t\t\t\t\t\t\t\t<img decoding=\"async\" fetchpriority=\"high\" \n\t\t\t\t\t\t\t\t\t\t\t width=\"168\" \n\t\t\t\t\t\t\t\t\t\t\t height=\"600\" \n\t\t\t\t\t\t\t\t\t\t\t src=\"https:\/\/www.bevanar-dorga.ch\/wp\/wp-content\/uploads\/2024\/09\/vinaigre-Terre-Bormane.png\" \n\t\t\t\t\t\t\t\t\t\t\t class=\"wp-image-3794 avia-img-lazy-loading-not-3794 attachment-masonry size-masonry wp-post-image\" \n\t\t\t\t\t\t\t\t\t\t\t alt=\"\" \n\t\t\t\t\t\t\t\t\t\t\t srcset=\"https:\/\/www.bevanar-dorga.ch\/wp\/wp-content\/uploads\/2024\/09\/vinaigre-Terre-Bormane.png 168w, https:\/\/www.bevanar-dorga.ch\/wp\/wp-content\/uploads\/2024\/09\/vinaigre-Terre-Bormane-84x300.png 84w\" \n\t\t\t\t\t\t\t\t\t\t\t sizes=\"(max-width: 168px) 100vw, 168px\">\n\t\t\t\t\t\t\t\t\t\t\t\t\t\t\t\t\t\t\t<\/span>\n\t\t\t\t\t\t\t\t\t<div class=\"slide-content\">\n\t\t\t\t\t\t\t\t\t\t<header class=\"entry-content-header\" aria-label=\"Slide: Metista Balsamico-Essig aus Modena IGP\">\n\t\t\t\t\t\t\t\t\t\t\t<h3 class=\"slide-entry-title entry-title\" itemprop=\"headline\">\n\t\t\t\t\t\t\t\t\t\t\t\tMetista Balsamico-Essig aus Modena IGP\t\t\t\t\t\t\t\t\t\t\t<\/h3>\n\t\t\t\t\t\t\t\t\t\t\t<span class=\"av-vertical-delimiter\"><\/span>\n\t\t\t\t\t\t\t\t\t\t<\/header>\n\t\t\t\t\t\t\t\t\t\t<div class=\"slide-meta\">\n\t\t\t\t\t\t\t\t\t\t\t<time class=\"slide-meta-time updated\" itemprop=\"datePublished\" datetime=\"2024-09-19T14:55:02+02:00\">19 September 2024<\/time>\n\t\t\t\t\t\t\t\t\t\t<\/div>\n\t\t\t\t\t\t\t\t\t\t<div class=\"slide-entry-excerpt entry-content\" itemprop=\"text\">Terre Bormane, 250ml.<\/div>\n\t\t\t\t\t\t\t\t\t\t\t\t\t\t\t\t\t\t\t<\/div>\n\t\t\t\t\t\t\t\t\t<footer class=\"entry-footer\"><\/footer>\n\t\t\t\t\t\t\t\t\t<span class=\"hidden\">\n\t\t\t\t\t\t\t\t\t\t<span class=\"av-structured-data\" itemprop=\"image\" itemscope=\"itemscope\" itemtype=\"https:\/\/schema.org\/ImageObject\">\n\t\t\t\t\t\t\t\t\t\t\t<span itemprop=\"url\">https:\/\/www.bevanar-dorga.ch\/wp\/wp-content\/uploads\/2024\/09\/vinaigre-Terre-Bormane.png<\/span>\n\t\t\t\t\t\t\t\t\t\t\t<span itemprop=\"height\">600<\/span>\n\t\t\t\t\t\t\t\t\t\t\t<span itemprop=\"width\">168<\/span>\n\t\t\t\t\t\t\t\t\t\t<\/span>\n\t\t\t\t\t\t\t\t\t\t<span class=\"av-structured-data\" itemprop=\"publisher\" itemscope=\"itemscope\" itemtype=\"https:\/\/schema.org\/Organization\">\n\t\t\t\t\t\t\t\t\t\t\t<span itemprop=\"name\">Bevanar&amp;Dorga SA<\/span>\n\t\t\t\t\t\t\t\t\t\t\t<span itemprop=\"logo\" itemscope=\"\" itemtype=\"https:\/\/schema.org\/ImageObject\">\n\t\t\t\t\t\t\t\t\t\t\t\t\t\t\t\t\t\t\t\t\t\t\t\t<span itemprop=\"url\"><\/span>\n\t\t\t\t\t\t\t\t\t\t\t<\/span>\n\t\t\t\t\t\t\t\t\t\t<\/span>\n\t\t\t\t\t\t\t\t\t\t<span class=\"av-structured-data\" itemprop=\"author\" itemscope=\"itemscope\" itemtype=\"https:\/\/schema.org\/Person\"><span itemprop=\"name\">Tris<\/span><\/span>\n\t\t\t\t\t\t\t\t\t\t<span class=\"av-structured-data\" itemprop=\"datePublished\" datetime=\"2024-09-19T14:55:02+02:00\">19 September 2024<\/span>\n\t\t\t\t\t\t\t\t\t\t<span class=\"av-structured-data\" itemprop=\"dateModified\">2024-09-19T14:55:02+02:00<\/span>\n\t\t\t\t\t\t\t\t\t\t<span class=\"av-structured-data\" itemprop=\"mainEntityOfPage\"><span itemprop=\"name\">Metista Balsamico-Essig aus Modena IGP<\/span><\/span>\n\t\t\t\t\t\t\t\t\t<\/span>\n\t\t\t\t\t\t\t\t<\/article>\n\t\t\t\t\t\t\t\t\t\t\t\t\t<\/div><\/div>\n\n<\/div><\/div><\/div><!-- close content main div --><\/div><\/div>\n<style type=\"text\/css\" data-created_by=\"avia_inline_auto\" id=\"style-css-av-9jrpu7-2afb4174a1859cea3fd17782b0c97814\">\n.avia-section.av-9jrpu7-2afb4174a1859cea3fd17782b0c97814{\nbackground-color:#ffffff;\nbackground-image:unset;\nmargin-top:75px;\nmargin-bottom:0px;\n}\n<\/style>\n<div id='av_section_6'  class='avia-section av-9jrpu7-2afb4174a1859cea3fd17782b0c97814 main_color avia-section-small avia-no-border-styling avia-bg-style-scroll container_wrap fullsize'  ><div class='container av-section-cont-open' ><div class='template-page content  av-content-full alpha units'><div class='post-entry post-entry-type-page post-entry-4149'><div class='entry-content-wrapper clearfix'>\n<div  class='flex_column av-7zoonj-5f54eacb476582f3c176d1b1ab726e07 av_one_full first flex_column_div  '     ><p>\n<style type=\"text\/css\" data-created_by=\"avia_inline_auto\" id=\"style-css-av-m199eqvh-0bd1c56807c5e8ca33cfe0abc1af24ab\">\n#top .av-special-heading.av-m199eqvh-0bd1c56807c5e8ca33cfe0abc1af24ab{\npadding-bottom:10px;\n}\nbody .av-special-heading.av-m199eqvh-0bd1c56807c5e8ca33cfe0abc1af24ab .av-special-heading-tag .heading-char{\nfont-size:25px;\n}\n.av-special-heading.av-m199eqvh-0bd1c56807c5e8ca33cfe0abc1af24ab .av-subheading{\nfont-size:15px;\n}\n<\/style>\n<div data-aos=\"fade-up\"  class='av-special-heading av-m199eqvh-0bd1c56807c5e8ca33cfe0abc1af24ab av-special-heading-h2 blockquote modern-quote  trs-special-underline trs-animate'><h2 class='av-special-heading-tag '  itemprop=\"headline\"  >Die aktuellen s\u00fc\u00dfen Produkte<\/h2><div class=\"special-heading-border\"><div class=\"special-heading-inner-border\"><\/div><\/div><\/div><br \/>\n\n<style type=\"text\/css\" data-created_by=\"avia_inline_auto\" id=\"style-css-av-5yml0f-0f6a9c3c26034b969b779f016aacf717\">\n#top .hr.hr-invisible.av-5yml0f-0f6a9c3c26034b969b779f016aacf717{\nheight:10px;\n}\n<\/style>\n<div  class='hr av-5yml0f-0f6a9c3c26034b969b779f016aacf717 hr-invisible'><span class='hr-inner '><span class=\"hr-inner-style\"><\/span><\/span><\/div><br \/>\n<section  class='av_textblock_section av-fol7z-db6d7e00717cc8861a6a6af79889ae6f '   itemscope=\"itemscope\" itemtype=\"https:\/\/schema.org\/CreativeWork\" ><div data-aos=\"fade-up\" class='avia_textblock trs-animate trs-spaced-p'  itemprop=\"text\" ><p style=\"text-align: left;\">Erkunden Sie die neuesten Entdeckungen und Trendprodukte in dieser Kategorie.<\/p>\n<\/div><\/section><\/p><\/div>\n<style type=\"text\/css\" data-created_by=\"avia_inline_auto\" id=\"style-css-av-32q88f-01dfdd4c3b097486d1befc28a026331b\">\n.flex_column.av-32q88f-01dfdd4c3b097486d1befc28a026331b{\nbackground-color:#ffffff;\n}\n<\/style>\n<div data-aos=\"fade-up\"  class='flex_column av-32q88f-01dfdd4c3b097486d1befc28a026331b av_one_full  trs-animate first flex_column_div data-aos=\"fade-up\"  '     ><div class=\"tris-slider  trs-nouveautes\" data-columns=\"4\" data-breakpoints=\"[{&quot;breakpoint_size&quot;:1300,&quot;breakpoint_columns&quot;:&quot;3&quot;},{&quot;breakpoint_size&quot;:989,&quot;breakpoint_columns&quot;:&quot;2&quot;},{&quot;breakpoint_size&quot;:767,&quot;breakpoint_columns&quot;:&quot;1&quot;},{&quot;breakpoint_size&quot;:479,&quot;breakpoint_columns&quot;:&quot;1&quot;}]\">\n                        \t\t\t\t\t\t\t\t<article class=\"trs-slide\" itemscope=\"itemscope\" itemtype=\"https:\/\/schema.org\/CreativeWork\">\n\t\t\t\t\t\t\t\t\t<span data-rel=\"slide-1\" class=\"slide-image\" title=\"Calissons de Provence Maffren\">\n\t\t\t\t\t\t\t\t\t\t<a target=\"_blank\" href=\"https:\/\/peem.shop\/product\/282\/20806?search=calissons\" rel=\"noopener\">\t\t\t\t\t\t\t\t\t\t<img decoding=\"async\" fetchpriority=\"high\" \n\t\t\t\t\t\t\t\t\t\t\t width=\"677\" \n\t\t\t\t\t\t\t\t\t\t\t height=\"368\" \n\t\t\t\t\t\t\t\t\t\t\t src=\"https:\/\/www.bevanar-dorga.ch\/wp\/wp-content\/uploads\/2025\/10\/Calissons_Provence_Maffren.png\" \n\t\t\t\t\t\t\t\t\t\t\t class=\"wp-image-8515 avia-img-lazy-loading-not-8515 attachment-masonry size-masonry wp-post-image\" \n\t\t\t\t\t\t\t\t\t\t\t alt=\"\" \n\t\t\t\t\t\t\t\t\t\t\t srcset=\"https:\/\/www.bevanar-dorga.ch\/wp\/wp-content\/uploads\/2025\/10\/Calissons_Provence_Maffren.png 677w, https:\/\/www.bevanar-dorga.ch\/wp\/wp-content\/uploads\/2025\/10\/Calissons_Provence_Maffren-300x163.png 300w\" \n\t\t\t\t\t\t\t\t\t\t\t sizes=\"(max-width: 677px) 100vw, 677px\">\n\t\t\t\t\t\t\t\t\t\t<\/a>\t\t\t\t\t\t\t\t\t<\/span>\n\t\t\t\t\t\t\t\t\t<div class=\"slide-content\">\n\t\t\t\t\t\t\t\t\t\t<header class=\"entry-content-header\" aria-label=\"Slide: Calissons de Provence Maffren\">\n\t\t\t\t\t\t\t\t\t\t\t<h3 class=\"slide-entry-title entry-title\" itemprop=\"headline\">\n\t\t\t\t\t\t\t\t\t\t\t\t<a target=\"_blank\" href=\"https:\/\/peem.shop\/product\/282\/20806?search=calissons\" rel=\"noopener\">Calissons de Provence Maffren<\/a>\t\t\t\t\t\t\t\t\t\t\t<\/h3>\n\t\t\t\t\t\t\t\t\t\t\t<span class=\"av-vertical-delimiter\"><\/span>\n\t\t\t\t\t\t\t\t\t\t<\/header>\n\t\t\t\t\t\t\t\t\t\t<div class=\"slide-meta\">\n\t\t\t\t\t\t\t\t\t\t\t<time class=\"slide-meta-time updated\" itemprop=\"datePublished\" datetime=\"2025-11-03T11:42:52+01:00\">3 November 2025<\/time>\n\t\t\t\t\t\t\t\t\t\t<\/div>\n\t\t\t\t\t\t\t\t\t\t<div class=\"slide-entry-excerpt entry-content\" itemprop=\"text\">Dose Raute 220 g - Art.Nr. 20806<\/div>\n\t\t\t\t\t\t\t\t\t\t<a class=\"link_more\" target=\"_blank\" href=\"https:\/\/peem.shop\/product\/282\/20806?search=calissons\" rel=\"noopener\">Mehr erfahren<\/a>\t\t\t\t\t\t\t\t\t<\/div>\n\t\t\t\t\t\t\t\t\t<footer class=\"entry-footer\"><\/footer>\n\t\t\t\t\t\t\t\t\t<span class=\"hidden\">\n\t\t\t\t\t\t\t\t\t\t<span class=\"av-structured-data\" itemprop=\"image\" itemscope=\"itemscope\" itemtype=\"https:\/\/schema.org\/ImageObject\">\n\t\t\t\t\t\t\t\t\t\t\t<span itemprop=\"url\">https:\/\/www.bevanar-dorga.ch\/wp\/wp-content\/uploads\/2025\/10\/Calissons_Provence_Maffren.png<\/span>\n\t\t\t\t\t\t\t\t\t\t\t<span itemprop=\"height\">368<\/span>\n\t\t\t\t\t\t\t\t\t\t\t<span itemprop=\"width\">677<\/span>\n\t\t\t\t\t\t\t\t\t\t<\/span>\n\t\t\t\t\t\t\t\t\t\t<span class=\"av-structured-data\" itemprop=\"publisher\" itemscope=\"itemscope\" itemtype=\"https:\/\/schema.org\/Organization\">\n\t\t\t\t\t\t\t\t\t\t\t<span itemprop=\"name\">Bevanar&amp;Dorga SA<\/span>\n\t\t\t\t\t\t\t\t\t\t\t<span itemprop=\"logo\" itemscope=\"\" itemtype=\"https:\/\/schema.org\/ImageObject\">\n\t\t\t\t\t\t\t\t\t\t\t\t\t\t\t\t\t\t\t\t\t\t\t\t<span itemprop=\"url\"><\/span>\n\t\t\t\t\t\t\t\t\t\t\t<\/span>\n\t\t\t\t\t\t\t\t\t\t<\/span>\n\t\t\t\t\t\t\t\t\t\t<span class=\"av-structured-data\" itemprop=\"author\" itemscope=\"itemscope\" itemtype=\"https:\/\/schema.org\/Person\"><span itemprop=\"name\">Bevanar&#38;Dorga<\/span><\/span>\n\t\t\t\t\t\t\t\t\t\t<span class=\"av-structured-data\" itemprop=\"datePublished\" datetime=\"2025-11-03T11:42:52+01:00\">3 November 2025<\/span>\n\t\t\t\t\t\t\t\t\t\t<span class=\"av-structured-data\" itemprop=\"dateModified\">2025-11-03T11:43:43+01:00<\/span>\n\t\t\t\t\t\t\t\t\t\t<span class=\"av-structured-data\" itemprop=\"mainEntityOfPage\"><span itemprop=\"name\">Calissons de Provence Maffren<\/span><\/span>\n\t\t\t\t\t\t\t\t\t<\/span>\n\t\t\t\t\t\t\t\t<\/article>\n\t\t\t\t\t\t\t\t\t\t\t\t\t\t\t\t<article class=\"trs-slide\" itemscope=\"itemscope\" itemtype=\"https:\/\/schema.org\/CreativeWork\">\n\t\t\t\t\t\t\t\t\t<span data-rel=\"slide-2\" class=\"slide-image\" title=\"Orangenbl\u00fctenhonig Siragusa\">\n\t\t\t\t\t\t\t\t\t\t<a target=\"_blank\" href=\"https:\/\/peem.shop\/product\/282\/30523?search=siragusa\" rel=\"noopener\">\t\t\t\t\t\t\t\t\t\t<img decoding=\"async\" fetchpriority=\"high\" \n\t\t\t\t\t\t\t\t\t\t\t width=\"300\" \n\t\t\t\t\t\t\t\t\t\t\t height=\"425\" \n\t\t\t\t\t\t\t\t\t\t\t src=\"https:\/\/www.bevanar-dorga.ch\/wp\/wp-content\/uploads\/2025\/05\/Miel-fleur-doranger-Siragusa.png\" \n\t\t\t\t\t\t\t\t\t\t\t class=\"wp-image-6653 avia-img-lazy-loading-not-6653 attachment-masonry size-masonry wp-post-image\" \n\t\t\t\t\t\t\t\t\t\t\t alt=\"\" \n\t\t\t\t\t\t\t\t\t\t\t srcset=\"https:\/\/www.bevanar-dorga.ch\/wp\/wp-content\/uploads\/2025\/05\/Miel-fleur-doranger-Siragusa.png 300w, https:\/\/www.bevanar-dorga.ch\/wp\/wp-content\/uploads\/2025\/05\/Miel-fleur-doranger-Siragusa-212x300.png 212w\" \n\t\t\t\t\t\t\t\t\t\t\t sizes=\"(max-width: 300px) 100vw, 300px\">\n\t\t\t\t\t\t\t\t\t\t<\/a>\t\t\t\t\t\t\t\t\t<\/span>\n\t\t\t\t\t\t\t\t\t<div class=\"slide-content\">\n\t\t\t\t\t\t\t\t\t\t<header class=\"entry-content-header\" aria-label=\"Slide: Orangenbl\u00fctenhonig Siragusa\">\n\t\t\t\t\t\t\t\t\t\t\t<h3 class=\"slide-entry-title entry-title\" itemprop=\"headline\">\n\t\t\t\t\t\t\t\t\t\t\t\t<a target=\"_blank\" href=\"https:\/\/peem.shop\/product\/282\/30523?search=siragusa\" rel=\"noopener\">Orangenbl\u00fctenhonig Siragusa<\/a>\t\t\t\t\t\t\t\t\t\t\t<\/h3>\n\t\t\t\t\t\t\t\t\t\t\t<span class=\"av-vertical-delimiter\"><\/span>\n\t\t\t\t\t\t\t\t\t\t<\/header>\n\t\t\t\t\t\t\t\t\t\t<div class=\"slide-meta\">\n\t\t\t\t\t\t\t\t\t\t\t<time class=\"slide-meta-time updated\" itemprop=\"datePublished\" datetime=\"2025-05-27T17:57:33+02:00\">27 May 2025<\/time>\n\t\t\t\t\t\t\t\t\t\t<\/div>\n\t\t\t\t\t\t\t\t\t\t<div class=\"slide-entry-excerpt entry-content\" itemprop=\"text\">250 g - Art.-Nr. 30523<\/div>\n\t\t\t\t\t\t\t\t\t\t<a class=\"link_more\" target=\"_blank\" href=\"https:\/\/peem.shop\/product\/282\/30523?search=siragusa\" rel=\"noopener\">Mehr erfahren<\/a>\t\t\t\t\t\t\t\t\t<\/div>\n\t\t\t\t\t\t\t\t\t<footer class=\"entry-footer\"><\/footer>\n\t\t\t\t\t\t\t\t\t<span class=\"hidden\">\n\t\t\t\t\t\t\t\t\t\t<span class=\"av-structured-data\" itemprop=\"image\" itemscope=\"itemscope\" itemtype=\"https:\/\/schema.org\/ImageObject\">\n\t\t\t\t\t\t\t\t\t\t\t<span itemprop=\"url\">https:\/\/www.bevanar-dorga.ch\/wp\/wp-content\/uploads\/2025\/05\/Miel-fleur-doranger-Siragusa.png<\/span>\n\t\t\t\t\t\t\t\t\t\t\t<span itemprop=\"height\">425<\/span>\n\t\t\t\t\t\t\t\t\t\t\t<span itemprop=\"width\">300<\/span>\n\t\t\t\t\t\t\t\t\t\t<\/span>\n\t\t\t\t\t\t\t\t\t\t<span class=\"av-structured-data\" itemprop=\"publisher\" itemscope=\"itemscope\" itemtype=\"https:\/\/schema.org\/Organization\">\n\t\t\t\t\t\t\t\t\t\t\t<span itemprop=\"name\">Bevanar&amp;Dorga SA<\/span>\n\t\t\t\t\t\t\t\t\t\t\t<span itemprop=\"logo\" itemscope=\"\" itemtype=\"https:\/\/schema.org\/ImageObject\">\n\t\t\t\t\t\t\t\t\t\t\t\t\t\t\t\t\t\t\t\t\t\t\t\t<span itemprop=\"url\"><\/span>\n\t\t\t\t\t\t\t\t\t\t\t<\/span>\n\t\t\t\t\t\t\t\t\t\t<\/span>\n\t\t\t\t\t\t\t\t\t\t<span class=\"av-structured-data\" itemprop=\"author\" itemscope=\"itemscope\" itemtype=\"https:\/\/schema.org\/Person\"><span itemprop=\"name\">Tris<\/span><\/span>\n\t\t\t\t\t\t\t\t\t\t<span class=\"av-structured-data\" itemprop=\"datePublished\" datetime=\"2025-05-27T17:57:33+02:00\">27 May 2025<\/span>\n\t\t\t\t\t\t\t\t\t\t<span class=\"av-structured-data\" itemprop=\"dateModified\">2025-05-27T16:45:01+02:00<\/span>\n\t\t\t\t\t\t\t\t\t\t<span class=\"av-structured-data\" itemprop=\"mainEntityOfPage\"><span itemprop=\"name\">Orangenbl\u00fctenhonig Siragusa<\/span><\/span>\n\t\t\t\t\t\t\t\t\t<\/span>\n\t\t\t\t\t\t\t\t<\/article>\n\t\t\t\t\t\t\t\t\t\t\t\t\t\t\t\t<article class=\"trs-slide\" itemscope=\"itemscope\" itemtype=\"https:\/\/schema.org\/CreativeWork\">\n\t\t\t\t\t\t\t\t\t<span data-rel=\"slide-3\" class=\"slide-image\" title=\"Kastanienkonfit\u00fcre aus der Ard\u00e8che AOP\">\n\t\t\t\t\t\t\t\t\t\t\t\t\t\t\t\t\t\t\t\t<img decoding=\"async\" fetchpriority=\"high\" \n\t\t\t\t\t\t\t\t\t\t\t width=\"452\" \n\t\t\t\t\t\t\t\t\t\t\t height=\"587\" \n\t\t\t\t\t\t\t\t\t\t\t src=\"https:\/\/www.bevanar-dorga.ch\/wp\/wp-content\/uploads\/2024\/09\/Produit-confiture-de-chataigne-d-ardeche-bxcc-500x587-1.png\" \n\t\t\t\t\t\t\t\t\t\t\t class=\"wp-image-3835 avia-img-lazy-loading-not-3835 attachment-masonry size-masonry wp-post-image\" \n\t\t\t\t\t\t\t\t\t\t\t alt=\"\" \n\t\t\t\t\t\t\t\t\t\t\t srcset=\"https:\/\/www.bevanar-dorga.ch\/wp\/wp-content\/uploads\/2024\/09\/Produit-confiture-de-chataigne-d-ardeche-bxcc-500x587-1.png 452w, https:\/\/www.bevanar-dorga.ch\/wp\/wp-content\/uploads\/2024\/09\/Produit-confiture-de-chataigne-d-ardeche-bxcc-500x587-1-231x300.png 231w\" \n\t\t\t\t\t\t\t\t\t\t\t sizes=\"(max-width: 452px) 100vw, 452px\">\n\t\t\t\t\t\t\t\t\t\t\t\t\t\t\t\t\t\t\t<\/span>\n\t\t\t\t\t\t\t\t\t<div class=\"slide-content\">\n\t\t\t\t\t\t\t\t\t\t<header class=\"entry-content-header\" aria-label=\"Slide: Kastanienkonfit\u00fcre aus der Ard\u00e8che AOP\">\n\t\t\t\t\t\t\t\t\t\t\t<h3 class=\"slide-entry-title entry-title\" itemprop=\"headline\">\n\t\t\t\t\t\t\t\t\t\t\t\tKastanienkonfit\u00fcre aus der Ard\u00e8che AOP\t\t\t\t\t\t\t\t\t\t\t<\/h3>\n\t\t\t\t\t\t\t\t\t\t\t<span class=\"av-vertical-delimiter\"><\/span>\n\t\t\t\t\t\t\t\t\t\t<\/header>\n\t\t\t\t\t\t\t\t\t\t<div class=\"slide-meta\">\n\t\t\t\t\t\t\t\t\t\t\t<time class=\"slide-meta-time updated\" itemprop=\"datePublished\" datetime=\"2024-09-23T14:46:21+02:00\">23 September 2024<\/time>\n\t\t\t\t\t\t\t\t\t\t<\/div>\n\t\t\t\t\t\t\t\t\t\t<div class=\"slide-entry-excerpt entry-content\" itemprop=\"text\">Sabaton, Glas 360gr.<\/div>\n\t\t\t\t\t\t\t\t\t\t\t\t\t\t\t\t\t\t\t<\/div>\n\t\t\t\t\t\t\t\t\t<footer class=\"entry-footer\"><\/footer>\n\t\t\t\t\t\t\t\t\t<span class=\"hidden\">\n\t\t\t\t\t\t\t\t\t\t<span class=\"av-structured-data\" itemprop=\"image\" itemscope=\"itemscope\" itemtype=\"https:\/\/schema.org\/ImageObject\">\n\t\t\t\t\t\t\t\t\t\t\t<span itemprop=\"url\">https:\/\/www.bevanar-dorga.ch\/wp\/wp-content\/uploads\/2024\/09\/Produit-confiture-de-chataigne-d-ardeche-bxcc-500x587-1.png<\/span>\n\t\t\t\t\t\t\t\t\t\t\t<span itemprop=\"height\">587<\/span>\n\t\t\t\t\t\t\t\t\t\t\t<span itemprop=\"width\">452<\/span>\n\t\t\t\t\t\t\t\t\t\t<\/span>\n\t\t\t\t\t\t\t\t\t\t<span class=\"av-structured-data\" itemprop=\"publisher\" itemscope=\"itemscope\" itemtype=\"https:\/\/schema.org\/Organization\">\n\t\t\t\t\t\t\t\t\t\t\t<span itemprop=\"name\">Bevanar&amp;Dorga SA<\/span>\n\t\t\t\t\t\t\t\t\t\t\t<span itemprop=\"logo\" itemscope=\"\" itemtype=\"https:\/\/schema.org\/ImageObject\">\n\t\t\t\t\t\t\t\t\t\t\t\t\t\t\t\t\t\t\t\t\t\t\t\t<span itemprop=\"url\"><\/span>\n\t\t\t\t\t\t\t\t\t\t\t<\/span>\n\t\t\t\t\t\t\t\t\t\t<\/span>\n\t\t\t\t\t\t\t\t\t\t<span class=\"av-structured-data\" itemprop=\"author\" itemscope=\"itemscope\" itemtype=\"https:\/\/schema.org\/Person\"><span itemprop=\"name\">Tris<\/span><\/span>\n\t\t\t\t\t\t\t\t\t\t<span class=\"av-structured-data\" itemprop=\"datePublished\" datetime=\"2024-09-23T14:46:21+02:00\">23 September 2024<\/span>\n\t\t\t\t\t\t\t\t\t\t<span class=\"av-structured-data\" itemprop=\"dateModified\">2025-04-11T10:45:32+02:00<\/span>\n\t\t\t\t\t\t\t\t\t\t<span class=\"av-structured-data\" itemprop=\"mainEntityOfPage\"><span itemprop=\"name\">Kastanienkonfit\u00fcre aus der Ard\u00e8che AOP<\/span><\/span>\n\t\t\t\t\t\t\t\t\t<\/span>\n\t\t\t\t\t\t\t\t<\/article>\n\t\t\t\t\t\t\t\t\t\t\t\t\t\t\t\t<article class=\"trs-slide\" itemscope=\"itemscope\" itemtype=\"https:\/\/schema.org\/CreativeWork\">\n\t\t\t\t\t\t\t\t\t<span data-rel=\"slide-4\" class=\"slide-image\" title=\"Sabaton ganze glasierte Maronen\">\n\t\t\t\t\t\t\t\t\t\t<a target=\"_blank\" href=\"https:\/\/peem.shop\/product\/282\/21009?search=21009\" rel=\"noopener\">\t\t\t\t\t\t\t\t\t\t<img decoding=\"async\" fetchpriority=\"high\" \n\t\t\t\t\t\t\t\t\t\t\t width=\"284\" \n\t\t\t\t\t\t\t\t\t\t\t height=\"273\" \n\t\t\t\t\t\t\t\t\t\t\t src=\"https:\/\/www.bevanar-dorga.ch\/wp\/wp-content\/uploads\/2024\/09\/produits-marrons-glaces.png\" \n\t\t\t\t\t\t\t\t\t\t\t class=\"wp-image-3784 avia-img-lazy-loading-not-3784 attachment-masonry size-masonry wp-post-image\" \n\t\t\t\t\t\t\t\t\t\t\t alt=\"\" \n\t\t\t\t\t\t\t\t\t\t\t srcset=\"https:\/\/www.bevanar-dorga.ch\/wp\/wp-content\/uploads\/2024\/09\/produits-marrons-glaces.png 284w, https:\/\/www.bevanar-dorga.ch\/wp\/wp-content\/uploads\/2024\/09\/produits-marrons-glaces-36x36.png 36w\" \n\t\t\t\t\t\t\t\t\t\t\t sizes=\"(max-width: 284px) 100vw, 284px\">\n\t\t\t\t\t\t\t\t\t\t<\/a>\t\t\t\t\t\t\t\t\t<\/span>\n\t\t\t\t\t\t\t\t\t<div class=\"slide-content\">\n\t\t\t\t\t\t\t\t\t\t<header class=\"entry-content-header\" aria-label=\"Slide: Sabaton ganze glasierte Maronen\">\n\t\t\t\t\t\t\t\t\t\t\t<h3 class=\"slide-entry-title entry-title\" itemprop=\"headline\">\n\t\t\t\t\t\t\t\t\t\t\t\t<a target=\"_blank\" href=\"https:\/\/peem.shop\/product\/282\/21009?search=21009\" rel=\"noopener\">Sabaton ganze glasierte Maronen<\/a>\t\t\t\t\t\t\t\t\t\t\t<\/h3>\n\t\t\t\t\t\t\t\t\t\t\t<span class=\"av-vertical-delimiter\"><\/span>\n\t\t\t\t\t\t\t\t\t\t<\/header>\n\t\t\t\t\t\t\t\t\t\t<div class=\"slide-meta\">\n\t\t\t\t\t\t\t\t\t\t\t<time class=\"slide-meta-time updated\" itemprop=\"datePublished\" datetime=\"2024-09-19T14:14:03+02:00\">19 September 2024<\/time>\n\t\t\t\t\t\t\t\t\t\t<\/div>\n\t\t\t\t\t\t\t\t\t\t<div class=\"slide-entry-excerpt entry-content\" itemprop=\"text\">Einzeln gefaltet in Goldfolie (20\/23 g)\nSchachtel 2,15 kg - 98 St. - Art.-Nr. 21009<\/div>\n\t\t\t\t\t\t\t\t\t\t<a class=\"link_more\" target=\"_blank\" href=\"https:\/\/peem.shop\/product\/282\/21009?search=21009\" rel=\"noopener\">Mehr erfahren<\/a>\t\t\t\t\t\t\t\t\t<\/div>\n\t\t\t\t\t\t\t\t\t<footer class=\"entry-footer\"><\/footer>\n\t\t\t\t\t\t\t\t\t<span class=\"hidden\">\n\t\t\t\t\t\t\t\t\t\t<span class=\"av-structured-data\" itemprop=\"image\" itemscope=\"itemscope\" itemtype=\"https:\/\/schema.org\/ImageObject\">\n\t\t\t\t\t\t\t\t\t\t\t<span itemprop=\"url\">https:\/\/www.bevanar-dorga.ch\/wp\/wp-content\/uploads\/2024\/09\/produits-marrons-glaces.png<\/span>\n\t\t\t\t\t\t\t\t\t\t\t<span itemprop=\"height\">273<\/span>\n\t\t\t\t\t\t\t\t\t\t\t<span itemprop=\"width\">284<\/span>\n\t\t\t\t\t\t\t\t\t\t<\/span>\n\t\t\t\t\t\t\t\t\t\t<span class=\"av-structured-data\" itemprop=\"publisher\" itemscope=\"itemscope\" itemtype=\"https:\/\/schema.org\/Organization\">\n\t\t\t\t\t\t\t\t\t\t\t<span itemprop=\"name\">Bevanar&amp;Dorga SA<\/span>\n\t\t\t\t\t\t\t\t\t\t\t<span itemprop=\"logo\" itemscope=\"\" itemtype=\"https:\/\/schema.org\/ImageObject\">\n\t\t\t\t\t\t\t\t\t\t\t\t\t\t\t\t\t\t\t\t\t\t\t\t<span itemprop=\"url\"><\/span>\n\t\t\t\t\t\t\t\t\t\t\t<\/span>\n\t\t\t\t\t\t\t\t\t\t<\/span>\n\t\t\t\t\t\t\t\t\t\t<span class=\"av-structured-data\" itemprop=\"author\" itemscope=\"itemscope\" itemtype=\"https:\/\/schema.org\/Person\"><span itemprop=\"name\">Tris<\/span><\/span>\n\t\t\t\t\t\t\t\t\t\t<span class=\"av-structured-data\" itemprop=\"datePublished\" datetime=\"2024-09-19T14:14:03+02:00\">19 September 2024<\/span>\n\t\t\t\t\t\t\t\t\t\t<span class=\"av-structured-data\" itemprop=\"dateModified\">2025-09-01T09:41:17+02:00<\/span>\n\t\t\t\t\t\t\t\t\t\t<span class=\"av-structured-data\" itemprop=\"mainEntityOfPage\"><span itemprop=\"name\">Sabaton ganze glasierte Maronen<\/span><\/span>\n\t\t\t\t\t\t\t\t\t<\/span>\n\t\t\t\t\t\t\t\t<\/article>\n\t\t\t\t\t\t\t\t\t\t\t\t\t<\/div><\/div>\n\n<\/div><\/div><\/div><!-- close content main div --><\/div><\/div>\n<style type=\"text\/css\" data-created_by=\"avia_inline_auto\" id=\"style-css-av-1vbx9gv-a3442478322bff39a9f30d3859b27d2a\">\n.avia-section.av-1vbx9gv-a3442478322bff39a9f30d3859b27d2a{\nbackground-color:#ffffff;\nbackground-image:unset;\nmargin-top:50px;\nmargin-bottom:0px;\n}\n<\/style>\n<div id='av_section_7'  class='avia-section av-1vbx9gv-a3442478322bff39a9f30d3859b27d2a main_color avia-section-default avia-no-border-styling avia-bg-style-scroll container_wrap fullsize'  ><div class='container av-section-cont-open' ><div class='template-page content  av-content-full alpha units'><div class='post-entry post-entry-type-page post-entry-4149'><div class='entry-content-wrapper clearfix'>\n\n<style type=\"text\/css\" data-created_by=\"avia_inline_auto\" id=\"style-css-av-1t0iv1r-c621654b766d30d6c8eafbc38b53e499\">\n#top .flex_column.av-1t0iv1r-c621654b766d30d6c8eafbc38b53e499{\nmargin-top:0px;\nmargin-bottom:0px;\n}\n.flex_column.av-1t0iv1r-c621654b766d30d6c8eafbc38b53e499{\nbackground-color:#ffffff;\n}\n.responsive #top #wrap_all .flex_column.av-1t0iv1r-c621654b766d30d6c8eafbc38b53e499{\nmargin-top:0px;\nmargin-bottom:0px;\n}\n<\/style>\n<div data-aos=\"fade-up\"  class='flex_column av-1t0iv1r-c621654b766d30d6c8eafbc38b53e499 av_one_full  trs-animate first flex_column_div data-aos=\"fade-up\"  '     ><p>\n<style type=\"text\/css\" data-created_by=\"avia_inline_auto\" id=\"style-css-av-1scp3f3-9fc30b6a13ff9669282dfe555000ef59\">\n#top .av-special-heading.av-1scp3f3-9fc30b6a13ff9669282dfe555000ef59{\npadding-bottom:10px;\n}\nbody .av-special-heading.av-1scp3f3-9fc30b6a13ff9669282dfe555000ef59 .av-special-heading-tag .heading-char{\nfont-size:25px;\n}\n.av-special-heading.av-1scp3f3-9fc30b6a13ff9669282dfe555000ef59 .av-subheading{\nfont-size:15px;\n}\n<\/style>\n<div data-aos=\"fade-up\"  class='av-special-heading av-1scp3f3-9fc30b6a13ff9669282dfe555000ef59 av-special-heading-h2 blockquote modern-quote  trs-special-underline trs-animate'><h2 class='av-special-heading-tag '  itemprop=\"headline\"  >Marken, die einen bleibenden Eindruck hinterlassen<\/h2><div class=\"special-heading-border\"><div class=\"special-heading-inner-border\"><\/div><\/div><\/div><br \/>\n                    <div class=\"tris-slider  trs-marques\" data-columns=\"4\" data-breakpoints=\"[{&quot;breakpoint_size&quot;:1300,&quot;breakpoint_columns&quot;:&quot;3&quot;},{&quot;breakpoint_size&quot;:989,&quot;breakpoint_columns&quot;:&quot;2&quot;},{&quot;breakpoint_size&quot;:767,&quot;breakpoint_columns&quot;:&quot;1&quot;},{&quot;breakpoint_size&quot;:479,&quot;breakpoint_columns&quot;:&quot;1&quot;}]\">\n                        <div class=\"slide-entry-excerpt entry-content trs-slide\" itemprop=\"text\">\n    <div class=\"img-content\">\n        <img decoding=\"async\" class=\"alignnone wp-image\" src=\"https:\/\/www.bevanar-dorga.ch\/wp\/wp-content\/uploads\/2024\/09\/Ambiance-sal-de-menorca-1030x773.jpg\" alt=\"Sal de Menorca\" \/>    <\/div>\n    <div class=\"content\">\n        <p class=\"heading\"><img decoding=\"async\" class=\"alignnone wp-image size-full\" src=\"https:\/\/www.bevanar-dorga.ch\/wp\/wp-content\/uploads\/2024\/09\/saldemenorca.svg\" alt=\"Sal de Menorca\" \/><\/p>\n        <div class=\"txt-content\">\n            <p>Sal de Menorca ist eine angesehene Marke, die sich auf die Herstellung von hochwertigem Meersalz spezialisiert hat, das in der letzten Saline auf Menorca nach traditioneller Art und Weise geerntet wird.<br \/>\nDurch die Anwendung traditioneller Salzgewinnungsmethoden bietet sie ein reines und schmackhaftes Salz.<\/p>\n                    <\/div>\n    <\/div>\n    \n    <\/div><div class=\"slide-entry-excerpt entry-content trs-slide\" itemprop=\"text\">\n    <div class=\"img-content\">\n        <img decoding=\"async\" class=\"alignnone wp-image\" src=\"https:\/\/www.bevanar-dorga.ch\/wp\/wp-content\/uploads\/2024\/09\/Ambiance-Revillon-2-1030x448.jpg\" alt=\"Revillon Chocolatier\" \/>    <\/div>\n    <div class=\"content\">\n        <p class=\"heading\"><img decoding=\"async\" class=\"alignnone wp-image size-full\" src=\"https:\/\/www.bevanar-dorga.ch\/wp\/wp-content\/uploads\/2024\/09\/LOGO_revillon-1.png\" alt=\"Revillon Chocolatier\" \/><\/p>\n        <div class=\"txt-content\">\n            <p style=\"font-weight: 400;text-align: justify\">Diese emblematische franz\u00f6sische Marke ist auf die Kreation von hochwertigen Schokoladen spezialisiert.<br \/>\nBekannt f\u00fcr seine ber\u00fchmten Papilloten und Gourmetschokoladen, verpflichtet sich das Unternehmen, au\u00dfergew\u00f6hnliche Zutaten auszuw\u00e4hlen, um Schokolade mit intensivem Geschmack anzubieten.<\/p>\n                    <\/div>\n    <\/div>\n    \n    <\/div><div class=\"slide-entry-excerpt entry-content trs-slide\" itemprop=\"text\">\n    <div class=\"img-content\">\n        <img decoding=\"async\" class=\"alignnone wp-image\" src=\"https:\/\/www.bevanar-dorga.ch\/wp\/wp-content\/uploads\/2024\/09\/Ambiance-La-Pateliere-1030x686.jpg\" alt=\"La Pateli\u00e8re\" \/>    <\/div>\n    <div class=\"content\">\n        <p class=\"heading\"><img decoding=\"async\" class=\"alignnone wp-image size-full\" src=\"https:\/\/www.bevanar-dorga.ch\/wp\/wp-content\/uploads\/2024\/09\/lapateliere.png\" alt=\"La Pateli\u00e8re\" \/><\/p>\n        <div class=\"txt-content\">\n            <p>La Pateli\u00e8re, der Spezialist f\u00fcr Backzutaten, bietet eine breite Palette an nat\u00fcrlichen Produkten, um Hobbyb\u00e4cker bei ihren Kreationen zu unterst\u00fctzen.<br \/>\nVon Vanille \u00fcber Hefe bis hin zu Aromen und Backhilfen verpflichtet sich die Marke, Qualit\u00e4tsprodukte ohne k\u00fcnstliche Zusatzstoffe anzubieten.<\/p>\n                    <\/div>\n    <\/div>\n    \n    <\/div><div class=\"slide-entry-excerpt entry-content trs-slide\" itemprop=\"text\">\n    <div class=\"img-content\">\n        <img decoding=\"async\" class=\"alignnone wp-image\" src=\"https:\/\/www.bevanar-dorga.ch\/wp\/wp-content\/uploads\/2024\/09\/Image-de-marque-Andresy.jpg\" alt=\"Andresy\" \/>    <\/div>\n    <div class=\"content\">\n        <p class=\"heading\"><img decoding=\"async\" class=\"alignnone wp-image size-full\" src=\"https:\/\/www.bevanar-dorga.ch\/wp\/wp-content\/uploads\/2024\/09\/Logo-Andresy-Quadri.png\" alt=\"Andresy\" \/><\/p>\n        <div class=\"txt-content\">\n            <p style=\"font-weight: 400;text-align: justify\">Eine Reihe authentischer Konfit\u00fcren, eine Referenz in der gehobenen Gastronomie.<br \/>\nAndr\u00e9sy w\u00e4hlt die besten Fr\u00fcchte aus den besten Anbaugebieten Frankreichs und Europas aus, um auch die anspruchsvollsten Kunden zufrieden zu stellen.<\/p>\n                    <\/div>\n    <\/div>\n    \n    <\/div><div class=\"slide-entry-excerpt entry-content trs-slide\" itemprop=\"text\">\n    <div class=\"img-content\">\n        <img decoding=\"async\" class=\"alignnone wp-image\" src=\"https:\/\/www.bevanar-dorga.ch\/wp\/wp-content\/uploads\/2024\/09\/342210845_638835164716368_3023508181086063181_n.jpg\" alt=\"\u00d6lm\u00fchle Lapalisse\" \/>    <\/div>\n    <div class=\"content\">\n        <p class=\"heading\"><img decoding=\"async\" class=\"alignnone wp-image size-full\" src=\"https:\/\/www.bevanar-dorga.ch\/wp\/wp-content\/uploads\/2024\/09\/Logo-Lapalisse-v-2021-web.png\" alt=\"\u00d6lm\u00fchle Lapalisse\" \/><\/p>\n        <div class=\"txt-content\">\n            <p>Die 1898 gegr\u00fcndeten Huileries Lapalisse sind auf die Herstellung von hochwertigen pflanzlichen \u00d6len spezialisiert.<br \/>\nDie Huileries Lapalisse engagieren sich f\u00fcr einen umweltfreundlichen Ansatz und sind f\u00fcr die Reinheit und Authentizit\u00e4t ihrer Produkte bekannt.<\/p>\n            <u>Mehr erfahren<\/u>        <\/div>\n    <\/div>\n    <p class=\"link-container\">\n        <a class=\"link-content\" target=\"_blank\" href=\"https:\/\/www.bevanar-dorga.ch\/de\/unsere-marken\/olmuhle-von-lapalisse\/\"><span>Mehr erfahren<\/span><\/a>\n    <\/p>\n    <\/div><div class=\"slide-entry-excerpt entry-content trs-slide\" itemprop=\"text\">\n    <div class=\"img-content\">\n        <img decoding=\"async\" class=\"alignnone wp-image\" src=\"https:\/\/www.bevanar-dorga.ch\/wp\/wp-content\/uploads\/2024\/09\/Tartuflanghe.jpg\" alt=\"Tartuflanghe\" \/>    <\/div>\n    <div class=\"content\">\n        <p class=\"heading\"><img decoding=\"async\" class=\"alignnone wp-image size-full\" src=\"https:\/\/www.bevanar-dorga.ch\/wp\/wp-content\/uploads\/2024\/09\/logo_tartuflanghe.png\" alt=\"Tartuflanghe\" \/><\/p>\n        <div class=\"txt-content\">\n            <p>Tartuflanghe ist ein Muss f\u00fcr Tr\u00fcffelliebhaber und Liebhaber der gehobenen Gastronomie.<br \/>\nDas Unternehmen wurde 1980 in der Region Piemont in Italien gegr\u00fcndet und ist f\u00fcr seine innovativen gastronomischen Kreationen bekannt, die den authentischen Geschmack respektieren.<\/p>\n                    <\/div>\n    <\/div>\n    \n    <\/div><div class=\"slide-entry-excerpt entry-content trs-slide\" itemprop=\"text\">\n    <div class=\"img-content\">\n        <img decoding=\"async\" class=\"alignnone wp-image\" src=\"https:\/\/www.bevanar-dorga.ch\/wp\/wp-content\/uploads\/2024\/09\/Ambiance-maffren-1030x660.jpg\" alt=\"Maffren\" \/>    <\/div>\n    <div class=\"content\">\n        <p class=\"heading\"><img decoding=\"async\" class=\"alignnone wp-image size-full\" src=\"https:\/\/www.bevanar-dorga.ch\/wp\/wp-content\/uploads\/2024\/09\/maffren-logo-1.png\" alt=\"Maffren\" \/><\/p>\n        <div class=\"txt-content\">\n            <p>Maffren Confiseur hat seinen Sitz im Herzen der Provence und stellt seit 1945 hochwertige S\u00fc\u00dfigkeiten her, f\u00fcr die das Unternehmen bekannt ist: Calissons, Nougat, Marzipan und andere S\u00fc\u00dfigkeiten.<\/p>\n                    <\/div>\n    <\/div>\n    \n    <\/div><div class=\"slide-entry-excerpt entry-content trs-slide\" itemprop=\"text\">\n    <div class=\"img-content\">\n        <img decoding=\"async\" class=\"alignnone wp-image\" src=\"https:\/\/www.bevanar-dorga.ch\/wp\/wp-content\/uploads\/2024\/09\/siragusa-1030x907.jpg\" alt=\"Siragusa\" \/>    <\/div>\n    <div class=\"content\">\n        <p class=\"heading\"><img decoding=\"async\" class=\"alignnone wp-image size-full\" src=\"https:\/\/www.bevanar-dorga.ch\/wp\/wp-content\/uploads\/2024\/09\/LogoSiragusa_350x350-1.png\" alt=\"Siragusa\" \/><\/p>\n        <div class=\"txt-content\">\n            <p>Die Mission von Siragusa ist es, die Liebe zu Sizilien, die Leidenschaft f\u00fcr das Kunsthandwerk und den Respekt f\u00fcr die Region mit allen zu teilen.<br \/>\nAntipasti, Tomatensauce, Sardellenfilets, Caponata, Honig, Cannoli&#8230; all diese Produkte werden sorgf\u00e4ltig ausgew\u00e4hlt und nach sizilianischer Tradition zubereitet.<\/p>\n                    <\/div>\n    <\/div>\n    \n    <\/div><div class=\"slide-entry-excerpt entry-content trs-slide\" itemprop=\"text\">\n    <div class=\"img-content\">\n        <img decoding=\"async\" class=\"alignnone wp-image\" src=\"https:\/\/www.bevanar-dorga.ch\/wp\/wp-content\/uploads\/2024\/09\/Ambiance_20terre_20bormane-min-1030x684.png\" alt=\"Bormanisches Land\" \/>    <\/div>\n    <div class=\"content\">\n        <p class=\"heading\"><img decoding=\"async\" class=\"alignnone wp-image size-full\" src=\"https:\/\/www.bevanar-dorga.ch\/wp\/wp-content\/uploads\/2024\/09\/terre_bormane-new-logo.png\" alt=\"Bormanisches Land\" \/><\/p>\n        <div class=\"txt-content\">\n            <p>Terre Bormane verk\u00f6rpert die gastronomische Exzellenz des Mittelmeers.<br \/>\nDas Angebot des Hauses ist die Verbindung zwischen dem Meer und dem westlichen Land: alles, was Ligurien an Feinschmeckern zu bieten hat, wird f\u00fcr die Zubereitung der Spezialit\u00e4ten dieses Produzenten verwendet.<\/p>\n            <u>Mehr erfahren<\/u>        <\/div>\n    <\/div>\n    <p class=\"link-container\">\n        <a class=\"link-content\" target=\"_blank\" href=\"https:\/\/www.bevanar-dorga.ch\/de\/unsere-marken\/bormanisches-land\/\"><span>Mehr erfahren<\/span><\/a>\n    <\/p>\n    <\/div><div class=\"slide-entry-excerpt entry-content trs-slide\" itemprop=\"text\">\n    <div class=\"img-content\">\n        <img decoding=\"async\" class=\"alignnone wp-image\" src=\"https:\/\/www.bevanar-dorga.ch\/wp\/wp-content\/uploads\/2024\/09\/ambiance-2-marmottes_2.jpg\" alt=\"Die 2 Murmeltiere\" \/>    <\/div>\n    <div class=\"content\">\n        <p class=\"heading\"><img decoding=\"async\" class=\"alignnone wp-image size-full\" src=\"https:\/\/www.bevanar-dorga.ch\/wp\/wp-content\/uploads\/2024\/09\/Les-2-marmottes-1-1.png\" alt=\"Die 2 Murmeltiere\" \/><\/p>\n        <div class=\"txt-content\">\n            <p>Les 2 Marmottes wurde 1976 gegr\u00fcndet und ist eine symboltr\u00e4chtige Marke f\u00fcr franz\u00f6sische Kr\u00e4utertees, die 100% pflanzlich sind und die Reinheit der Pflanzen in den Vordergrund stellen.<br \/>\nPflanzen, nichts als Pflanzen, ohne Zusatz von Aromen.<\/p>\n                    <\/div>\n    <\/div>\n    \n    <\/div><div class=\"slide-entry-excerpt entry-content trs-slide\" itemprop=\"text\">\n    <div class=\"img-content\">\n        <img decoding=\"async\" class=\"alignnone wp-image\" src=\"https:\/\/www.bevanar-dorga.ch\/wp\/wp-content\/uploads\/2024\/07\/ambiance-Dammann-2K.jpeg\" alt=\"Dammann Fr\u00e8res\" \/>    <\/div>\n    <div class=\"content\">\n        <p class=\"heading\"><img decoding=\"async\" class=\"alignnone wp-image size-full\" src=\"https:\/\/www.bevanar-dorga.ch\/wp\/wp-content\/uploads\/2024\/07\/logo_dammann_freres.svg\" alt=\"Dammann Fr\u00e8res\" \/><\/p>\n        <div class=\"txt-content\">\n            <p>Das Haus DAMMANN FRERES wurde 1692 gegr\u00fcndet und ist eines der \u00e4ltesten Teeh\u00e4user Frankreichs.<br \/>\nEs ist bekannt f\u00fcr sein au\u00dfergew\u00f6hnliches Know-how und bietet eine breite Palette an Originaltees und aromatisierten Kreationen, die Tradition und Innovation miteinander verbinden.<\/p>\n            <u>Mehr erfahren<\/u>        <\/div>\n    <\/div>\n    <p class=\"link-container\">\n        <a class=\"link-content\" target=\"_blank\" href=\"https:\/\/www.bevanar-dorga.ch\/de\/unsere-marken\/dammann\/\"><span>Mehr erfahren<\/span><\/a>\n    <\/p>\n    <\/div><div class=\"slide-entry-excerpt entry-content trs-slide\" itemprop=\"text\">\n    <div class=\"img-content\">\n        <img decoding=\"async\" class=\"alignnone wp-image\" src=\"https:\/\/www.bevanar-dorga.ch\/wp\/wp-content\/uploads\/2024\/09\/Ambiance-Cruzilles.jpg\" alt=\"Cruzilles\" \/>    <\/div>\n    <div class=\"content\">\n        <p class=\"heading\"><img decoding=\"async\" class=\"alignnone wp-image size-full\" src=\"https:\/\/www.bevanar-dorga.ch\/wp\/wp-content\/uploads\/2024\/09\/184.png\" alt=\"Cruzilles\" \/><\/p>\n        <div class=\"txt-content\">\n            <p style=\"text-align: justify\">Das Haus Cruzilles wurde 1880 gegr\u00fcndet und ist eine der \u00e4ltesten S\u00fc\u00dfwarenfabriken in der Auvergne (Frankreich), die sich auf die handwerkliche Herstellung von Fruchtpasten und kandierten Fr\u00fcchten spezialisiert hat.<\/p>\n                    <\/div>\n    <\/div>\n    \n    <\/div><div class=\"slide-entry-excerpt entry-content trs-slide\" itemprop=\"text\">\n    <div class=\"img-content\">\n        <img decoding=\"async\" class=\"alignnone wp-image\" src=\"https:\/\/www.bevanar-dorga.ch\/wp\/wp-content\/uploads\/2024\/09\/Image-de-marque-Sabaton-v2.jpg\" alt=\"Sabaton\" \/>    <\/div>\n    <div class=\"content\">\n        <p class=\"heading\"><img decoding=\"async\" class=\"alignnone wp-image size-full\" src=\"https:\/\/www.bevanar-dorga.ch\/wp\/wp-content\/uploads\/2024\/09\/logo-sabaton-web.png\" alt=\"Sabaton\" \/><\/p>\n        <div class=\"txt-content\">\n            <p style=\"font-weight: 400;text-align: justify\">Das Haus Sabaton ist eine Familienkonfiserie, die 1907 im Herzen der Kastanienw\u00e4lder der Ard\u00e8che gegr\u00fcndet wurde und heute eine Referenz in der ganzen Welt ist!<br \/>\nDas Unternehmen bietet eine breite Palette an Maronenprodukten, aber auch kandierte Fruchtschalen, die von Chocolatiers gesch\u00e4tzt werden.<\/p>\n            <u>Mehr erfahren<\/u>        <\/div>\n    <\/div>\n    <p class=\"link-container\">\n        <a class=\"link-content\" target=\"_blank\" href=\"https:\/\/www.bevanar-dorga.ch\/de\/unsere-marken\/sabaton\/\"><span>Mehr erfahren<\/span><\/a>\n    <\/p>\n    <\/div>\t\t\t\t\t<\/div>\n\t\t\t\t\t<\/p><\/div>\n\n<\/div><\/div><\/div><!-- close content main div --><\/div><\/div><div id='av_section_8'  class='avia-section av-15okisv-fbaa4313571731d2234b497c380c9c82 main_color avia-section-default avia-no-border-styling avia-bg-style-scroll container_wrap fullsize'  ><div class='container av-section-cont-open' ><div class='template-page content  av-content-full alpha units'><div class='post-entry post-entry-type-page post-entry-4149'><div class='entry-content-wrapper clearfix'>\n<div data-aos=\"fade-up\"  class='flex_column av-14je6lr-d767dec569326df7ba61c43146202fb4 av_one_full  invalid-custom-class-found trs-animate first flex_column_div data-aos=\"fade-up\"  '     ><p>\n<style type=\"text\/css\" data-created_by=\"avia_inline_auto\" id=\"style-css-av-12qki9b-0ad57dc3e0a5e3ed8643cbf1c342404a\">\n#top .av-special-heading.av-12qki9b-0ad57dc3e0a5e3ed8643cbf1c342404a{\npadding-bottom:10px;\n}\nbody .av-special-heading.av-12qki9b-0ad57dc3e0a5e3ed8643cbf1c342404a .av-special-heading-tag .heading-char{\nfont-size:25px;\n}\n.av-special-heading.av-12qki9b-0ad57dc3e0a5e3ed8643cbf1c342404a .av-subheading{\nfont-size:15px;\n}\n<\/style>\n<div  class='av-special-heading av-12qki9b-0ad57dc3e0a5e3ed8643cbf1c342404a av-special-heading-h2 blockquote modern-quote  trs-special-underline'><h2 class='av-special-heading-tag '  itemprop=\"headline\"  >Andere Marken aus unserem Sortiment<\/h2><div class=\"special-heading-border\"><div class=\"special-heading-inner-border\"><\/div><\/div><\/div><br \/>\n\n<style type=\"text\/css\" data-created_by=\"avia_inline_auto\" id=\"style-css-av-10tlv9b-2d414521cb7d5eeeffcf36a280a44063\">\n#top .hr.hr-invisible.av-10tlv9b-2d414521cb7d5eeeffcf36a280a44063{\nheight:10px;\n}\n<\/style>\n<div  class='hr av-10tlv9b-2d414521cb7d5eeeffcf36a280a44063 hr-invisible'><span class='hr-inner '><span class=\"hr-inner-style\"><\/span><\/span><\/div><br \/>\n<section  class='av_textblock_section av-1014hof-49ca800632138fc571624af69d821b7d '   itemscope=\"itemscope\" itemtype=\"https:\/\/schema.org\/CreativeWork\" ><div data-aos=\"fade-up\" class='avia_textblock trs-animate trs-spaced-p'  itemprop=\"text\" ><p>Entdecken Sie unsere Auswahl an verf\u00fcgbaren Marken, die sorgf\u00e4ltig ausgew\u00e4hlt wurden, um Qualit\u00e4t, Vielfalt und Zufriedenheit bei jedem Kauf zu gew\u00e4hrleisten.<\/p>\n<\/div><\/section><br \/>\n<\/p><\/div>\n\n<\/div><\/div><\/div><!-- close content main div --><\/div><\/div>\n<style type=\"text\/css\" data-created_by=\"avia_inline_auto\" id=\"style-css-av-9cyiof-9fb1eaeb129ab95e50d2edae1531faf5\">\n.avia-section.av-9cyiof-9fb1eaeb129ab95e50d2edae1531faf5{\nbackground-repeat:no-repeat;\nbackground-image:url(https:\/\/www.bevanar-dorga.ch\/wp\/wp-content\/uploads\/2024\/06\/excellence-1030x484.jpeg);\nbackground-position:50% 50%;\nbackground-attachment:scroll;\n}\n.avia-section.av-9cyiof-9fb1eaeb129ab95e50d2edae1531faf5 .av-section-color-overlay{\nopacity:0.8;\nbackground-color:#004d65;\n}\n<\/style>\n<div id='av_section_9'  class='avia-section av-9cyiof-9fb1eaeb129ab95e50d2edae1531faf5 main_color avia-section-default avia-no-border-styling avia-full-stretch avia-bg-style-scroll av-section-color-overlay-active container_wrap fullsize'  data-section-bg-repeat='stretch'><div class=\"av-section-color-overlay-wrap\"><div class=\"av-section-color-overlay\"><\/div><div class='container av-section-cont-open' ><div class='template-page content  av-content-full alpha units'><div class='post-entry post-entry-type-page post-entry-4149'><div class='entry-content-wrapper clearfix'>\n\n<style type=\"text\/css\" data-created_by=\"avia_inline_auto\" id=\"style-css-av-745kgf-bc420acc047896d9c49e5e7a2e57ddc3\">\n.flex_column.av-745kgf-bc420acc047896d9c49e5e7a2e57ddc3{\npadding:20px 20px 20px 20px;\n}\n<\/style>\n<div data-aos=\"fade-up\"  class='flex_column av-745kgf-bc420acc047896d9c49e5e7a2e57ddc3 av_one_full  trs-animate first flex_column_div data-aos=\"fade-up\"  '     ><p>\n<style type=\"text\/css\" data-created_by=\"avia_inline_auto\" id=\"style-css-av-69c66n-7bd7b91dbd356d555359c45161518507\">\n#top .av-special-heading.av-69c66n-7bd7b91dbd356d555359c45161518507{\nmargin:0 0 30px 0;\npadding-bottom:10px;\ncolor:#ffffff;\nfont-size:25px;\n}\nbody .av-special-heading.av-69c66n-7bd7b91dbd356d555359c45161518507 .av-special-heading-tag .heading-char{\nfont-size:25px;\n}\n#top #wrap_all .av-special-heading.av-69c66n-7bd7b91dbd356d555359c45161518507 .av-special-heading-tag{\nfont-size:25px;\n}\n.av-special-heading.av-69c66n-7bd7b91dbd356d555359c45161518507 .special-heading-inner-border{\nborder-color:#ffffff;\n}\n.av-special-heading.av-69c66n-7bd7b91dbd356d555359c45161518507 .av-subheading{\nfont-size:15px;\n}\n\n@media only screen and (min-width: 480px) and (max-width: 767px){ \n#top #wrap_all .av-special-heading.av-69c66n-7bd7b91dbd356d555359c45161518507 .av-special-heading-tag{\nfont-size:0.8em;\n}\n}\n\n@media only screen and (max-width: 479px){ \n#top #wrap_all .av-special-heading.av-69c66n-7bd7b91dbd356d555359c45161518507 .av-special-heading-tag{\nfont-size:0.8em;\n}\n}\n<\/style>\n<div  class='av-special-heading av-69c66n-7bd7b91dbd356d555359c45161518507 av-special-heading-h3 custom-color-heading blockquote modern-quote modern-centered av-inherit-size'><h3 class='av-special-heading-tag '  itemprop=\"headline\"  >Sind Sie an unseren Produkten interessiert?<\/h3><div class=\"special-heading-border\"><div class=\"special-heading-inner-border\"><\/div><\/div><\/div><br \/>\n\n<style type=\"text\/css\" data-created_by=\"avia_inline_auto\" id=\"style-css-av-48a2jj-b44de0e1f7012fdbe12f6649b4d3c758\">\n#top .av_textblock_section.av-48a2jj-b44de0e1f7012fdbe12f6649b4d3c758 .avia_textblock{\ncolor:#ffffff;\n}\n<\/style>\n<section  class='av_textblock_section av-48a2jj-b44de0e1f7012fdbe12f6649b4d3c758 '   itemscope=\"itemscope\" itemtype=\"https:\/\/schema.org\/CreativeWork\" ><div class='avia_textblock av_inherit_color'  itemprop=\"text\" ><p style=\"text-align: center;\">Entdecken Sie unsere Kataloge mit verf\u00fcgbaren Produkten.<\/p>\n<\/div><\/section><br \/>\n<div data-aos=\"fade-up\"  class='avia-button-wrap av-2bpd33-5fac22aeb16f662e4a3414349bd3c059-wrap avia-button-center  trs-animate'>\n<style type=\"text\/css\" data-created_by=\"avia_inline_auto\" id=\"style-css-av-2bpd33-5fac22aeb16f662e4a3414349bd3c059\">\n#top #wrap_all .avia-button.av-2bpd33-5fac22aeb16f662e4a3414349bd3c059{\nfont-size:18px;\ntransition:all 0.4s ease-in-out;\nmargin:20px 0 0 0;\n}\n<\/style>\n<a href='https:\/\/www.bevanar-dorga.ch\/de\/kataloge\/'  class='avia-button av-2bpd33-5fac22aeb16f662e4a3414349bd3c059 av-link-btn avia-icon_select-no avia-size-large avia-position-center avia-color-theme-color'   aria-label=\"Siehe unsere Kataloge\"><span class='avia_iconbox_title' >Siehe unsere Kataloge<\/span><\/a><\/div><\/p><\/div>\n\n","protected":false},"excerpt":{"rendered":"","protected":false},"author":1,"featured_media":3801,"template":"","meta":{"_acf_changed":false,"footnotes":""},"tags":[],"portfolio_entries":[],"class_list":["post-4149","portfolio","type-portfolio","status-publish","has-post-thumbnail","hentry"],"acf":[],"yoast_head":"<!-- This site is optimized with the Yoast SEO plugin v23.5 - https:\/\/yoast.com\/wordpress\/plugins\/seo\/ -->\n<title>Feinkostgesch\u00e4ft - Bevanar&amp;Dorga SA<\/title>\n<meta name=\"description\" content=\"Entdecken Sie unseren Feinkostladen bei Bevanar&amp;Dorga SA, ideal f\u00fcr Gesch\u00e4ftsleute in der Schweiz. Qualit\u00e4t und Vielfalt.\" \/>\n<meta name=\"robots\" content=\"index, follow, max-snippet:-1, max-image-preview:large, max-video-preview:-1\" \/>\n<link rel=\"canonical\" href=\"https:\/\/www.bevanar-dorga.ch\/de\/categorie\/feinkostgeschaeft\/\" \/>\n<meta property=\"og:locale\" content=\"de_DE\" \/>\n<meta property=\"og:type\" content=\"article\" \/>\n<meta property=\"og:title\" content=\"Feinkostgesch\u00e4ft - Bevanar&amp;Dorga SA\" \/>\n<meta property=\"og:description\" content=\"Entdecken Sie unseren Feinkostladen bei Bevanar&amp;Dorga SA, ideal f\u00fcr Gesch\u00e4ftsleute in der Schweiz. Qualit\u00e4t und Vielfalt.\" \/>\n<meta property=\"og:url\" content=\"https:\/\/www.bevanar-dorga.ch\/de\/categorie\/feinkostgeschaeft\/\" \/>\n<meta property=\"og:site_name\" content=\"Bevanar&amp;Dorga SA\" \/>\n<meta property=\"article:modified_time\" content=\"2025-12-01T06:53:44+00:00\" \/>\n<meta property=\"og:image\" content=\"https:\/\/www.bevanar-dorga.ch\/wp\/wp-content\/uploads\/2024\/09\/epicerie-fine.jpg\" \/>\n\t<meta property=\"og:image:width\" content=\"1920\" \/>\n\t<meta property=\"og:image:height\" content=\"1011\" \/>\n\t<meta property=\"og:image:type\" content=\"image\/jpeg\" \/>\n<meta name=\"twitter:card\" content=\"summary_large_image\" \/>\n<meta name=\"twitter:label1\" content=\"Est. reading time\" \/>\n\t<meta name=\"twitter:data1\" content=\"13 minutes\" \/>\n<script type=\"application\/ld+json\" class=\"yoast-schema-graph\">{\"@context\":\"https:\/\/schema.org\",\"@graph\":[{\"@type\":\"WebPage\",\"@id\":\"https:\/\/www.bevanar-dorga.ch\/de\/categorie\/feinkostgeschaeft\/\",\"url\":\"https:\/\/www.bevanar-dorga.ch\/de\/categorie\/feinkostgeschaeft\/\",\"name\":\"Feinkostgesch\u00e4ft - Bevanar&amp;Dorga SA\",\"isPartOf\":{\"@id\":\"https:\/\/www.bevanar-dorga.ch\/de\/#website\"},\"primaryImageOfPage\":{\"@id\":\"https:\/\/www.bevanar-dorga.ch\/de\/categorie\/feinkostgeschaeft\/#primaryimage\"},\"image\":{\"@id\":\"https:\/\/www.bevanar-dorga.ch\/de\/categorie\/feinkostgeschaeft\/#primaryimage\"},\"thumbnailUrl\":\"https:\/\/www.bevanar-dorga.ch\/wp\/wp-content\/uploads\/2024\/09\/epicerie-fine.jpg\",\"datePublished\":\"2024-09-10T09:15:00+00:00\",\"dateModified\":\"2025-12-01T06:53:44+00:00\",\"description\":\"Entdecken Sie unseren Feinkostladen bei Bevanar&Dorga SA, ideal f\u00fcr Gesch\u00e4ftsleute in der Schweiz. Qualit\u00e4t und Vielfalt.\",\"breadcrumb\":{\"@id\":\"https:\/\/www.bevanar-dorga.ch\/de\/categorie\/feinkostgeschaeft\/#breadcrumb\"},\"inLanguage\":\"de-DE\",\"potentialAction\":[{\"@type\":\"ReadAction\",\"target\":[\"https:\/\/www.bevanar-dorga.ch\/de\/categorie\/feinkostgeschaeft\/\"]}]},{\"@type\":\"ImageObject\",\"inLanguage\":\"de-DE\",\"@id\":\"https:\/\/www.bevanar-dorga.ch\/de\/categorie\/feinkostgeschaeft\/#primaryimage\",\"url\":\"https:\/\/www.bevanar-dorga.ch\/wp\/wp-content\/uploads\/2024\/09\/epicerie-fine.jpg\",\"contentUrl\":\"https:\/\/www.bevanar-dorga.ch\/wp\/wp-content\/uploads\/2024\/09\/epicerie-fine.jpg\",\"width\":1920,\"height\":1011},{\"@type\":\"BreadcrumbList\",\"@id\":\"https:\/\/www.bevanar-dorga.ch\/de\/categorie\/feinkostgeschaeft\/#breadcrumb\",\"itemListElement\":[{\"@type\":\"ListItem\",\"position\":1,\"name\":\"Accueil\",\"item\":\"https:\/\/www.bevanar-dorga.ch\/de\/accueil\/\"},{\"@type\":\"ListItem\",\"position\":2,\"name\":\"Feinkostgesch\u00e4ft\"}]},{\"@type\":\"WebSite\",\"@id\":\"https:\/\/www.bevanar-dorga.ch\/de\/#website\",\"url\":\"https:\/\/www.bevanar-dorga.ch\/de\/\",\"name\":\"Bevanar&amp;Dorga SA\",\"description\":\"Votre partenaire Suisse pour les produits gastronomique\",\"potentialAction\":[{\"@type\":\"SearchAction\",\"target\":{\"@type\":\"EntryPoint\",\"urlTemplate\":\"https:\/\/www.bevanar-dorga.ch\/de\/?s={search_term_string}\"},\"query-input\":{\"@type\":\"PropertyValueSpecification\",\"valueRequired\":true,\"valueName\":\"search_term_string\"}}],\"inLanguage\":\"de-DE\"}]}<\/script>\n<!-- \/ Yoast SEO plugin. -->","yoast_head_json":{"title":"Feinkostgesch\u00e4ft - Bevanar&amp;Dorga SA","description":"Entdecken Sie unseren Feinkostladen bei Bevanar&Dorga SA, ideal f\u00fcr Gesch\u00e4ftsleute in der Schweiz. Qualit\u00e4t und Vielfalt.","robots":{"index":"index","follow":"follow","max-snippet":"max-snippet:-1","max-image-preview":"max-image-preview:large","max-video-preview":"max-video-preview:-1"},"canonical":"https:\/\/www.bevanar-dorga.ch\/de\/categorie\/feinkostgeschaeft\/","og_locale":"de_DE","og_type":"article","og_title":"Feinkostgesch\u00e4ft - Bevanar&amp;Dorga SA","og_description":"Entdecken Sie unseren Feinkostladen bei Bevanar&Dorga SA, ideal f\u00fcr Gesch\u00e4ftsleute in der Schweiz. Qualit\u00e4t und Vielfalt.","og_url":"https:\/\/www.bevanar-dorga.ch\/de\/categorie\/feinkostgeschaeft\/","og_site_name":"Bevanar&amp;Dorga SA","article_modified_time":"2025-12-01T06:53:44+00:00","og_image":[{"width":1920,"height":1011,"url":"https:\/\/www.bevanar-dorga.ch\/wp\/wp-content\/uploads\/2024\/09\/epicerie-fine.jpg","type":"image\/jpeg"}],"twitter_card":"summary_large_image","twitter_misc":{"Est. reading time":"13 minutes"},"schema":{"@context":"https:\/\/schema.org","@graph":[{"@type":"WebPage","@id":"https:\/\/www.bevanar-dorga.ch\/de\/categorie\/feinkostgeschaeft\/","url":"https:\/\/www.bevanar-dorga.ch\/de\/categorie\/feinkostgeschaeft\/","name":"Feinkostgesch\u00e4ft - Bevanar&amp;Dorga SA","isPartOf":{"@id":"https:\/\/www.bevanar-dorga.ch\/de\/#website"},"primaryImageOfPage":{"@id":"https:\/\/www.bevanar-dorga.ch\/de\/categorie\/feinkostgeschaeft\/#primaryimage"},"image":{"@id":"https:\/\/www.bevanar-dorga.ch\/de\/categorie\/feinkostgeschaeft\/#primaryimage"},"thumbnailUrl":"https:\/\/www.bevanar-dorga.ch\/wp\/wp-content\/uploads\/2024\/09\/epicerie-fine.jpg","datePublished":"2024-09-10T09:15:00+00:00","dateModified":"2025-12-01T06:53:44+00:00","description":"Entdecken Sie unseren Feinkostladen bei Bevanar&Dorga SA, ideal f\u00fcr Gesch\u00e4ftsleute in der Schweiz. Qualit\u00e4t und Vielfalt.","breadcrumb":{"@id":"https:\/\/www.bevanar-dorga.ch\/de\/categorie\/feinkostgeschaeft\/#breadcrumb"},"inLanguage":"de-DE","potentialAction":[{"@type":"ReadAction","target":["https:\/\/www.bevanar-dorga.ch\/de\/categorie\/feinkostgeschaeft\/"]}]},{"@type":"ImageObject","inLanguage":"de-DE","@id":"https:\/\/www.bevanar-dorga.ch\/de\/categorie\/feinkostgeschaeft\/#primaryimage","url":"https:\/\/www.bevanar-dorga.ch\/wp\/wp-content\/uploads\/2024\/09\/epicerie-fine.jpg","contentUrl":"https:\/\/www.bevanar-dorga.ch\/wp\/wp-content\/uploads\/2024\/09\/epicerie-fine.jpg","width":1920,"height":1011},{"@type":"BreadcrumbList","@id":"https:\/\/www.bevanar-dorga.ch\/de\/categorie\/feinkostgeschaeft\/#breadcrumb","itemListElement":[{"@type":"ListItem","position":1,"name":"Accueil","item":"https:\/\/www.bevanar-dorga.ch\/de\/accueil\/"},{"@type":"ListItem","position":2,"name":"Feinkostgesch\u00e4ft"}]},{"@type":"WebSite","@id":"https:\/\/www.bevanar-dorga.ch\/de\/#website","url":"https:\/\/www.bevanar-dorga.ch\/de\/","name":"Bevanar&amp;Dorga SA","description":"Votre partenaire Suisse pour les produits gastronomique","potentialAction":[{"@type":"SearchAction","target":{"@type":"EntryPoint","urlTemplate":"https:\/\/www.bevanar-dorga.ch\/de\/?s={search_term_string}"},"query-input":{"@type":"PropertyValueSpecification","valueRequired":true,"valueName":"search_term_string"}}],"inLanguage":"de-DE"}]}},"_links":{"self":[{"href":"https:\/\/www.bevanar-dorga.ch\/de\/wp-json\/wp\/v2\/portfolio\/4149","targetHints":{"allow":["GET"]}}],"collection":[{"href":"https:\/\/www.bevanar-dorga.ch\/de\/wp-json\/wp\/v2\/portfolio"}],"about":[{"href":"https:\/\/www.bevanar-dorga.ch\/de\/wp-json\/wp\/v2\/types\/portfolio"}],"author":[{"embeddable":true,"href":"https:\/\/www.bevanar-dorga.ch\/de\/wp-json\/wp\/v2\/users\/1"}],"version-history":[{"count":14,"href":"https:\/\/www.bevanar-dorga.ch\/de\/wp-json\/wp\/v2\/portfolio\/4149\/revisions"}],"predecessor-version":[{"id":8881,"href":"https:\/\/www.bevanar-dorga.ch\/de\/wp-json\/wp\/v2\/portfolio\/4149\/revisions\/8881"}],"wp:featuredmedia":[{"embeddable":true,"href":"https:\/\/www.bevanar-dorga.ch\/de\/wp-json\/wp\/v2\/media\/3801"}],"wp:attachment":[{"href":"https:\/\/www.bevanar-dorga.ch\/de\/wp-json\/wp\/v2\/media?parent=4149"}],"wp:term":[{"taxonomy":"post_tag","embeddable":true,"href":"https:\/\/www.bevanar-dorga.ch\/de\/wp-json\/wp\/v2\/tags?post=4149"},{"taxonomy":"portfolio_entries","embeddable":true,"href":"https:\/\/www.bevanar-dorga.ch\/de\/wp-json\/wp\/v2\/portfolio_entries?post=4149"}],"curies":[{"name":"wp","href":"https:\/\/api.w.org\/{rel}","templated":true}]}}