{"id":6935,"date":"2025-06-02T14:36:20","date_gmt":"2025-06-02T12:36:20","guid":{"rendered":"https:\/\/www.bevanar-dorga.ch\/?page_id=6935"},"modified":"2025-06-02T14:36:20","modified_gmt":"2025-06-02T12:36:20","slug":"eurovanille","status":"publish","type":"page","link":"https:\/\/www.bevanar-dorga.ch\/de\/unsere-marken\/eurovanille\/","title":{"rendered":"Eurovanille"},"content":{"rendered":"\n<style type=\"text\/css\" data-created_by=\"avia_inline_auto\" id=\"style-css-av-lysj34f8-778fe96411a316c35f3e7493d6fb21b0\">\n.avia-section.av-lysj34f8-778fe96411a316c35f3e7493d6fb21b0 .av-parallax .av-parallax-inner{\nbackground-repeat:no-repeat;\nbackground-image:url(https:\/\/www.bevanar-dorga.ch\/wp\/wp-content\/uploads\/2025\/06\/vanille.jpg);\nbackground-position:50% 100%;\nbackground-attachment:scroll;\n}\n<\/style>\n<div id='av_section_1'  class='avia-section av-lysj34f8-778fe96411a316c35f3e7493d6fb21b0 main_color avia-section-default avia-no-border-styling  avia-builder-el-0  el_before_av_section  avia-builder-el-first  avia-full-stretch av-parallax-section avia-bg-style-parallax av-minimum-height av-minimum-height-50 av-height-50  container_wrap fullsize'  data-section-bg-repeat='stretch' data-av_minimum_height_pc='50' data-av_min_height_opt='50'><div class='av-parallax' data-avia-parallax-ratio='0.3' ><div class='av-parallax-inner main_color avia-full-stretch'><\/div><\/div><div class='container av-section-cont-open' ><main  role=\"main\" itemprop=\"mainContentOfPage\"  class='template-page content  av-content-full alpha units'><div class='post-entry post-entry-type-page post-entry-6935'><div class='entry-content-wrapper clearfix'>\n<\/div><\/div><\/main><!-- close content main element --><\/div><\/div><div id='av_section_2'  class='avia-section av-jw0jx-7c92466707d7ebd2bf0b3639e3d9f9de main_color avia-section-default avia-no-border-styling  avia-builder-el-1  el_after_av_section  el_before_av_section  avia-bg-style-scroll container_wrap fullsize'  ><div class='container av-section-cont-open' ><div class='template-page content  av-content-full alpha units'><div class='post-entry post-entry-type-page post-entry-6935'><div class='entry-content-wrapper clearfix'>\n<div class='flex_column_table av-x2wl-b633219889c9bd90c52de11c8f40560f sc-av_three_fourth av-mobile-columns-flex av-columns-reverse av-equal-height-column-flextable'><div  class='flex_column av-x2wl-b633219889c9bd90c52de11c8f40560f av_three_fourth  avia-builder-el-2  el_before_av_one_fourth  avia-builder-el-first  first flex_column_table_cell av-equal-height-column av-align-middle  '     ><p>\n<style type=\"text\/css\" data-created_by=\"avia_inline_auto\" id=\"style-css-av-lysj743d-efa72b3dc25154d38ad897cb8231ccb3\">\n#top .av-special-heading.av-lysj743d-efa72b3dc25154d38ad897cb8231ccb3{\npadding-bottom:10px;\n}\nbody .av-special-heading.av-lysj743d-efa72b3dc25154d38ad897cb8231ccb3 .av-special-heading-tag .heading-char{\nfont-size:25px;\n}\n.av-special-heading.av-lysj743d-efa72b3dc25154d38ad897cb8231ccb3 .av-subheading{\nfont-size:15px;\n}\n<\/style>\n<div data-aos=\"fade-up\"  class='av-special-heading av-lysj743d-efa72b3dc25154d38ad897cb8231ccb3 av-special-heading-h1 blockquote modern-quote  avia-builder-el-3  el_before_av_textblock  avia-builder-el-first  trs-animate trs-special-underline'><h1 class='av-special-heading-tag '  itemprop=\"headline\"  >\u00dcber Eurovanille<\/h1><div class=\"special-heading-border\"><div class=\"special-heading-inner-border\"><\/div><\/div><\/div><br \/>\n<section  class='av_textblock_section av-lysj6cyq-eb4fd06a08090491b257fd6910d99a29 '   itemscope=\"itemscope\" itemtype=\"https:\/\/schema.org\/CreativeWork\" ><div data-aos=\"fade-up\" class='avia_textblock trs-animate'  itemprop=\"text\" ><p><span class=\"relative -mx-px my-&#091;-0.2rem&#093; rounded px-px py-&#091;0.2rem&#093; transition-colors duration-100 ease-in-out\">Seit 1990 ist das franz\u00f6sische Unternehmen EUROVANILLE ein wichtiger Akteur auf dem Gebiet der nat\u00fcrlichen Vanille.<\/span><br \/>\n<span class=\"relative -mx-px my-&#091;-0.2rem&#093; rounded px-px py-&#091;0.2rem&#093; transition-colors duration-100 ease-in-out\">Das Unternehmen ist auf die Auswahl, Verarbeitung und den Vertrieb von Premium-Vanille spezialisiert und legt Wert darauf, die gesamte Wertsch\u00f6pfungskette zu kontrollieren.<\/span><br \/>\nDie Marke konzentriert sich auf Vanilleschoten, die nachhaltig angebaut und mit handwerklichem Geschick geerntet werden, um authentische und intensive Aromen zu bieten.<\/p>\n<p><span class=\"relative -mx-px my-&#091;-0.2rem&#093; rounded px-px py-&#091;0.2rem&#093; transition-colors duration-100 ease-in-out\">EUROVANILLE bietet dank seines hohen Fachwissens und seiner strengen Verfahren au\u00dfergew\u00f6hnliche Produkte f\u00fcr die professionelle Gastronomie und f\u00fcr Kochbegeisterte. Entdecken Sie eine Marke, die Tradition, Qualit\u00e4t und Innovation vereint. <\/span><\/p>\n<\/div><\/section><\/p><\/div><div class='av-flex-placeholder'><\/div>\n<style type=\"text\/css\" data-created_by=\"avia_inline_auto\" id=\"style-css-av-1fu25-755bf186246269d1bff24fb8531f73fc\">\n\n@media only screen and (min-width: 480px) and (max-width: 767px){ \n.flex_column.av-1fu25-755bf186246269d1bff24fb8531f73fc{\npadding:0 0 20px 0;\n}\n}\n\n@media only screen and (max-width: 479px){ \n.flex_column.av-1fu25-755bf186246269d1bff24fb8531f73fc{\npadding:0 0 20px 0;\n}\n}\n<\/style>\n<div  class='flex_column av-1fu25-755bf186246269d1bff24fb8531f73fc av_one_fourth  avia-builder-el-5  el_after_av_three_fourth  avia-builder-el-last  flex_column_table_cell av-equal-height-column av-align-middle  '     ><style type=\"text\/css\" data-created_by=\"avia_inline_auto\" id=\"style-css-av-lysj5356-242c705f81421c5b916e998c6d3cf9eb\">\n.avia-image-container.av-lysj5356-242c705f81421c5b916e998c6d3cf9eb img.avia_image{\nbox-shadow:none;\n}\n.avia-image-container.av-lysj5356-242c705f81421c5b916e998c6d3cf9eb .av-image-caption-overlay-center{\ncolor:#ffffff;\n}\n<\/style>\n<div data-aos=\"fade-up\"  class='avia-image-container av-lysj5356-242c705f81421c5b916e998c6d3cf9eb av-styling- avia-align-center  avia-builder-el-6  avia-builder-el-no-sibling  trs-animate'   itemprop=\"image\" itemscope=\"itemscope\" itemtype=\"https:\/\/schema.org\/ImageObject\" ><div class=\"avia-image-container-inner\"><div class=\"avia-image-overlay-wrap\"><img decoding=\"async\" fetchpriority=\"high\" class='wp-image-6828 avia-img-lazy-loading-not-6828 avia_image ' src=\"https:\/\/www.bevanar-dorga.ch\/wp\/wp-content\/uploads\/2025\/06\/logo-Eurovanille-300x167.png\" alt='' title='Logo Eurovanille'  height=\"167\" width=\"300\"  itemprop=\"thumbnailUrl\" srcset=\"https:\/\/www.bevanar-dorga.ch\/wp\/wp-content\/uploads\/2025\/06\/logo-Eurovanille-300x167.png 300w, https:\/\/www.bevanar-dorga.ch\/wp\/wp-content\/uploads\/2025\/06\/logo-Eurovanille.png 540w\" sizes=\"(max-width: 300px) 100vw, 300px\" \/><\/div><\/div><\/div><\/div><\/div><!--close column table wrapper. Autoclose: 1 -->\n\n<\/div><\/div><\/div><!-- close content main div --><\/div><\/div>\n<style type=\"text\/css\" data-created_by=\"avia_inline_auto\" id=\"style-css-av-1mbnid-cdac3ed90ade9a4b31f506484a4864ae\">\n.avia-section.av-1mbnid-cdac3ed90ade9a4b31f506484a4864ae{\nbackground-color:#faf9f8;\nbackground-image:unset;\n}\n<\/style>\n<div id='av_section_3'  class='avia-section av-1mbnid-cdac3ed90ade9a4b31f506484a4864ae main_color avia-section-default avia-no-border-styling  avia-builder-el-7  el_after_av_section  el_before_av_section  avia-bg-style-scroll container_wrap fullsize'  ><div class='container av-section-cont-open' ><div class='template-page content  av-content-full alpha units'><div class='post-entry post-entry-type-page post-entry-6935'><div class='entry-content-wrapper clearfix'>\n<div  class='flex_column av-1gsx6t-60f57573d7d16e50c19b7617206a47e4 av_one_full  avia-builder-el-8  el_before_av_one_half  avia-builder-el-first  first flex_column_div  '     ><style type=\"text\/css\" data-created_by=\"avia_inline_auto\" id=\"style-css-av-m10h5kzs-7618d12c59c7f8eb5c19a58b55fea702\">\n#top .av-special-heading.av-m10h5kzs-7618d12c59c7f8eb5c19a58b55fea702{\nmargin:0 0 30px 0;\npadding-bottom:10px;\n}\nbody .av-special-heading.av-m10h5kzs-7618d12c59c7f8eb5c19a58b55fea702 .av-special-heading-tag .heading-char{\nfont-size:25px;\n}\n.av-special-heading.av-m10h5kzs-7618d12c59c7f8eb5c19a58b55fea702 .av-subheading{\nfont-size:15px;\n}\n<\/style>\n<div data-aos=\"fade-up\"  class='av-special-heading av-m10h5kzs-7618d12c59c7f8eb5c19a58b55fea702 av-special-heading-h2 blockquote modern-quote modern-centered  avia-builder-el-9  avia-builder-el-no-sibling  trs-no-uppercase trs-special-underline trs-animate'><h2 class='av-special-heading-tag '  itemprop=\"headline\"  >Die einzigartigen Vorteile von Eurovanille<\/h2><div class=\"special-heading-border\"><div class=\"special-heading-inner-border\"><\/div><\/div><\/div><\/div><div class='flex_column_table av-16ujyd-be7f8ec4d2ac5d5fc0c91420afe815d2 sc-av_one_half av-equal-height-column-flextable'><div data-aos=\"fade-right\"  class='flex_column av-16ujyd-be7f8ec4d2ac5d5fc0c91420afe815d2 av_one_half  avia-builder-el-10  el_after_av_one_full  el_before_av_one_half  trs-animate animate__fade-right first flex_column_table_cell av-equal-height-column av-align-middle  column-top-margin'     ><style type=\"text\/css\" data-created_by=\"avia_inline_auto\" id=\"style-css-av-m10h7syy-a9c3d647db4ad4a88df8fdf749bc13e1\">\n.avia-image-container.av-m10h7syy-a9c3d647db4ad4a88df8fdf749bc13e1 img.avia_image{\nbox-shadow:none;\n}\n.avia-image-container.av-m10h7syy-a9c3d647db4ad4a88df8fdf749bc13e1 .av-image-caption-overlay-center{\ncolor:#ffffff;\n}\n<\/style>\n<div  class='avia-image-container av-m10h7syy-a9c3d647db4ad4a88df8fdf749bc13e1 av-styling- avia-align-center  avia-builder-el-11  avia-builder-el-no-sibling '   itemprop=\"image\" itemscope=\"itemscope\" itemtype=\"https:\/\/schema.org\/ImageObject\" ><div class=\"avia-image-container-inner\"><div class=\"avia-image-overlay-wrap\"><img decoding=\"async\" fetchpriority=\"high\" class='wp-image-6826 avia-img-lazy-loading-not-6826 avia_image ' src=\"https:\/\/www.bevanar-dorga.ch\/wp\/wp-content\/uploads\/2025\/06\/eurovanille-web-4-705x453.jpg\" alt='' title='Eurovanille Web 4'  height=\"453\" width=\"705\"  itemprop=\"thumbnailUrl\" srcset=\"https:\/\/www.bevanar-dorga.ch\/wp\/wp-content\/uploads\/2025\/06\/eurovanille-web-4-705x453.jpg 705w, https:\/\/www.bevanar-dorga.ch\/wp\/wp-content\/uploads\/2025\/06\/eurovanille-web-4-300x193.jpg 300w, https:\/\/www.bevanar-dorga.ch\/wp\/wp-content\/uploads\/2025\/06\/eurovanille-web-4.jpg 755w\" sizes=\"(max-width: 705px) 100vw, 705px\" \/><\/div><\/div><\/div><\/div><div class='av-flex-placeholder'><\/div><div data-aos=\"zoom-in\"  class='flex_column av-11usi5-893f5de269755d19d543fb61034db6ac av_one_half  avia-builder-el-12  el_after_av_one_half  avia-builder-el-last  trs-animate animate__zoom-in flex_column_table_cell av-equal-height-column av-align-middle  column-top-margin'     ><p>\n<style type=\"text\/css\" data-created_by=\"avia_inline_auto\" id=\"style-css-av-m10h6b1d-4a10c8c6aa0c76be0b9b566fd2777bf0\">\n#top .av-special-heading.av-m10h6b1d-4a10c8c6aa0c76be0b9b566fd2777bf0{\nmargin:20px 0 30px 0;\npadding-bottom:10px;\ncolor:#0073b3;\n}\nbody .av-special-heading.av-m10h6b1d-4a10c8c6aa0c76be0b9b566fd2777bf0 .av-special-heading-tag .heading-char{\nfont-size:25px;\n}\n.av-special-heading.av-m10h6b1d-4a10c8c6aa0c76be0b9b566fd2777bf0 .special-heading-inner-border{\nborder-color:#0073b3;\n}\n.av-special-heading.av-m10h6b1d-4a10c8c6aa0c76be0b9b566fd2777bf0 .av-subheading{\nfont-size:15px;\ncolor:#717171;\n}\n<\/style>\n<div data-aos=\"fade-left\"  class='av-special-heading av-m10h6b1d-4a10c8c6aa0c76be0b9b566fd2777bf0 av-special-heading-h3 custom-color-heading blockquote modern-quote  avia-builder-el-13  el_before_av_heading  avia-builder-el-first  trs-animate animate__fade-left'><h3 class='av-special-heading-tag '  itemprop=\"headline\"  >Vollst\u00e4ndige Kontrolle \u00fcber die Verarbeitungsprozesse<\/h3><div class='av_custom_color av-subheading av-subheading_below'><p>EUROVANILLE kontrolliert alle Schritte der Vanilleverarbeitung, von der Extraktion \u00fcber das Sieben und Deacterisieren bis hin zum Mahlen. Jeder Prozess wird optimiert, um die aromatische Integrit\u00e4t der Schote zu erhalten, wodurch Produkte mit gleichbleibendem sensorischem Profil und hoher Qualit\u00e4t garantiert werden.<\/p>\n<\/div><div class=\"special-heading-border\"><div class=\"special-heading-inner-border\"><\/div><\/div><\/div><br \/>\n\n<style type=\"text\/css\" data-created_by=\"avia_inline_auto\" id=\"style-css-av-m10h6rhu-a6e2c71b12e2028f0bf451c669588464\">\n#top .av-special-heading.av-m10h6rhu-a6e2c71b12e2028f0bf451c669588464{\nmargin:20px 0 30px 0;\npadding-bottom:10px;\ncolor:#0073b3;\n}\nbody .av-special-heading.av-m10h6rhu-a6e2c71b12e2028f0bf451c669588464 .av-special-heading-tag .heading-char{\nfont-size:25px;\n}\n.av-special-heading.av-m10h6rhu-a6e2c71b12e2028f0bf451c669588464 .special-heading-inner-border{\nborder-color:#0073b3;\n}\n.av-special-heading.av-m10h6rhu-a6e2c71b12e2028f0bf451c669588464 .av-subheading{\nfont-size:15px;\ncolor:#717171;\n}\n<\/style>\n<div data-aos=\"fade-left\"  class='av-special-heading av-m10h6rhu-a6e2c71b12e2028f0bf451c669588464 av-special-heading-h3 custom-color-heading blockquote modern-quote  avia-builder-el-14  el_after_av_heading  el_before_av_heading  trs-animate animate__fade-left'><h3 class='av-special-heading-tag '  itemprop=\"headline\"  >Innovation im Dienste der Vanille<\/h3><div class='av_custom_color av-subheading av-subheading_below'><p>Innovation ist das Herzst\u00fcck der Strategie von EUROVANILLE. Das Unternehmen investiert kontinuierlich in Forschung und Entwicklung, um neue Vanilleformen wie Pasten, Pulver oder Extrakte anzubieten, die den Anforderungen der Profis entsprechen. Zum Beispiel ist das \u201eBourbon Vanille Herz\u201c eine exklusive Innovation, die eine optimale aromatische Konzentration bietet, was die Einarbeitung in verschiedene kulinarische Anwendungen erleichtert.<\/p>\n<\/div><div class=\"special-heading-border\"><div class=\"special-heading-inner-border\"><\/div><\/div><\/div><br \/>\n\n<style type=\"text\/css\" data-created_by=\"avia_inline_auto\" id=\"style-css-av-m10h749c-3d317c67b2066d3da06bed8651538c30\">\n#top .av-special-heading.av-m10h749c-3d317c67b2066d3da06bed8651538c30{\nmargin:20px 0 30px 0;\npadding-bottom:10px;\ncolor:#0073b3;\n}\nbody .av-special-heading.av-m10h749c-3d317c67b2066d3da06bed8651538c30 .av-special-heading-tag .heading-char{\nfont-size:25px;\n}\n.av-special-heading.av-m10h749c-3d317c67b2066d3da06bed8651538c30 .special-heading-inner-border{\nborder-color:#0073b3;\n}\n.av-special-heading.av-m10h749c-3d317c67b2066d3da06bed8651538c30 .av-subheading{\nfont-size:15px;\ncolor:#717171;\n}\n<\/style>\n<div data-aos=\"fade-left\"  class='av-special-heading av-m10h749c-3d317c67b2066d3da06bed8651538c30 av-special-heading-h3 custom-color-heading blockquote modern-quote  avia-builder-el-15  el_after_av_heading  avia-builder-el-last  trs-animate animate__fade-left'><h3 class='av-special-heading-tag '  itemprop=\"headline\"  >Verpflichtung zu Qualit\u00e4t und R\u00fcckverfolgbarkeit<\/h3><div class='av_custom_color av-subheading av-subheading_below'><p>EUROVANILLE verpflichtet sich, Produkte zu liefern, die den strengsten Normen in Bezug auf Lebensmittelsicherheit entsprechen. Das Unternehmen ist seit 2014 nach dem IFS Superior zertifiziert und gew\u00e4hrleistet eine vollst\u00e4ndige R\u00fcckverfolgbarkeit seiner Produkte von der Schote bis zur Verarbeitung, wodurch eine vollst\u00e4ndige Transparenz gew\u00e4hrleistet wird. Diese strenge Qualit\u00e4tssicherung wird durch dauerhafte Partnerschaften mit lokalen Produzenten, insbesondere in Madagaskar, verst\u00e4rkt, wodurch eine Vanille von Premiumqualit\u00e4t gew\u00e4hrleistet wird.<\/p>\n<\/div><div class=\"special-heading-border\"><div class=\"special-heading-inner-border\"><\/div><\/div><\/div><\/p><\/div><\/div><!--close column table wrapper. Autoclose: 1 -->\n\n<\/div><\/div><\/div><!-- close content main div --><\/div><\/div><div id='av_section_4'  class='avia-section av-yu60d-e7e39a1bfffa77af745c096bff555e78 main_color avia-section-default avia-no-border-styling  avia-builder-el-16  el_after_av_section  el_before_av_section  avia-bg-style-scroll container_wrap fullsize'  ><div class='container av-section-cont-open' ><div class='template-page content  av-content-full alpha units'><div class='post-entry post-entry-type-page post-entry-6935'><div class='entry-content-wrapper clearfix'>\n\n<style type=\"text\/css\" data-created_by=\"avia_inline_auto\" id=\"style-css-av-rx4qd-5133f6953290d3629652797795980c0d\">\n#top .flex_column.av-rx4qd-5133f6953290d3629652797795980c0d{\nmargin-top:60px;\nmargin-bottom:30px;\n}\n.responsive #top #wrap_all .flex_column.av-rx4qd-5133f6953290d3629652797795980c0d{\nmargin-top:60px;\nmargin-bottom:30px;\n}\n<\/style>\n<div  class='flex_column av-rx4qd-5133f6953290d3629652797795980c0d av_one_full  avia-builder-el-17  el_before_av_one_full  avia-builder-el-first  first flex_column_div  '     ><style type=\"text\/css\" data-created_by=\"avia_inline_auto\" id=\"style-css-av-nswb9-9cde695a4cbd9257bc7b61088ba48eb1\">\n#top .av-special-heading.av-nswb9-9cde695a4cbd9257bc7b61088ba48eb1{\npadding-bottom:10px;\n}\nbody .av-special-heading.av-nswb9-9cde695a4cbd9257bc7b61088ba48eb1 .av-special-heading-tag .heading-char{\nfont-size:25px;\n}\n.av-special-heading.av-nswb9-9cde695a4cbd9257bc7b61088ba48eb1 .av-subheading{\nfont-size:15px;\n}\n<\/style>\n<div data-aos=\"fade-up\"  class='av-special-heading av-nswb9-9cde695a4cbd9257bc7b61088ba48eb1 av-special-heading-h2 blockquote modern-quote  avia-builder-el-18  avia-builder-el-no-sibling  trs-special-underline trs-animate'><h2 class='av-special-heading-tag '  itemprop=\"headline\"  >Aktuelle Produkte<\/h2><div class=\"special-heading-border\"><div class=\"special-heading-inner-border\"><\/div><\/div><\/div><\/div>\n<style type=\"text\/css\" data-created_by=\"avia_inline_auto\" id=\"style-css-av-cq2ad-d59a6e63ec54a829e5915bc1d69589c4\">\n.flex_column.av-cq2ad-d59a6e63ec54a829e5915bc1d69589c4{\nbackground-color:#ffffff;\n}\n<\/style>\n<div data-aos=\"fade-up\"  class='flex_column av-cq2ad-d59a6e63ec54a829e5915bc1d69589c4 av_one_full  avia-builder-el-19  el_after_av_one_full  avia-builder-el-last  trs-animate first flex_column_div data-aos=\"fade-up\"  column-top-margin'     ><div class=\"tris-slider  trs-nouveautes\" data-columns=\"4\" data-breakpoints=\"[{&quot;breakpoint_size&quot;:1300,&quot;breakpoint_columns&quot;:&quot;3&quot;},{&quot;breakpoint_size&quot;:989,&quot;breakpoint_columns&quot;:&quot;2&quot;},{&quot;breakpoint_size&quot;:767,&quot;breakpoint_columns&quot;:&quot;1&quot;},{&quot;breakpoint_size&quot;:479,&quot;breakpoint_columns&quot;:&quot;1&quot;}]\">\n                        \t\t\t\t\t\t\t\t<article class=\"trs-slide\" itemscope=\"itemscope\" itemtype=\"https:\/\/schema.org\/CreativeWork\">\n\t\t\t\t\t\t\t\t\t<span data-rel=\"slide-1\" class=\"slide-image\" title=\"Herz der Bourbon-Vanille Eurovanille\">\n\t\t\t\t\t\t\t\t\t\t<a target=\"_blank\" href=\"https:\/\/peem.shop\/product\/282\/101508\" rel=\"noopener\">\t\t\t\t\t\t\t\t\t\t<img decoding=\"async\" fetchpriority=\"high\" \n\t\t\t\t\t\t\t\t\t\t\t width=\"655\" \n\t\t\t\t\t\t\t\t\t\t\t height=\"655\" \n\t\t\t\t\t\t\t\t\t\t\t src=\"https:\/\/www.bevanar-dorga.ch\/wp\/wp-content\/uploads\/2026\/02\/Coeur-de-Vanille-Bourbon-Eurovanille.png\" \n\t\t\t\t\t\t\t\t\t\t\t class=\"wp-image-9045 avia-img-lazy-loading-not-9045 attachment-masonry size-masonry wp-post-image\" \n\t\t\t\t\t\t\t\t\t\t\t alt=\"\" \n\t\t\t\t\t\t\t\t\t\t\t srcset=\"https:\/\/www.bevanar-dorga.ch\/wp\/wp-content\/uploads\/2026\/02\/Coeur-de-Vanille-Bourbon-Eurovanille.png 655w, https:\/\/www.bevanar-dorga.ch\/wp\/wp-content\/uploads\/2026\/02\/Coeur-de-Vanille-Bourbon-Eurovanille-300x300.png 300w, https:\/\/www.bevanar-dorga.ch\/wp\/wp-content\/uploads\/2026\/02\/Coeur-de-Vanille-Bourbon-Eurovanille-80x80.png 80w, https:\/\/www.bevanar-dorga.ch\/wp\/wp-content\/uploads\/2026\/02\/Coeur-de-Vanille-Bourbon-Eurovanille-36x36.png 36w, https:\/\/www.bevanar-dorga.ch\/wp\/wp-content\/uploads\/2026\/02\/Coeur-de-Vanille-Bourbon-Eurovanille-180x180.png 180w\" \n\t\t\t\t\t\t\t\t\t\t\t sizes=\"(max-width: 655px) 100vw, 655px\">\n\t\t\t\t\t\t\t\t\t\t<\/a>\t\t\t\t\t\t\t\t\t<\/span>\n\t\t\t\t\t\t\t\t\t<div class=\"slide-content\">\n\t\t\t\t\t\t\t\t\t\t<header class=\"entry-content-header\" aria-label=\"Slide: Herz der Bourbon-Vanille Eurovanille\">\n\t\t\t\t\t\t\t\t\t\t\t<h3 class=\"slide-entry-title entry-title\" itemprop=\"headline\">\n\t\t\t\t\t\t\t\t\t\t\t\t<a target=\"_blank\" href=\"https:\/\/peem.shop\/product\/282\/101508\" rel=\"noopener\">Herz der Bourbon-Vanille Eurovanille<\/a>\t\t\t\t\t\t\t\t\t\t\t<\/h3>\n\t\t\t\t\t\t\t\t\t\t\t<span class=\"av-vertical-delimiter\"><\/span>\n\t\t\t\t\t\t\t\t\t\t<\/header>\n\t\t\t\t\t\t\t\t\t\t<div class=\"slide-meta\">\n\t\t\t\t\t\t\t\t\t\t\t<time class=\"slide-meta-time updated\" itemprop=\"datePublished\" datetime=\"2026-02-05T17:35:28+01:00\">5 February 2026<\/time>\n\t\t\t\t\t\t\t\t\t\t<\/div>\n\t\t\t\t\t\t\t\t\t\t<div class=\"slide-entry-excerpt entry-content\" itemprop=\"text\">100 g - Speziell zum Kochen und F\u00fcttern - Art.-Nr- 101508<\/div>\n\t\t\t\t\t\t\t\t\t\t<a class=\"link_more\" target=\"_blank\" href=\"https:\/\/peem.shop\/product\/282\/101508\" rel=\"noopener\">Mehr erfahren<\/a>\t\t\t\t\t\t\t\t\t<\/div>\n\t\t\t\t\t\t\t\t\t<footer class=\"entry-footer\"><\/footer>\n\t\t\t\t\t\t\t\t\t<span class=\"hidden\">\n\t\t\t\t\t\t\t\t\t\t<span class=\"av-structured-data\" itemprop=\"image\" itemscope=\"itemscope\" itemtype=\"https:\/\/schema.org\/ImageObject\">\n\t\t\t\t\t\t\t\t\t\t\t<span itemprop=\"url\">https:\/\/www.bevanar-dorga.ch\/wp\/wp-content\/uploads\/2026\/02\/Coeur-de-Vanille-Bourbon-Eurovanille.png<\/span>\n\t\t\t\t\t\t\t\t\t\t\t<span itemprop=\"height\">655<\/span>\n\t\t\t\t\t\t\t\t\t\t\t<span itemprop=\"width\">655<\/span>\n\t\t\t\t\t\t\t\t\t\t<\/span>\n\t\t\t\t\t\t\t\t\t\t<span class=\"av-structured-data\" itemprop=\"publisher\" itemscope=\"itemscope\" itemtype=\"https:\/\/schema.org\/Organization\">\n\t\t\t\t\t\t\t\t\t\t\t<span itemprop=\"name\">Bevanar&amp;Dorga SA<\/span>\n\t\t\t\t\t\t\t\t\t\t\t<span itemprop=\"logo\" itemscope=\"\" itemtype=\"https:\/\/schema.org\/ImageObject\">\n\t\t\t\t\t\t\t\t\t\t\t\t\t\t\t\t\t\t\t\t\t\t\t\t<span itemprop=\"url\"><\/span>\n\t\t\t\t\t\t\t\t\t\t\t<\/span>\n\t\t\t\t\t\t\t\t\t\t<\/span>\n\t\t\t\t\t\t\t\t\t\t<span class=\"av-structured-data\" itemprop=\"author\" itemscope=\"itemscope\" itemtype=\"https:\/\/schema.org\/Person\"><span itemprop=\"name\">Bevanar&#38;Dorga<\/span><\/span>\n\t\t\t\t\t\t\t\t\t\t<span class=\"av-structured-data\" itemprop=\"datePublished\" datetime=\"2026-02-05T17:35:28+01:00\">5 February 2026<\/span>\n\t\t\t\t\t\t\t\t\t\t<span class=\"av-structured-data\" itemprop=\"dateModified\">2026-03-31T11:59:31+02:00<\/span>\n\t\t\t\t\t\t\t\t\t\t<span class=\"av-structured-data\" itemprop=\"mainEntityOfPage\"><span itemprop=\"name\">Herz der Bourbon-Vanille Eurovanille<\/span><\/span>\n\t\t\t\t\t\t\t\t\t<\/span>\n\t\t\t\t\t\t\t\t<\/article>\n\t\t\t\t\t\t\t\t\t\t\t\t\t\t\t\t<article class=\"trs-slide\" itemscope=\"itemscope\" itemtype=\"https:\/\/schema.org\/CreativeWork\">\n\t\t\t\t\t\t\t\t\t<span data-rel=\"slide-2\" class=\"slide-image\" title=\"Vanilleschote Tahitensis Eurovanille\">\n\t\t\t\t\t\t\t\t\t\t<a target=\"_blank\" href=\"https:\/\/peem.shop\/product\/282\/97418?search=97418\" rel=\"noopener\">\t\t\t\t\t\t\t\t\t\t<img decoding=\"async\" fetchpriority=\"high\" \n\t\t\t\t\t\t\t\t\t\t\t width=\"764\" \n\t\t\t\t\t\t\t\t\t\t\t height=\"617\" \n\t\t\t\t\t\t\t\t\t\t\t src=\"https:\/\/www.bevanar-dorga.ch\/wp\/wp-content\/uploads\/2025\/06\/gousse-vanille-Tahitensis-Eurovanille.png\" \n\t\t\t\t\t\t\t\t\t\t\t class=\"wp-image-6864 avia-img-lazy-loading-not-6864 attachment-masonry size-masonry wp-post-image\" \n\t\t\t\t\t\t\t\t\t\t\t alt=\"\" \n\t\t\t\t\t\t\t\t\t\t\t srcset=\"https:\/\/www.bevanar-dorga.ch\/wp\/wp-content\/uploads\/2025\/06\/gousse-vanille-Tahitensis-Eurovanille-705x569.png 705w, https:\/\/www.bevanar-dorga.ch\/wp\/wp-content\/uploads\/2025\/06\/gousse-vanille-Tahitensis-Eurovanille-300x242.png 300w, https:\/\/www.bevanar-dorga.ch\/wp\/wp-content\/uploads\/2025\/06\/gousse-vanille-Tahitensis-Eurovanille-495x400.png 495w, https:\/\/www.bevanar-dorga.ch\/wp\/wp-content\/uploads\/2025\/06\/gousse-vanille-Tahitensis-Eurovanille.png 764w\" \n\t\t\t\t\t\t\t\t\t\t\t sizes=\"(max-width: 705px) 100vw, 705px\">\n\t\t\t\t\t\t\t\t\t\t<\/a>\t\t\t\t\t\t\t\t\t<\/span>\n\t\t\t\t\t\t\t\t\t<div class=\"slide-content\">\n\t\t\t\t\t\t\t\t\t\t<header class=\"entry-content-header\" aria-label=\"Slide: Vanilleschote Tahitensis Eurovanille\">\n\t\t\t\t\t\t\t\t\t\t\t<h3 class=\"slide-entry-title entry-title\" itemprop=\"headline\">\n\t\t\t\t\t\t\t\t\t\t\t\t<a target=\"_blank\" href=\"https:\/\/peem.shop\/product\/282\/97418?search=97418\" rel=\"noopener\">Vanilleschote Tahitensis Eurovanille<\/a>\t\t\t\t\t\t\t\t\t\t\t<\/h3>\n\t\t\t\t\t\t\t\t\t\t\t<span class=\"av-vertical-delimiter\"><\/span>\n\t\t\t\t\t\t\t\t\t\t<\/header>\n\t\t\t\t\t\t\t\t\t\t<div class=\"slide-meta\">\n\t\t\t\t\t\t\t\t\t\t\t<time class=\"slide-meta-time updated\" itemprop=\"datePublished\" datetime=\"2025-06-02T12:47:46+02:00\">2 June 2025<\/time>\n\t\t\t\t\t\t\t\t\t\t<\/div>\n\t\t\t\t\t\t\t\t\t\t<div class=\"slide-entry-excerpt entry-content\" itemprop=\"text\">Papua-Neuguinea (16-17cm) - 250 g - Art.-Nr. 97417<\/div>\n\t\t\t\t\t\t\t\t\t\t<a class=\"link_more\" target=\"_blank\" href=\"https:\/\/peem.shop\/product\/282\/97418?search=97418\" rel=\"noopener\">Mehr erfahren<\/a>\t\t\t\t\t\t\t\t\t<\/div>\n\t\t\t\t\t\t\t\t\t<footer class=\"entry-footer\"><\/footer>\n\t\t\t\t\t\t\t\t\t<span class=\"hidden\">\n\t\t\t\t\t\t\t\t\t\t<span class=\"av-structured-data\" itemprop=\"image\" itemscope=\"itemscope\" itemtype=\"https:\/\/schema.org\/ImageObject\">\n\t\t\t\t\t\t\t\t\t\t\t<span itemprop=\"url\">https:\/\/www.bevanar-dorga.ch\/wp\/wp-content\/uploads\/2025\/06\/gousse-vanille-Tahitensis-Eurovanille.png<\/span>\n\t\t\t\t\t\t\t\t\t\t\t<span itemprop=\"height\">617<\/span>\n\t\t\t\t\t\t\t\t\t\t\t<span itemprop=\"width\">764<\/span>\n\t\t\t\t\t\t\t\t\t\t<\/span>\n\t\t\t\t\t\t\t\t\t\t<span class=\"av-structured-data\" itemprop=\"publisher\" itemscope=\"itemscope\" itemtype=\"https:\/\/schema.org\/Organization\">\n\t\t\t\t\t\t\t\t\t\t\t<span itemprop=\"name\">Bevanar&amp;Dorga SA<\/span>\n\t\t\t\t\t\t\t\t\t\t\t<span itemprop=\"logo\" itemscope=\"\" itemtype=\"https:\/\/schema.org\/ImageObject\">\n\t\t\t\t\t\t\t\t\t\t\t\t\t\t\t\t\t\t\t\t\t\t\t\t<span itemprop=\"url\"><\/span>\n\t\t\t\t\t\t\t\t\t\t\t<\/span>\n\t\t\t\t\t\t\t\t\t\t<\/span>\n\t\t\t\t\t\t\t\t\t\t<span class=\"av-structured-data\" itemprop=\"author\" itemscope=\"itemscope\" itemtype=\"https:\/\/schema.org\/Person\"><span itemprop=\"name\">Bevanar&#38;Dorga<\/span><\/span>\n\t\t\t\t\t\t\t\t\t\t<span class=\"av-structured-data\" itemprop=\"datePublished\" datetime=\"2025-06-02T12:47:46+02:00\">2 June 2025<\/span>\n\t\t\t\t\t\t\t\t\t\t<span class=\"av-structured-data\" itemprop=\"dateModified\">2025-06-02T12:47:46+02:00<\/span>\n\t\t\t\t\t\t\t\t\t\t<span class=\"av-structured-data\" itemprop=\"mainEntityOfPage\"><span itemprop=\"name\">Vanilleschote Tahitensis Eurovanille<\/span><\/span>\n\t\t\t\t\t\t\t\t\t<\/span>\n\t\t\t\t\t\t\t\t<\/article>\n\t\t\t\t\t\t\t\t\t\t\t\t\t\t\t\t<article class=\"trs-slide\" itemscope=\"itemscope\" itemtype=\"https:\/\/schema.org\/CreativeWork\">\n\t\t\t\t\t\t\t\t\t<span data-rel=\"slide-3\" class=\"slide-image\" title=\"Bourbon Vanille Perle Eurovanille\">\n\t\t\t\t\t\t\t\t\t\t<a target=\"_blank\" href=\"https:\/\/peem.shop\/product\/282\/12458?search=PERLES+VANILLE\" rel=\"noopener\">\t\t\t\t\t\t\t\t\t\t<img decoding=\"async\" fetchpriority=\"high\" \n\t\t\t\t\t\t\t\t\t\t\t width=\"764\" \n\t\t\t\t\t\t\t\t\t\t\t height=\"617\" \n\t\t\t\t\t\t\t\t\t\t\t src=\"https:\/\/www.bevanar-dorga.ch\/wp\/wp-content\/uploads\/2025\/06\/perles-de-vanille-bourbon-eurovanille.png\" \n\t\t\t\t\t\t\t\t\t\t\t class=\"wp-image-6854 avia-img-lazy-loading-not-6854 attachment-masonry size-masonry wp-post-image\" \n\t\t\t\t\t\t\t\t\t\t\t alt=\"\" \n\t\t\t\t\t\t\t\t\t\t\t srcset=\"https:\/\/www.bevanar-dorga.ch\/wp\/wp-content\/uploads\/2025\/06\/perles-de-vanille-bourbon-eurovanille-705x569.png 705w, https:\/\/www.bevanar-dorga.ch\/wp\/wp-content\/uploads\/2025\/06\/perles-de-vanille-bourbon-eurovanille-300x242.png 300w, https:\/\/www.bevanar-dorga.ch\/wp\/wp-content\/uploads\/2025\/06\/perles-de-vanille-bourbon-eurovanille-495x400.png 495w, https:\/\/www.bevanar-dorga.ch\/wp\/wp-content\/uploads\/2025\/06\/perles-de-vanille-bourbon-eurovanille.png 764w\" \n\t\t\t\t\t\t\t\t\t\t\t sizes=\"(max-width: 705px) 100vw, 705px\">\n\t\t\t\t\t\t\t\t\t\t<\/a>\t\t\t\t\t\t\t\t\t<\/span>\n\t\t\t\t\t\t\t\t\t<div class=\"slide-content\">\n\t\t\t\t\t\t\t\t\t\t<header class=\"entry-content-header\" aria-label=\"Slide: Bourbon Vanille Perle Eurovanille\">\n\t\t\t\t\t\t\t\t\t\t\t<h3 class=\"slide-entry-title entry-title\" itemprop=\"headline\">\n\t\t\t\t\t\t\t\t\t\t\t\t<a target=\"_blank\" href=\"https:\/\/peem.shop\/product\/282\/12458?search=PERLES+VANILLE\" rel=\"noopener\">Bourbon Vanille Perle Eurovanille<\/a>\t\t\t\t\t\t\t\t\t\t\t<\/h3>\n\t\t\t\t\t\t\t\t\t\t\t<span class=\"av-vertical-delimiter\"><\/span>\n\t\t\t\t\t\t\t\t\t\t<\/header>\n\t\t\t\t\t\t\t\t\t\t<div class=\"slide-meta\">\n\t\t\t\t\t\t\t\t\t\t\t<time class=\"slide-meta-time updated\" itemprop=\"datePublished\" datetime=\"2025-06-02T12:39:55+02:00\">2 June 2025<\/time>\n\t\t\t\t\t\t\t\t\t\t<\/div>\n\t\t\t\t\t\t\t\t\t\t<div class=\"slide-entry-excerpt entry-content\" itemprop=\"text\">100 g - Art.-Nr. 12458<\/div>\n\t\t\t\t\t\t\t\t\t\t<a class=\"link_more\" target=\"_blank\" href=\"https:\/\/peem.shop\/product\/282\/12458?search=PERLES+VANILLE\" rel=\"noopener\">Mehr erfahren<\/a>\t\t\t\t\t\t\t\t\t<\/div>\n\t\t\t\t\t\t\t\t\t<footer class=\"entry-footer\"><\/footer>\n\t\t\t\t\t\t\t\t\t<span class=\"hidden\">\n\t\t\t\t\t\t\t\t\t\t<span class=\"av-structured-data\" itemprop=\"image\" itemscope=\"itemscope\" itemtype=\"https:\/\/schema.org\/ImageObject\">\n\t\t\t\t\t\t\t\t\t\t\t<span itemprop=\"url\">https:\/\/www.bevanar-dorga.ch\/wp\/wp-content\/uploads\/2025\/06\/perles-de-vanille-bourbon-eurovanille.png<\/span>\n\t\t\t\t\t\t\t\t\t\t\t<span itemprop=\"height\">617<\/span>\n\t\t\t\t\t\t\t\t\t\t\t<span itemprop=\"width\">764<\/span>\n\t\t\t\t\t\t\t\t\t\t<\/span>\n\t\t\t\t\t\t\t\t\t\t<span class=\"av-structured-data\" itemprop=\"publisher\" itemscope=\"itemscope\" itemtype=\"https:\/\/schema.org\/Organization\">\n\t\t\t\t\t\t\t\t\t\t\t<span itemprop=\"name\">Bevanar&amp;Dorga SA<\/span>\n\t\t\t\t\t\t\t\t\t\t\t<span itemprop=\"logo\" itemscope=\"\" itemtype=\"https:\/\/schema.org\/ImageObject\">\n\t\t\t\t\t\t\t\t\t\t\t\t\t\t\t\t\t\t\t\t\t\t\t\t<span itemprop=\"url\"><\/span>\n\t\t\t\t\t\t\t\t\t\t\t<\/span>\n\t\t\t\t\t\t\t\t\t\t<\/span>\n\t\t\t\t\t\t\t\t\t\t<span class=\"av-structured-data\" itemprop=\"author\" itemscope=\"itemscope\" itemtype=\"https:\/\/schema.org\/Person\"><span itemprop=\"name\">Bevanar&#38;Dorga<\/span><\/span>\n\t\t\t\t\t\t\t\t\t\t<span class=\"av-structured-data\" itemprop=\"datePublished\" datetime=\"2025-06-02T12:39:55+02:00\">2 June 2025<\/span>\n\t\t\t\t\t\t\t\t\t\t<span class=\"av-structured-data\" itemprop=\"dateModified\">2025-06-02T12:39:55+02:00<\/span>\n\t\t\t\t\t\t\t\t\t\t<span class=\"av-structured-data\" itemprop=\"mainEntityOfPage\"><span itemprop=\"name\">Bourbon Vanille Perle Eurovanille<\/span><\/span>\n\t\t\t\t\t\t\t\t\t<\/span>\n\t\t\t\t\t\t\t\t<\/article>\n\t\t\t\t\t\t\t\t\t\t\t\t\t\t\t\t<article class=\"trs-slide\" itemscope=\"itemscope\" itemtype=\"https:\/\/schema.org\/CreativeWork\">\n\t\t\t\t\t\t\t\t\t<span data-rel=\"slide-4\" class=\"slide-image\" title=\"Vanilleschote Bourbon Vanille Madagaskar Eurovanille\">\n\t\t\t\t\t\t\t\t\t\t<a target=\"_blank\" href=\"https:\/\/peem.shop\/product\/282\/12442?search=12442\" rel=\"noopener\">\t\t\t\t\t\t\t\t\t\t<img decoding=\"async\" fetchpriority=\"high\" \n\t\t\t\t\t\t\t\t\t\t\t width=\"500\" \n\t\t\t\t\t\t\t\t\t\t\t height=\"500\" \n\t\t\t\t\t\t\t\t\t\t\t src=\"https:\/\/www.bevanar-dorga.ch\/wp\/wp-content\/uploads\/2025\/06\/gousses_bourbon_Eurovanille_BiO.png\" \n\t\t\t\t\t\t\t\t\t\t\t class=\"wp-image-6846 avia-img-lazy-loading-not-6846 attachment-masonry size-masonry wp-post-image\" \n\t\t\t\t\t\t\t\t\t\t\t alt=\"\" \n\t\t\t\t\t\t\t\t\t\t\t srcset=\"https:\/\/www.bevanar-dorga.ch\/wp\/wp-content\/uploads\/2025\/06\/gousses_bourbon_Eurovanille_BiO.png 500w, https:\/\/www.bevanar-dorga.ch\/wp\/wp-content\/uploads\/2025\/06\/gousses_bourbon_Eurovanille_BiO-300x300.png 300w, https:\/\/www.bevanar-dorga.ch\/wp\/wp-content\/uploads\/2025\/06\/gousses_bourbon_Eurovanille_BiO-80x80.png 80w, https:\/\/www.bevanar-dorga.ch\/wp\/wp-content\/uploads\/2025\/06\/gousses_bourbon_Eurovanille_BiO-36x36.png 36w, https:\/\/www.bevanar-dorga.ch\/wp\/wp-content\/uploads\/2025\/06\/gousses_bourbon_Eurovanille_BiO-180x180.png 180w\" \n\t\t\t\t\t\t\t\t\t\t\t sizes=\"(max-width: 500px) 100vw, 500px\">\n\t\t\t\t\t\t\t\t\t\t<\/a>\t\t\t\t\t\t\t\t\t<\/span>\n\t\t\t\t\t\t\t\t\t<div class=\"slide-content\">\n\t\t\t\t\t\t\t\t\t\t<header class=\"entry-content-header\" aria-label=\"Slide: Vanilleschote Bourbon Vanille Madagaskar Eurovanille\">\n\t\t\t\t\t\t\t\t\t\t\t<h3 class=\"slide-entry-title entry-title\" itemprop=\"headline\">\n\t\t\t\t\t\t\t\t\t\t\t\t<a target=\"_blank\" href=\"https:\/\/peem.shop\/product\/282\/12442?search=12442\" rel=\"noopener\">Vanilleschote Bourbon Vanille Madagaskar Eurovanille<\/a>\t\t\t\t\t\t\t\t\t\t\t<\/h3>\n\t\t\t\t\t\t\t\t\t\t\t<span class=\"av-vertical-delimiter\"><\/span>\n\t\t\t\t\t\t\t\t\t\t<\/header>\n\t\t\t\t\t\t\t\t\t\t<div class=\"slide-meta\">\n\t\t\t\t\t\t\t\t\t\t\t<time class=\"slide-meta-time updated\" itemprop=\"datePublished\" datetime=\"2025-06-02T12:30:13+02:00\">2 June 2025<\/time>\n\t\t\t\t\t\t\t\t\t\t<\/div>\n\t\t\t\t\t\t\t\t\t\t<div class=\"slide-entry-excerpt entry-content\" itemprop=\"text\">BIO - 16-20cm - 250 g - Art.-Nr. 12442<\/div>\n\t\t\t\t\t\t\t\t\t\t<a class=\"link_more\" target=\"_blank\" href=\"https:\/\/peem.shop\/product\/282\/12442?search=12442\" rel=\"noopener\">Mehr erfahren<\/a>\t\t\t\t\t\t\t\t\t<\/div>\n\t\t\t\t\t\t\t\t\t<footer class=\"entry-footer\"><\/footer>\n\t\t\t\t\t\t\t\t\t<span class=\"hidden\">\n\t\t\t\t\t\t\t\t\t\t<span class=\"av-structured-data\" itemprop=\"image\" itemscope=\"itemscope\" itemtype=\"https:\/\/schema.org\/ImageObject\">\n\t\t\t\t\t\t\t\t\t\t\t<span itemprop=\"url\">https:\/\/www.bevanar-dorga.ch\/wp\/wp-content\/uploads\/2025\/06\/gousses_bourbon_Eurovanille_BiO.png<\/span>\n\t\t\t\t\t\t\t\t\t\t\t<span itemprop=\"height\">500<\/span>\n\t\t\t\t\t\t\t\t\t\t\t<span itemprop=\"width\">500<\/span>\n\t\t\t\t\t\t\t\t\t\t<\/span>\n\t\t\t\t\t\t\t\t\t\t<span class=\"av-structured-data\" itemprop=\"publisher\" itemscope=\"itemscope\" itemtype=\"https:\/\/schema.org\/Organization\">\n\t\t\t\t\t\t\t\t\t\t\t<span itemprop=\"name\">Bevanar&amp;Dorga SA<\/span>\n\t\t\t\t\t\t\t\t\t\t\t<span itemprop=\"logo\" itemscope=\"\" itemtype=\"https:\/\/schema.org\/ImageObject\">\n\t\t\t\t\t\t\t\t\t\t\t\t\t\t\t\t\t\t\t\t\t\t\t\t<span itemprop=\"url\"><\/span>\n\t\t\t\t\t\t\t\t\t\t\t<\/span>\n\t\t\t\t\t\t\t\t\t\t<\/span>\n\t\t\t\t\t\t\t\t\t\t<span class=\"av-structured-data\" itemprop=\"author\" itemscope=\"itemscope\" itemtype=\"https:\/\/schema.org\/Person\"><span itemprop=\"name\">Bevanar&#38;Dorga<\/span><\/span>\n\t\t\t\t\t\t\t\t\t\t<span class=\"av-structured-data\" itemprop=\"datePublished\" datetime=\"2025-06-02T12:30:13+02:00\">2 June 2025<\/span>\n\t\t\t\t\t\t\t\t\t\t<span class=\"av-structured-data\" itemprop=\"dateModified\">2025-06-02T12:30:13+02:00<\/span>\n\t\t\t\t\t\t\t\t\t\t<span class=\"av-structured-data\" itemprop=\"mainEntityOfPage\"><span itemprop=\"name\">Vanilleschote Bourbon Vanille Madagaskar Eurovanille<\/span><\/span>\n\t\t\t\t\t\t\t\t\t<\/span>\n\t\t\t\t\t\t\t\t<\/article>\n\t\t\t\t\t\t\t\t\t\t\t\t\t\t\t\t<article class=\"trs-slide\" itemscope=\"itemscope\" itemtype=\"https:\/\/schema.org\/CreativeWork\">\n\t\t\t\t\t\t\t\t\t<span data-rel=\"slide-5\" class=\"slide-image\" title=\"Extrakt aus Bourbon-Vanille Eurovanille\">\n\t\t\t\t\t\t\t\t\t\t<a target=\"_blank\" href=\"https:\/\/peem.shop\/product\/282\/12417?search=eurovanille\" rel=\"noopener\">\t\t\t\t\t\t\t\t\t\t<img decoding=\"async\" fetchpriority=\"high\" \n\t\t\t\t\t\t\t\t\t\t\t width=\"1018\" \n\t\t\t\t\t\t\t\t\t\t\t height=\"822\" \n\t\t\t\t\t\t\t\t\t\t\t src=\"https:\/\/www.bevanar-dorga.ch\/wp\/wp-content\/uploads\/2024\/09\/eurovanille.png\" \n\t\t\t\t\t\t\t\t\t\t\t class=\"wp-image-3767 avia-img-lazy-loading-not-3767 attachment-masonry size-masonry wp-post-image\" \n\t\t\t\t\t\t\t\t\t\t\t alt=\"\" \n\t\t\t\t\t\t\t\t\t\t\t srcset=\"https:\/\/www.bevanar-dorga.ch\/wp\/wp-content\/uploads\/2024\/09\/eurovanille-705x569.png 705w, https:\/\/www.bevanar-dorga.ch\/wp\/wp-content\/uploads\/2024\/09\/eurovanille-300x242.png 300w, https:\/\/www.bevanar-dorga.ch\/wp\/wp-content\/uploads\/2024\/09\/eurovanille-768x620.png 768w, https:\/\/www.bevanar-dorga.ch\/wp\/wp-content\/uploads\/2024\/09\/eurovanille-495x400.png 495w, https:\/\/www.bevanar-dorga.ch\/wp\/wp-content\/uploads\/2024\/09\/eurovanille.png 1018w\" \n\t\t\t\t\t\t\t\t\t\t\t sizes=\"(max-width: 705px) 100vw, 705px\">\n\t\t\t\t\t\t\t\t\t\t<\/a>\t\t\t\t\t\t\t\t\t<\/span>\n\t\t\t\t\t\t\t\t\t<div class=\"slide-content\">\n\t\t\t\t\t\t\t\t\t\t<header class=\"entry-content-header\" aria-label=\"Slide: Extrakt aus Bourbon-Vanille Eurovanille\">\n\t\t\t\t\t\t\t\t\t\t\t<h3 class=\"slide-entry-title entry-title\" itemprop=\"headline\">\n\t\t\t\t\t\t\t\t\t\t\t\t<a target=\"_blank\" href=\"https:\/\/peem.shop\/product\/282\/12417?search=eurovanille\" rel=\"noopener\">Extrakt aus Bourbon-Vanille Eurovanille<\/a>\t\t\t\t\t\t\t\t\t\t\t<\/h3>\n\t\t\t\t\t\t\t\t\t\t\t<span class=\"av-vertical-delimiter\"><\/span>\n\t\t\t\t\t\t\t\t\t\t<\/header>\n\t\t\t\t\t\t\t\t\t\t<div class=\"slide-meta\">\n\t\t\t\t\t\t\t\t\t\t\t<time class=\"slide-meta-time updated\" itemprop=\"datePublished\" datetime=\"2024-09-19T12:12:38+02:00\">19 September 2024<\/time>\n\t\t\t\t\t\t\t\t\t\t<\/div>\n\t\t\t\t\t\t\t\t\t\t<div class=\"slide-entry-excerpt entry-content\" itemprop=\"text\">Mit K\u00f6rnern 1l - Art.-Nr. 12417<\/div>\n\t\t\t\t\t\t\t\t\t\t<a class=\"link_more\" target=\"_blank\" href=\"https:\/\/peem.shop\/product\/282\/12417?search=eurovanille\" rel=\"noopener\">Mehr erfahren<\/a>\t\t\t\t\t\t\t\t\t<\/div>\n\t\t\t\t\t\t\t\t\t<footer class=\"entry-footer\"><\/footer>\n\t\t\t\t\t\t\t\t\t<span class=\"hidden\">\n\t\t\t\t\t\t\t\t\t\t<span class=\"av-structured-data\" itemprop=\"image\" itemscope=\"itemscope\" itemtype=\"https:\/\/schema.org\/ImageObject\">\n\t\t\t\t\t\t\t\t\t\t\t<span itemprop=\"url\">https:\/\/www.bevanar-dorga.ch\/wp\/wp-content\/uploads\/2024\/09\/eurovanille.png<\/span>\n\t\t\t\t\t\t\t\t\t\t\t<span itemprop=\"height\">822<\/span>\n\t\t\t\t\t\t\t\t\t\t\t<span itemprop=\"width\">1018<\/span>\n\t\t\t\t\t\t\t\t\t\t<\/span>\n\t\t\t\t\t\t\t\t\t\t<span class=\"av-structured-data\" itemprop=\"publisher\" itemscope=\"itemscope\" itemtype=\"https:\/\/schema.org\/Organization\">\n\t\t\t\t\t\t\t\t\t\t\t<span itemprop=\"name\">Bevanar&amp;Dorga SA<\/span>\n\t\t\t\t\t\t\t\t\t\t\t<span itemprop=\"logo\" itemscope=\"\" itemtype=\"https:\/\/schema.org\/ImageObject\">\n\t\t\t\t\t\t\t\t\t\t\t\t\t\t\t\t\t\t\t\t\t\t\t\t<span itemprop=\"url\"><\/span>\n\t\t\t\t\t\t\t\t\t\t\t<\/span>\n\t\t\t\t\t\t\t\t\t\t<\/span>\n\t\t\t\t\t\t\t\t\t\t<span class=\"av-structured-data\" itemprop=\"author\" itemscope=\"itemscope\" itemtype=\"https:\/\/schema.org\/Person\"><span itemprop=\"name\">Tris<\/span><\/span>\n\t\t\t\t\t\t\t\t\t\t<span class=\"av-structured-data\" itemprop=\"datePublished\" datetime=\"2024-09-19T12:12:38+02:00\">19 September 2024<\/span>\n\t\t\t\t\t\t\t\t\t\t<span class=\"av-structured-data\" itemprop=\"dateModified\">2026-03-02T12:09:10+01:00<\/span>\n\t\t\t\t\t\t\t\t\t\t<span class=\"av-structured-data\" itemprop=\"mainEntityOfPage\"><span itemprop=\"name\">Extrakt aus Bourbon-Vanille Eurovanille<\/span><\/span>\n\t\t\t\t\t\t\t\t\t<\/span>\n\t\t\t\t\t\t\t\t<\/article>\n\t\t\t\t\t\t\t\t\t\t\t\t\t<\/div><\/div>\n\n<\/div><\/div><\/div><!-- close content main div --><\/div><\/div>\n<style type=\"text\/css\" data-created_by=\"avia_inline_auto\" id=\"style-css-av-lztu6b4k-5cbc42fd6c392c72b42497f2bcbd5ed0\">\n.avia-section.av-lztu6b4k-5cbc42fd6c392c72b42497f2bcbd5ed0{\nbackground-repeat:no-repeat;\nbackground-image:url(https:\/\/www.bevanar-dorga.ch\/wp\/wp-content\/uploads\/2024\/07\/Ambiance-chocoat-marque-Cluizel-2K.jpg);\nbackground-position:50% 50%;\nbackground-attachment:scroll;\n}\n.avia-section.av-lztu6b4k-5cbc42fd6c392c72b42497f2bcbd5ed0 .av-section-color-overlay{\nopacity:0.8;\nbackground-color:#004d65;\n}\n<\/style>\n<div id='av_section_5'  class='avia-section av-lztu6b4k-5cbc42fd6c392c72b42497f2bcbd5ed0 main_color avia-section-default avia-no-border-styling avia-full-stretch avia-bg-style-scroll av-section-color-overlay-active container_wrap fullsize'  data-section-bg-repeat='stretch'><div class=\"av-section-color-overlay-wrap\"><div class=\"av-section-color-overlay\"><\/div><div class='container av-section-cont-open' ><div class='template-page content  av-content-full alpha units'><div class='post-entry post-entry-type-page post-entry-6935'><div class='entry-content-wrapper clearfix'>\n\n<style type=\"text\/css\" data-created_by=\"avia_inline_auto\" id=\"style-css-av-13sjb1-6c1eaf7888a679084eb4d5bb17ca377f\">\n.flex_column.av-13sjb1-6c1eaf7888a679084eb4d5bb17ca377f{\npadding:20px 20px 20px 20px;\n}\n<\/style>\n<div data-aos=\"fade-up\"  class='flex_column av-13sjb1-6c1eaf7888a679084eb4d5bb17ca377f av_one_full  trs-animate first flex_column_div data-aos=\"fade-up\"  '     ><p>\n<style type=\"text\/css\" data-created_by=\"avia_inline_auto\" id=\"style-css-av-lztu3akn-23a55a18a7bf8de5c5fc848090be4626\">\n#top .av-special-heading.av-lztu3akn-23a55a18a7bf8de5c5fc848090be4626{\nmargin:0 0 30px 0;\npadding-bottom:10px;\ncolor:#ffffff;\nfont-size:25px;\n}\nbody .av-special-heading.av-lztu3akn-23a55a18a7bf8de5c5fc848090be4626 .av-special-heading-tag .heading-char{\nfont-size:25px;\n}\n#top #wrap_all .av-special-heading.av-lztu3akn-23a55a18a7bf8de5c5fc848090be4626 .av-special-heading-tag{\nfont-size:25px;\n}\n.av-special-heading.av-lztu3akn-23a55a18a7bf8de5c5fc848090be4626 .special-heading-inner-border{\nborder-color:#ffffff;\n}\n.av-special-heading.av-lztu3akn-23a55a18a7bf8de5c5fc848090be4626 .av-subheading{\nfont-size:15px;\n}\n\n@media only screen and (min-width: 480px) and (max-width: 767px){ \n#top #wrap_all .av-special-heading.av-lztu3akn-23a55a18a7bf8de5c5fc848090be4626 .av-special-heading-tag{\nfont-size:0.8em;\n}\n}\n\n@media only screen and (max-width: 479px){ \n#top #wrap_all .av-special-heading.av-lztu3akn-23a55a18a7bf8de5c5fc848090be4626 .av-special-heading-tag{\nfont-size:0.8em;\n}\n}\n<\/style>\n<div  class='av-special-heading av-lztu3akn-23a55a18a7bf8de5c5fc848090be4626 av-special-heading-h3 custom-color-heading blockquote modern-quote modern-centered av-inherit-size'><h3 class='av-special-heading-tag '  itemprop=\"headline\"  >M\u00f6chten Sie mehr erfahren?<\/h3><div class=\"special-heading-border\"><div class=\"special-heading-inner-border\"><\/div><\/div><\/div><br \/>\n<div data-aos=\"fade-up\"  class='avia-button-wrap av-lztu3rya-f46242106795c450eada0d67ffa9aaf6-wrap avia-button-center  trs-animate'>\n<style type=\"text\/css\" data-created_by=\"avia_inline_auto\" id=\"style-css-av-lztu3rya-f46242106795c450eada0d67ffa9aaf6\">\n#top #wrap_all .avia-button.av-lztu3rya-f46242106795c450eada0d67ffa9aaf6{\ncolor:#ffffff;\nborder-style:solid;\nborder-width:1px 1px 1px 1px;\ntransition:all 0.4s ease-in-out;\n}\n#top #wrap_all .avia-button.av-lztu3rya-f46242106795c450eada0d67ffa9aaf6:hover{\ncolor:#ffffff;\ntransition:all 0.4s ease-in-out;\n}\n<\/style>\n<a href='https:\/\/www.eurovanille.com\/fr_FR\/' class='avia-button av-lztu3rya-f46242106795c450eada0d67ffa9aaf6 av-link-btn avia-icon_select-no avia-size-large avia-position-center avia-color-light' target=\"_blank\" rel=\"noopener noreferrer\" aria-label=\"Zu ihrer Website\"><span class='avia_iconbox_title' >Zu ihrer Website<\/span><span class='avia_button_background avia-button avia-color-dark' ><\/span><\/a><\/div><\/p><\/div>\n\n<\/div><\/div><\/div><!-- close content main div --><\/div><\/div><\/div><div id='av_section_6'  class='avia-section av-36p6d-a728454193ad1f3d6bf0ba2724aeb023 main_color avia-section-default avia-no-border-styling avia-bg-style-scroll container_wrap fullsize'  ><div class='container av-section-cont-open' ><div class='template-page content  av-content-full alpha units'><div class='post-entry post-entry-type-page post-entry-6935'><div class='entry-content-wrapper clearfix'>\n<div  class='flex_column av-86mst-071bb31faaa6bdbf7012a5bfe153c93d av_one_full  trs-news trs-recipes first flex_column_div  '     ><p>\n<style type=\"text\/css\" data-created_by=\"avia_inline_auto\" id=\"style-css-av-lysp3n3c-81df8a030b30f505394b7bb6661f6896\">\n#top .av-special-heading.av-lysp3n3c-81df8a030b30f505394b7bb6661f6896{\npadding-bottom:10px;\n}\nbody .av-special-heading.av-lysp3n3c-81df8a030b30f505394b7bb6661f6896 .av-special-heading-tag .heading-char{\nfont-size:25px;\n}\n.av-special-heading.av-lysp3n3c-81df8a030b30f505394b7bb6661f6896 .av-subheading{\nfont-size:15px;\n}\n<\/style>\n<div data-aos=\"fade-up\"  class='av-special-heading av-lysp3n3c-81df8a030b30f505394b7bb6661f6896 av-special-heading-h2 blockquote modern-quote  trs-animate trs-special-underline'><h2 class='av-special-heading-tag '  itemprop=\"headline\"  >F\u00fcr weitere Inspiration<\/h2><div class=\"special-heading-border\"><div class=\"special-heading-inner-border\"><\/div><\/div><\/div><br \/>\n<section  class='av_textblock_section av-lztu928h-34a22e3aa2b95de583899f1ee81c062c '   itemscope=\"itemscope\" itemtype=\"https:\/\/schema.org\/CreativeWork\" ><div data-aos=\"fade-up\" class='avia_textblock trs-animate trs-spaced-p'  itemprop=\"text\" ><p style=\"text-align: left;\">Entdecken Sie unsere Rezepte<\/p>\n<\/div><\/section><br \/>\n<div data-aos=\"fade-up\"  data-slideshow-options=\"{&quot;animation&quot;:&quot;fade&quot;,&quot;autoplay&quot;:false,&quot;loop_autoplay&quot;:&quot;once&quot;,&quot;interval&quot;:5,&quot;loop_manual&quot;:&quot;manual-endless&quot;,&quot;autoplay_stopper&quot;:false,&quot;noNavigation&quot;:false,&quot;show_slide_delay&quot;:90}\" class='avia-content-slider avia-content-grid-active avia-content-slider1 avia-content-slider-even  trs-animate av-slideshow-ui av-control-default   av-no-slider-navigation av-slideshow-manual av-loop-once av-loop-manual-endless '  itemscope=\"itemscope\" itemtype=\"https:\/\/schema.org\/Blog\" ><div class=\"avia-content-slider-inner\"><div class=\"slide-entry-wrap\"><article class='slide-entry flex_column  post-entry post-entry-6934 slide-entry-overview slide-loop-1 slide-parity-odd  av_one_fourth first real-thumbnail posttype-post post-format-standard'  itemscope=\"itemscope\" itemtype=\"https:\/\/schema.org\/CreativeWork\" ><a href='https:\/\/www.bevanar-dorga.ch\/wp\/wp-content\/uploads\/2025\/07\/Eurovanille-Vanilla-Ice-Cream-1.pdf' target='_blank' data-rel='slide-1' class='slide-image' title='Vanilleeis Eurovanille' rel=\"noopener\"><img decoding=\"async\" fetchpriority=\"high\" width=\"260\" height=\"171\" src=\"https:\/\/www.bevanar-dorga.ch\/wp\/wp-content\/uploads\/2025\/07\/creme-glacee-eurovanille.jpeg\" class=\"wp-image-6931 avia-img-lazy-loading-not-6931 attachment-portfolio_small size-portfolio_small wp-post-image\" alt=\"\" \/><\/a><div class=\"slide-content\"><header class=\"entry-content-header\" aria-label=\"Slide: Vanilleeis Eurovanille\"><h3 class='slide-entry-title entry-title '  itemprop=\"headline\" ><a href='https:\/\/www.bevanar-dorga.ch\/wp\/wp-content\/uploads\/2025\/07\/Eurovanille-Vanilla-Ice-Cream-1.pdf' target='_blank' title='Vanilleeis Eurovanille' rel=\"noopener\">Vanilleeis Eurovanille<\/a><\/h3><span class=\"av-vertical-delimiter\"><\/span><\/header><div class=\"slide-meta\"><time class='slide-meta-time updated'  itemprop=\"datePublished\" datetime=\"2025-06-02T14:32:54+02:00\" >2 June 2025<\/time><\/div><div class='slide-entry-excerpt entry-content'  itemprop=\"text\" ><a rel=\"noopener noreferrer\" class=\"more-link\" href=\"https:\/\/www.bevanar-dorga.ch\/wp\/wp-content\/uploads\/2025\/07\/Eurovanille-Vanilla-Ice-Cream-1.pdf\" target=\"_blank\">Zum Rezept<span class=\"more-link-arrow\"><\/span><\/a><\/div><\/div><footer class=\"entry-footer\"><\/footer><span class='hidden'>\n\t\t\t\t<span class='av-structured-data'  itemprop=\"image\" itemscope=\"itemscope\" itemtype=\"https:\/\/schema.org\/ImageObject\" >\n\t\t\t\t\t\t<span itemprop='url'>https:\/\/www.bevanar-dorga.ch\/wp\/wp-content\/uploads\/2025\/07\/creme-glacee-eurovanille-pdf.jpg<\/span>\n\t\t\t\t\t\t<span itemprop='height'>1154<\/span>\n\t\t\t\t\t\t<span itemprop='width'>1756<\/span>\n\t\t\t\t<\/span>\n\t\t\t\t<span class='av-structured-data'  itemprop=\"publisher\" itemtype=\"https:\/\/schema.org\/Organization\" itemscope=\"itemscope\" >\n\t\t\t\t\t\t<span itemprop='name'>Bevanar&amp;Dorga<\/span>\n\t\t\t\t\t\t<span itemprop='logo' itemscope itemtype='https:\/\/schema.org\/ImageObject'>\n\t\t\t\t\t\t\t<span itemprop='url'>https:\/\/www.bevanar-dorga.ch\/wp\/wp-content\/uploads\/2024\/06\/Logo-Bevanar-site-plein.svg<\/span>\n\t\t\t\t\t\t<\/span>\n\t\t\t\t<\/span><span class='av-structured-data'  itemprop=\"author\" itemscope=\"itemscope\" itemtype=\"https:\/\/schema.org\/Person\" ><span itemprop='name'>Bevanar&amp;Dorga<\/span><\/span><span class='av-structured-data'  itemprop=\"datePublished\" datetime=\"2024-09-19T12:12:38+02:00\" >2025-06-02 14:32:54<\/span><span class='av-structured-data'  itemprop=\"dateModified\" itemtype=\"https:\/\/schema.org\/dateModified\" >2025-06-02 14:32:54<\/span><span class='av-structured-data'  itemprop=\"mainEntityOfPage\" itemtype=\"https:\/\/schema.org\/mainEntityOfPage\" ><span itemprop='name'>Vanilleeis Eurovanille<\/span><\/span><\/span><\/article><article class='slide-entry flex_column  post-entry post-entry-6927 slide-entry-overview slide-loop-2 slide-parity-even  av_one_fourth  real-thumbnail posttype-post post-format-standard'  itemscope=\"itemscope\" itemtype=\"https:\/\/schema.org\/CreativeWork\" ><a href='https:\/\/www.bevanar-dorga.ch\/wp\/wp-content\/uploads\/2025\/07\/Eurovanille-Diplomate-Cream-2.pdf' target='_blank' data-rel='slide-1' class='slide-image' title='Konditorcreme Eurovanille' rel=\"noopener\"><img decoding=\"async\" fetchpriority=\"high\" width=\"260\" height=\"129\" src=\"https:\/\/www.bevanar-dorga.ch\/wp\/wp-content\/uploads\/2025\/07\/Creme-patissiere-eurovanille.jpeg\" class=\"wp-image-6924 avia-img-lazy-loading-not-6924 attachment-portfolio_small size-portfolio_small wp-post-image\" alt=\"\" \/><\/a><div class=\"slide-content\"><header class=\"entry-content-header\" aria-label=\"Slide: Konditorcreme Eurovanille\"><h3 class='slide-entry-title entry-title '  itemprop=\"headline\" ><a href='https:\/\/www.bevanar-dorga.ch\/wp\/wp-content\/uploads\/2025\/07\/Eurovanille-Diplomate-Cream-2.pdf' target='_blank' title='Konditorcreme Eurovanille' rel=\"noopener\">Konditorcreme Eurovanille<\/a><\/h3><span class=\"av-vertical-delimiter\"><\/span><\/header><div class=\"slide-meta\"><time class='slide-meta-time updated'  itemprop=\"datePublished\" datetime=\"2025-06-02T14:30:44+02:00\" >2 June 2025<\/time><\/div><div class='slide-entry-excerpt entry-content'  itemprop=\"text\" ><a rel=\"noopener noreferrer\" class=\"more-link\" href=\"https:\/\/www.bevanar-dorga.ch\/wp\/wp-content\/uploads\/2025\/07\/Eurovanille-Diplomate-Cream-2.pdf\" target=\"_blank\">Zum Rezept<span class=\"more-link-arrow\"><\/span><\/a><\/div><\/div><footer class=\"entry-footer\"><\/footer><span class='hidden'>\n\t\t\t\t<span class='av-structured-data'  itemprop=\"image\" itemscope=\"itemscope\" itemtype=\"https:\/\/schema.org\/ImageObject\" >\n\t\t\t\t\t\t<span itemprop='url'>https:\/\/www.bevanar-dorga.ch\/wp\/wp-content\/uploads\/2025\/07\/Creme-patissiere-eurovanille-pdf.jpg<\/span>\n\t\t\t\t\t\t<span itemprop='height'>746<\/span>\n\t\t\t\t\t\t<span itemprop='width'>1498<\/span>\n\t\t\t\t<\/span>\n\t\t\t\t<span class='av-structured-data'  itemprop=\"publisher\" itemtype=\"https:\/\/schema.org\/Organization\" itemscope=\"itemscope\" >\n\t\t\t\t\t\t<span itemprop='name'>Bevanar&amp;Dorga<\/span>\n\t\t\t\t\t\t<span itemprop='logo' itemscope itemtype='https:\/\/schema.org\/ImageObject'>\n\t\t\t\t\t\t\t<span itemprop='url'>https:\/\/www.bevanar-dorga.ch\/wp\/wp-content\/uploads\/2024\/06\/Logo-Bevanar-site-plein.svg<\/span>\n\t\t\t\t\t\t<\/span>\n\t\t\t\t<\/span><span class='av-structured-data'  itemprop=\"author\" itemscope=\"itemscope\" itemtype=\"https:\/\/schema.org\/Person\" ><span itemprop='name'>Bevanar&amp;Dorga<\/span><\/span><span class='av-structured-data'  itemprop=\"datePublished\" datetime=\"2024-09-19T12:12:38+02:00\" >2025-06-02 14:30:44<\/span><span class='av-structured-data'  itemprop=\"dateModified\" itemtype=\"https:\/\/schema.org\/dateModified\" >2025-06-02 14:30:44<\/span><span class='av-structured-data'  itemprop=\"mainEntityOfPage\" itemtype=\"https:\/\/schema.org\/mainEntityOfPage\" ><span itemprop='name'>Konditorcreme Eurovanille<\/span><\/span><\/span><\/article><article class='slide-entry flex_column  post-entry post-entry-6928 slide-entry-overview slide-loop-3 slide-parity-odd  av_one_fourth  real-thumbnail posttype-post post-format-standard'  itemscope=\"itemscope\" itemtype=\"https:\/\/schema.org\/CreativeWork\" ><a href='https:\/\/www.bevanar-dorga.ch\/wp\/wp-content\/uploads\/2025\/07\/Eurovanille-Mousseline-Cream-1.pdf' target='_blank' data-rel='slide-1' class='slide-image' title='Eurovanille Mousseline-Creme' rel=\"noopener\"><img decoding=\"async\" fetchpriority=\"high\" width=\"260\" height=\"185\" src=\"https:\/\/www.bevanar-dorga.ch\/wp\/wp-content\/uploads\/2025\/06\/mousseline-vanille-Eurovanille-260x185.jpeg\" class=\"wp-image-6918 avia-img-lazy-loading-not-6918 attachment-portfolio_small size-portfolio_small wp-post-image\" alt=\"\" \/><\/a><div class=\"slide-content\"><header class=\"entry-content-header\" aria-label=\"Slide: Eurovanille Mousseline-Creme\"><h3 class='slide-entry-title entry-title '  itemprop=\"headline\" ><a href='https:\/\/www.bevanar-dorga.ch\/wp\/wp-content\/uploads\/2025\/07\/Eurovanille-Mousseline-Cream-1.pdf' target='_blank' title='Eurovanille Mousseline-Creme' rel=\"noopener\">Eurovanille Mousseline-Creme<\/a><\/h3><span class=\"av-vertical-delimiter\"><\/span><\/header><div class=\"slide-meta\"><time class='slide-meta-time updated'  itemprop=\"datePublished\" datetime=\"2025-06-02T14:29:12+02:00\" >2 June 2025<\/time><\/div><div class='slide-entry-excerpt entry-content'  itemprop=\"text\" ><a rel=\"noopener noreferrer\" class=\"more-link\" href=\"https:\/\/www.bevanar-dorga.ch\/wp\/wp-content\/uploads\/2025\/07\/Eurovanille-Mousseline-Cream-1.pdf\" target=\"_blank\">Zum Rezept<span class=\"more-link-arrow\"><\/span><\/a><\/div><\/div><footer class=\"entry-footer\"><\/footer><span class='hidden'>\n\t\t\t\t<span class='av-structured-data'  itemprop=\"image\" itemscope=\"itemscope\" itemtype=\"https:\/\/schema.org\/ImageObject\" >\n\t\t\t\t\t\t<span itemprop='url'>https:\/\/www.bevanar-dorga.ch\/wp\/wp-content\/uploads\/2025\/06\/mousseline-vanille-Eurovanille.jpeg<\/span>\n\t\t\t\t\t\t<span itemprop='height'>851<\/span>\n\t\t\t\t\t\t<span itemprop='width'>1345<\/span>\n\t\t\t\t<\/span>\n\t\t\t\t<span class='av-structured-data'  itemprop=\"publisher\" itemtype=\"https:\/\/schema.org\/Organization\" itemscope=\"itemscope\" >\n\t\t\t\t\t\t<span itemprop='name'>Bevanar&amp;Dorga<\/span>\n\t\t\t\t\t\t<span itemprop='logo' itemscope itemtype='https:\/\/schema.org\/ImageObject'>\n\t\t\t\t\t\t\t<span itemprop='url'>https:\/\/www.bevanar-dorga.ch\/wp\/wp-content\/uploads\/2024\/06\/Logo-Bevanar-site-plein.svg<\/span>\n\t\t\t\t\t\t<\/span>\n\t\t\t\t<\/span><span class='av-structured-data'  itemprop=\"author\" itemscope=\"itemscope\" itemtype=\"https:\/\/schema.org\/Person\" ><span itemprop='name'>Bevanar&amp;Dorga<\/span><\/span><span class='av-structured-data'  itemprop=\"datePublished\" datetime=\"2024-09-19T12:12:38+02:00\" >2025-06-02 14:29:12<\/span><span class='av-structured-data'  itemprop=\"dateModified\" itemtype=\"https:\/\/schema.org\/dateModified\" >2025-07-16 14:27:23<\/span><span class='av-structured-data'  itemprop=\"mainEntityOfPage\" itemtype=\"https:\/\/schema.org\/mainEntityOfPage\" ><span itemprop='name'>Eurovanille Mousseline-Creme<\/span><\/span><\/span><\/article><article class='slide-entry flex_column  post-entry post-entry-6915 slide-entry-overview slide-loop-4 slide-parity-even  post-entry-last  av_one_fourth  real-thumbnail posttype-post post-format-standard'  itemscope=\"itemscope\" itemtype=\"https:\/\/schema.org\/CreativeWork\" ><a href='https:\/\/www.bevanar-dorga.ch\/wp\/wp-content\/uploads\/2025\/07\/Eurovanille-Vanilla-Macaron-1.pdf' target='_blank' data-rel='slide-1' class='slide-image' title='Vanillemakrone Eurovanille' rel=\"noopener\"><img decoding=\"async\" fetchpriority=\"high\" width=\"260\" height=\"177\" src=\"https:\/\/www.bevanar-dorga.ch\/wp\/wp-content\/uploads\/2025\/07\/macaron-eurovanille.jpeg\" class=\"wp-image-6911 avia-img-lazy-loading-not-6911 attachment-portfolio_small size-portfolio_small wp-post-image\" alt=\"\" \/><\/a><div class=\"slide-content\"><header class=\"entry-content-header\" aria-label=\"Slide: Vanillemakrone Eurovanille\"><h3 class='slide-entry-title entry-title '  itemprop=\"headline\" ><a href='https:\/\/www.bevanar-dorga.ch\/wp\/wp-content\/uploads\/2025\/07\/Eurovanille-Vanilla-Macaron-1.pdf' target='_blank' title='Vanillemakrone Eurovanille' rel=\"noopener\">Vanillemakrone Eurovanille<\/a><\/h3><span class=\"av-vertical-delimiter\"><\/span><\/header><div class=\"slide-meta\"><time class='slide-meta-time updated'  itemprop=\"datePublished\" datetime=\"2025-06-02T14:24:24+02:00\" >2 June 2025<\/time><\/div><div class='slide-entry-excerpt entry-content'  itemprop=\"text\" ><a rel=\"noopener noreferrer\" class=\"more-link\" href=\"https:\/\/www.bevanar-dorga.ch\/wp\/wp-content\/uploads\/2025\/07\/Eurovanille-Vanilla-Macaron-1.pdf\" target=\"_blank\">Zum Rezept<span class=\"more-link-arrow\"><\/span><\/a><\/div><\/div><footer class=\"entry-footer\"><\/footer><span class='hidden'>\n\t\t\t\t<span class='av-structured-data'  itemprop=\"image\" itemscope=\"itemscope\" itemtype=\"https:\/\/schema.org\/ImageObject\" >\n\t\t\t\t\t\t<span itemprop='url'>https:\/\/www.bevanar-dorga.ch\/wp\/wp-content\/uploads\/2025\/07\/macaron-eurovanille-pdf.jpg<\/span>\n\t\t\t\t\t\t<span itemprop='height'>414<\/span>\n\t\t\t\t\t\t<span itemprop='width'>607<\/span>\n\t\t\t\t<\/span>\n\t\t\t\t<span class='av-structured-data'  itemprop=\"publisher\" itemtype=\"https:\/\/schema.org\/Organization\" itemscope=\"itemscope\" >\n\t\t\t\t\t\t<span itemprop='name'>Bevanar&amp;Dorga<\/span>\n\t\t\t\t\t\t<span itemprop='logo' itemscope itemtype='https:\/\/schema.org\/ImageObject'>\n\t\t\t\t\t\t\t<span itemprop='url'>https:\/\/www.bevanar-dorga.ch\/wp\/wp-content\/uploads\/2024\/06\/Logo-Bevanar-site-plein.svg<\/span>\n\t\t\t\t\t\t<\/span>\n\t\t\t\t<\/span><span class='av-structured-data'  itemprop=\"author\" itemscope=\"itemscope\" itemtype=\"https:\/\/schema.org\/Person\" ><span itemprop='name'>Bevanar&amp;Dorga<\/span><\/span><span class='av-structured-data'  itemprop=\"datePublished\" datetime=\"2024-09-19T12:12:38+02:00\" >2025-06-02 14:24:24<\/span><span class='av-structured-data'  itemprop=\"dateModified\" itemtype=\"https:\/\/schema.org\/dateModified\" >2025-06-02 14:24:24<\/span><span class='av-structured-data'  itemprop=\"mainEntityOfPage\" itemtype=\"https:\/\/schema.org\/mainEntityOfPage\" ><span itemprop='name'>Vanillemakrone Eurovanille<\/span><\/span><\/span><\/article><\/div><\/div><\/div><br \/>\n<div data-aos=\"fade-up\"  class='avia-button-wrap av-lztuepvj-9617f502d2548bda056a2c6e299e8288-wrap avia-button-center  trs-animate'>\n<style type=\"text\/css\" data-created_by=\"avia_inline_auto\" id=\"style-css-av-lztuepvj-9617f502d2548bda056a2c6e299e8288\">\n#top #wrap_all .avia-button.av-lztuepvj-9617f502d2548bda056a2c6e299e8288{\nfont-size:18px;\ntransition:all 0.4s ease-in-out;\nmargin:20px 0 0 0;\n}\n<\/style>\n<a href='https:\/\/www.bevanar-dorga.ch\/de\/nachrichten\/#recettes'  class='avia-button av-lztuepvj-9617f502d2548bda056a2c6e299e8288 av-link-btn avia-icon_select-no avia-size-large avia-position-center avia-color-theme-color'   aria-label=\"Weitere Rezepte\"><span class='avia_iconbox_title' >Weitere Rezepte<\/span><\/a><\/div><\/p><\/div><\/div><\/div><\/div><!-- close content main div --><\/div><\/div>\n<style type=\"text\/css\" data-created_by=\"avia_inline_auto\" id=\"style-css-av-qy35p-52536d138d4a7fc1213cd3d1bd25d957\">\n.avia-section.av-qy35p-52536d138d4a7fc1213cd3d1bd25d957{\nbackground-color:#f9f5f1;\nbackground-image:unset;\n}\n<\/style>\n<div id='av_section_7'  class='avia-section av-qy35p-52536d138d4a7fc1213cd3d1bd25d957 main_color avia-section-default avia-no-border-styling avia-bg-style-scroll container_wrap fullsize'  ><div class='container av-section-cont-open' ><div class='template-page content  av-content-full alpha units'><div class='post-entry post-entry-type-page post-entry-6935'><div class='entry-content-wrapper clearfix'>\n<div  class='flex_column av-j78kt-b1d550bb650def77589b85a77c280232 av_one_full first flex_column_div  '     ><p>\n<style type=\"text\/css\" data-created_by=\"avia_inline_auto\" id=\"style-css-av-g0pw5-b7beddb838f3e43c7a8c0313a13ec21a\">\n#top .av-special-heading.av-g0pw5-b7beddb838f3e43c7a8c0313a13ec21a{\npadding-bottom:10px;\n}\nbody .av-special-heading.av-g0pw5-b7beddb838f3e43c7a8c0313a13ec21a .av-special-heading-tag .heading-char{\nfont-size:25px;\n}\n.av-special-heading.av-g0pw5-b7beddb838f3e43c7a8c0313a13ec21a .av-subheading{\nfont-size:15px;\n}\n<\/style>\n<div data-aos=\"fade-up\"  class='av-special-heading av-g0pw5-b7beddb838f3e43c7a8c0313a13ec21a av-special-heading-h2 blockquote modern-quote modern-centered  trs-animate trs-special-underline'><h2 class='av-special-heading-tag '  itemprop=\"headline\"  >Know-how<\/h2><div class=\"special-heading-border\"><div class=\"special-heading-inner-border\"><\/div><\/div><\/div><br \/>\n<div id='av-masonry-1' class='av-masonry av-mbf0o5a9-4e1ffd9ff01da78255f49e37f96d25ae noHover av-fixed-size av-large-gap av-hover-overlay-active av-masonry-animation-active av-masonry-col-3 av-caption-always av-caption-style- av-masonry-gallery ' data-post_id=\"4086\"><div class=\"av-masonry-container isotope av-js-disabled\"><div class='av-masonry-entry isotope-item av-masonry-item-no-image '><\/div><a href=\"https:\/\/www.bevanar-dorga.ch\/wp\/wp-content\/uploads\/2025\/06\/eurovanille-web-3.jpg\" data-srcset=\"https:\/\/www.bevanar-dorga.ch\/wp\/wp-content\/uploads\/2025\/06\/eurovanille-web-3.jpg 755w, https:\/\/www.bevanar-dorga.ch\/wp\/wp-content\/uploads\/2025\/06\/eurovanille-web-3-300x193.jpg 300w, https:\/\/www.bevanar-dorga.ch\/wp\/wp-content\/uploads\/2025\/06\/eurovanille-web-3-705x453.jpg 705w\" data-sizes=\"(max-width: 755px) 100vw, 755px\"  aria-label=\"Bild Respekt f\u00fcr die Pflanzer\"  id='av-masonry-1-item-6891' data-av-masonry-item='6891' class='av-masonry-entry isotope-item post-6891 attachment type-attachment status-inherit hentry  av-masonry-item-with-image av-grid-img' title=\"Respekt f\u00fcr die Pflanzer\" alt=\"\"    itemprop=\"thumbnailUrl\" ><div class='av-inner-masonry-sizer'><\/div><figure class='av-inner-masonry main_color'><div class=\"av-masonry-outerimage-container\"><div class='av-masonry-image-container' style=\"background-image: url(https:\/\/www.bevanar-dorga.ch\/wp\/wp-content\/uploads\/2025\/06\/eurovanille-web-3.jpg);\"  title=\"Respekt f\u00fcr die Pflanzer\" ><\/div><\/div><\/figure><\/a><!--end av-masonry entry--><a href=\"https:\/\/www.bevanar-dorga.ch\/wp\/wp-content\/uploads\/2025\/06\/eurovanille-innovation.png\" data-srcset=\"https:\/\/www.bevanar-dorga.ch\/wp\/wp-content\/uploads\/2025\/06\/eurovanille-innovation.png 600w, https:\/\/www.bevanar-dorga.ch\/wp\/wp-content\/uploads\/2025\/06\/eurovanille-innovation-300x267.png 300w\" data-sizes=\"(max-width: 600px) 100vw, 600px\"  aria-label=\"Bild eurovanille innovation\"  id='av-masonry-1-item-6885' data-av-masonry-item='6885' class='av-masonry-entry isotope-item post-6885 attachment type-attachment status-inherit hentry  av-masonry-item-with-image av-grid-img' title=\"eurovanille innovation\" alt=\"\"    itemprop=\"thumbnailUrl\" ><div class='av-inner-masonry-sizer'><\/div><figure class='av-inner-masonry main_color'><div class=\"av-masonry-outerimage-container\"><div class='av-masonry-image-container' style=\"background-image: url(https:\/\/www.bevanar-dorga.ch\/wp\/wp-content\/uploads\/2025\/06\/eurovanille-innovation.png);\"  title=\"eurovanille innovation\" ><\/div><\/div><\/figure><\/a><!--end av-masonry entry--><a href=\"https:\/\/www.bevanar-dorga.ch\/wp\/wp-content\/uploads\/2025\/06\/eurovanille-plante.jpg\" data-srcset=\"https:\/\/www.bevanar-dorga.ch\/wp\/wp-content\/uploads\/2025\/06\/eurovanille-plante.jpg 755w, https:\/\/www.bevanar-dorga.ch\/wp\/wp-content\/uploads\/2025\/06\/eurovanille-plante-300x193.jpg 300w, https:\/\/www.bevanar-dorga.ch\/wp\/wp-content\/uploads\/2025\/06\/eurovanille-plante-705x453.jpg 705w\" data-sizes=\"(max-width: 755px) 100vw, 755px\"  aria-label=\"Bild eurovanille plante\"  id='av-masonry-1-item-6883' data-av-masonry-item='6883' class='av-masonry-entry isotope-item post-6883 attachment type-attachment status-inherit hentry  av-masonry-item-with-image av-grid-img' title=\"eurovanille plante\" alt=\"\"    itemprop=\"thumbnailUrl\" ><div class='av-inner-masonry-sizer'><\/div><figure class='av-inner-masonry main_color'><div class=\"av-masonry-outerimage-container\"><div class='av-masonry-image-container' style=\"background-image: url(https:\/\/www.bevanar-dorga.ch\/wp\/wp-content\/uploads\/2025\/06\/eurovanille-plante.jpg);\"  title=\"eurovanille plante\" ><\/div><\/div><\/figure><\/a><!--end av-masonry entry--><a href=\"https:\/\/www.bevanar-dorga.ch\/wp\/wp-content\/uploads\/2025\/06\/qualite-eurovanille-1.png\" data-srcset=\"https:\/\/www.bevanar-dorga.ch\/wp\/wp-content\/uploads\/2025\/06\/qualite-eurovanille-1.png 600w, https:\/\/www.bevanar-dorga.ch\/wp\/wp-content\/uploads\/2025\/06\/qualite-eurovanille-1-300x267.png 300w\" data-sizes=\"(max-width: 600px) 100vw, 600px\"  aria-label=\"Bild qualit\u00e9 eurovanille\"  id='av-masonry-1-item-6881' data-av-masonry-item='6881' class='av-masonry-entry isotope-item post-6881 attachment type-attachment status-inherit hentry  av-masonry-item-with-image av-grid-img' title=\"qualit\u00e9 eurovanille\" alt=\"\"    itemprop=\"thumbnailUrl\" ><div class='av-inner-masonry-sizer'><\/div><figure class='av-inner-masonry main_color'><div class=\"av-masonry-outerimage-container\"><div class='av-masonry-image-container' style=\"background-image: url(https:\/\/www.bevanar-dorga.ch\/wp\/wp-content\/uploads\/2025\/06\/qualite-eurovanille-1.png);\"  title=\"qualit\u00e9 eurovanille\" ><\/div><\/div><\/figure><\/a><!--end av-masonry entry--><a href=\"https:\/\/www.bevanar-dorga.ch\/wp\/wp-content\/uploads\/2025\/06\/plantation-eurovanille.png\" data-srcset=\"https:\/\/www.bevanar-dorga.ch\/wp\/wp-content\/uploads\/2025\/06\/plantation-eurovanille.png 600w, https:\/\/www.bevanar-dorga.ch\/wp\/wp-content\/uploads\/2025\/06\/plantation-eurovanille-300x267.png 300w\" data-sizes=\"(max-width: 600px) 100vw, 600px\"  aria-label=\"Bild plantation eurovanille\"  id='av-masonry-1-item-6837' data-av-masonry-item='6837' class='av-masonry-entry isotope-item post-6837 attachment type-attachment status-inherit hentry  av-masonry-item-with-image av-grid-img' title=\"plantation eurovanille\" alt=\"\"    itemprop=\"thumbnailUrl\" ><div class='av-inner-masonry-sizer'><\/div><figure class='av-inner-masonry main_color'><div class=\"av-masonry-outerimage-container\"><div class='av-masonry-image-container' style=\"background-image: url(https:\/\/www.bevanar-dorga.ch\/wp\/wp-content\/uploads\/2025\/06\/plantation-eurovanille.png);\"  title=\"plantation eurovanille\" ><\/div><\/div><\/figure><\/a><!--end av-masonry entry--><a href=\"https:\/\/www.bevanar-dorga.ch\/wp\/wp-content\/uploads\/2025\/06\/eurovanille-web-1030x1030.jpg\" data-srcset=\"https:\/\/www.bevanar-dorga.ch\/wp\/wp-content\/uploads\/2025\/06\/eurovanille-web-1030x1030.jpg 1030w, https:\/\/www.bevanar-dorga.ch\/wp\/wp-content\/uploads\/2025\/06\/eurovanille-web-300x300.jpg 300w, https:\/\/www.bevanar-dorga.ch\/wp\/wp-content\/uploads\/2025\/06\/eurovanille-web-80x80.jpg 80w, https:\/\/www.bevanar-dorga.ch\/wp\/wp-content\/uploads\/2025\/06\/eurovanille-web-768x768.jpg 768w, https:\/\/www.bevanar-dorga.ch\/wp\/wp-content\/uploads\/2025\/06\/eurovanille-web-36x36.jpg 36w, https:\/\/www.bevanar-dorga.ch\/wp\/wp-content\/uploads\/2025\/06\/eurovanille-web-180x180.jpg 180w, https:\/\/www.bevanar-dorga.ch\/wp\/wp-content\/uploads\/2025\/06\/eurovanille-web-705x705.jpg 705w, https:\/\/www.bevanar-dorga.ch\/wp\/wp-content\/uploads\/2025\/06\/eurovanille-web.jpg 1080w\" data-sizes=\"(max-width: 1030px) 100vw, 1030px\"  aria-label=\"Bild Premium-Schoten\"  id='av-masonry-1-item-6824' data-av-masonry-item='6824' class='av-masonry-entry isotope-item post-6824 attachment type-attachment status-inherit hentry  av-masonry-item-with-image av-grid-img' title=\"Premium-Schoten\" alt=\"\"    itemprop=\"thumbnailUrl\" ><div class='av-inner-masonry-sizer'><\/div><figure class='av-inner-masonry main_color'><div class=\"av-masonry-outerimage-container\"><div class='av-masonry-image-container' style=\"background-image: url(https:\/\/www.bevanar-dorga.ch\/wp\/wp-content\/uploads\/2025\/06\/eurovanille-web.jpg);\"  title=\"Premium-Schoten\" ><\/div><\/div><\/figure><\/a><!--end av-masonry entry--><\/div><\/div><\/p><\/div>\n<\/p>\n","protected":false},"excerpt":{"rendered":"","protected":false},"author":2,"featured_media":0,"parent":3959,"menu_order":0,"comment_status":"closed","ping_status":"closed","template":"","meta":{"_acf_changed":false,"footnotes":""},"class_list":["post-6935","page","type-page","status-publish","hentry"],"acf":[],"yoast_head":"<!-- This site is optimized with the Yoast SEO plugin v23.5 - https:\/\/yoast.com\/wordpress\/plugins\/seo\/ -->\n<title>Eurovanille - Bevanar&amp;Dorga SA<\/title>\n<meta name=\"description\" content=\"Bevanar &amp; Dorga, ein Gro\u00dfh\u00e4ndler f\u00fcr Lebensmittel, vertreibt exklusiv in der Schweiz die Marke Eurovanille. Seit 1990 ist das franz\u00f6sische Unternehmen ein wichtiger Akteur auf dem Gebiet der nat\u00fcrlichen Vanille.\" \/>\n<meta name=\"robots\" content=\"index, follow, max-snippet:-1, max-image-preview:large, max-video-preview:-1\" \/>\n<link rel=\"canonical\" href=\"https:\/\/www.bevanar-dorga.ch\/de\/unsere-marken\/eurovanille\/\" \/>\n<meta property=\"og:locale\" content=\"de_DE\" \/>\n<meta property=\"og:type\" content=\"article\" \/>\n<meta property=\"og:title\" content=\"Eurovanille - Bevanar&amp;Dorga SA\" \/>\n<meta property=\"og:description\" content=\"Bevanar &amp; Dorga, ein Gro\u00dfh\u00e4ndler f\u00fcr Lebensmittel, vertreibt exklusiv in der Schweiz die Marke Eurovanille. Seit 1990 ist das franz\u00f6sische Unternehmen ein wichtiger Akteur auf dem Gebiet der nat\u00fcrlichen Vanille.\" \/>\n<meta property=\"og:url\" content=\"https:\/\/www.bevanar-dorga.ch\/de\/unsere-marken\/eurovanille\/\" \/>\n<meta property=\"og:site_name\" content=\"Bevanar&amp;Dorga SA\" \/>\n<meta name=\"twitter:card\" content=\"summary_large_image\" \/>\n<meta name=\"twitter:label1\" content=\"Est. reading time\" \/>\n\t<meta name=\"twitter:data1\" content=\"54 minutes\" \/>\n<script type=\"application\/ld+json\" class=\"yoast-schema-graph\">{\"@context\":\"https:\/\/schema.org\",\"@graph\":[{\"@type\":\"WebPage\",\"@id\":\"https:\/\/www.bevanar-dorga.ch\/de\/unsere-marken\/eurovanille\/\",\"url\":\"https:\/\/www.bevanar-dorga.ch\/de\/unsere-marken\/eurovanille\/\",\"name\":\"Eurovanille - Bevanar&amp;Dorga SA\",\"isPartOf\":{\"@id\":\"https:\/\/www.bevanar-dorga.ch\/de\/#website\"},\"datePublished\":\"2025-06-02T12:36:20+00:00\",\"dateModified\":\"2025-06-02T12:36:20+00:00\",\"description\":\"Bevanar & Dorga, ein Gro\u00dfh\u00e4ndler f\u00fcr Lebensmittel, vertreibt exklusiv in der Schweiz die Marke Eurovanille. Seit 1990 ist das franz\u00f6sische Unternehmen ein wichtiger Akteur auf dem Gebiet der nat\u00fcrlichen Vanille.\",\"breadcrumb\":{\"@id\":\"https:\/\/www.bevanar-dorga.ch\/de\/unsere-marken\/eurovanille\/#breadcrumb\"},\"inLanguage\":\"de-DE\",\"potentialAction\":[{\"@type\":\"ReadAction\",\"target\":[\"https:\/\/www.bevanar-dorga.ch\/de\/unsere-marken\/eurovanille\/\"]}]},{\"@type\":\"BreadcrumbList\",\"@id\":\"https:\/\/www.bevanar-dorga.ch\/de\/unsere-marken\/eurovanille\/#breadcrumb\",\"itemListElement\":[{\"@type\":\"ListItem\",\"position\":1,\"name\":\"Accueil\",\"item\":\"https:\/\/www.bevanar-dorga.ch\/de\/accueil\/\"},{\"@type\":\"ListItem\",\"position\":2,\"name\":\"Unsere Marken\",\"item\":\"https:\/\/www.bevanar-dorga.ch\/de\/unsere-marken\/\"},{\"@type\":\"ListItem\",\"position\":3,\"name\":\"Eurovanille\"}]},{\"@type\":\"WebSite\",\"@id\":\"https:\/\/www.bevanar-dorga.ch\/de\/#website\",\"url\":\"https:\/\/www.bevanar-dorga.ch\/de\/\",\"name\":\"Bevanar&amp;Dorga SA\",\"description\":\"Votre partenaire Suisse pour les produits gastronomique\",\"potentialAction\":[{\"@type\":\"SearchAction\",\"target\":{\"@type\":\"EntryPoint\",\"urlTemplate\":\"https:\/\/www.bevanar-dorga.ch\/de\/?s={search_term_string}\"},\"query-input\":{\"@type\":\"PropertyValueSpecification\",\"valueRequired\":true,\"valueName\":\"search_term_string\"}}],\"inLanguage\":\"de-DE\"}]}<\/script>\n<!-- \/ Yoast SEO plugin. -->","yoast_head_json":{"title":"Eurovanille - Bevanar&amp;Dorga SA","description":"Bevanar & Dorga, ein Gro\u00dfh\u00e4ndler f\u00fcr Lebensmittel, vertreibt exklusiv in der Schweiz die Marke Eurovanille. Seit 1990 ist das franz\u00f6sische Unternehmen ein wichtiger Akteur auf dem Gebiet der nat\u00fcrlichen Vanille.","robots":{"index":"index","follow":"follow","max-snippet":"max-snippet:-1","max-image-preview":"max-image-preview:large","max-video-preview":"max-video-preview:-1"},"canonical":"https:\/\/www.bevanar-dorga.ch\/de\/unsere-marken\/eurovanille\/","og_locale":"de_DE","og_type":"article","og_title":"Eurovanille - Bevanar&amp;Dorga SA","og_description":"Bevanar & Dorga, ein Gro\u00dfh\u00e4ndler f\u00fcr Lebensmittel, vertreibt exklusiv in der Schweiz die Marke Eurovanille. Seit 1990 ist das franz\u00f6sische Unternehmen ein wichtiger Akteur auf dem Gebiet der nat\u00fcrlichen Vanille.","og_url":"https:\/\/www.bevanar-dorga.ch\/de\/unsere-marken\/eurovanille\/","og_site_name":"Bevanar&amp;Dorga SA","twitter_card":"summary_large_image","twitter_misc":{"Est. reading time":"54 minutes"},"schema":{"@context":"https:\/\/schema.org","@graph":[{"@type":"WebPage","@id":"https:\/\/www.bevanar-dorga.ch\/de\/unsere-marken\/eurovanille\/","url":"https:\/\/www.bevanar-dorga.ch\/de\/unsere-marken\/eurovanille\/","name":"Eurovanille - Bevanar&amp;Dorga SA","isPartOf":{"@id":"https:\/\/www.bevanar-dorga.ch\/de\/#website"},"datePublished":"2025-06-02T12:36:20+00:00","dateModified":"2025-06-02T12:36:20+00:00","description":"Bevanar & Dorga, ein Gro\u00dfh\u00e4ndler f\u00fcr Lebensmittel, vertreibt exklusiv in der Schweiz die Marke Eurovanille. Seit 1990 ist das franz\u00f6sische Unternehmen ein wichtiger Akteur auf dem Gebiet der nat\u00fcrlichen Vanille.","breadcrumb":{"@id":"https:\/\/www.bevanar-dorga.ch\/de\/unsere-marken\/eurovanille\/#breadcrumb"},"inLanguage":"de-DE","potentialAction":[{"@type":"ReadAction","target":["https:\/\/www.bevanar-dorga.ch\/de\/unsere-marken\/eurovanille\/"]}]},{"@type":"BreadcrumbList","@id":"https:\/\/www.bevanar-dorga.ch\/de\/unsere-marken\/eurovanille\/#breadcrumb","itemListElement":[{"@type":"ListItem","position":1,"name":"Accueil","item":"https:\/\/www.bevanar-dorga.ch\/de\/accueil\/"},{"@type":"ListItem","position":2,"name":"Unsere Marken","item":"https:\/\/www.bevanar-dorga.ch\/de\/unsere-marken\/"},{"@type":"ListItem","position":3,"name":"Eurovanille"}]},{"@type":"WebSite","@id":"https:\/\/www.bevanar-dorga.ch\/de\/#website","url":"https:\/\/www.bevanar-dorga.ch\/de\/","name":"Bevanar&amp;Dorga SA","description":"Votre partenaire Suisse pour les produits gastronomique","potentialAction":[{"@type":"SearchAction","target":{"@type":"EntryPoint","urlTemplate":"https:\/\/www.bevanar-dorga.ch\/de\/?s={search_term_string}"},"query-input":{"@type":"PropertyValueSpecification","valueRequired":true,"valueName":"search_term_string"}}],"inLanguage":"de-DE"}]}},"_links":{"self":[{"href":"https:\/\/www.bevanar-dorga.ch\/de\/wp-json\/wp\/v2\/pages\/6935","targetHints":{"allow":["GET"]}}],"collection":[{"href":"https:\/\/www.bevanar-dorga.ch\/de\/wp-json\/wp\/v2\/pages"}],"about":[{"href":"https:\/\/www.bevanar-dorga.ch\/de\/wp-json\/wp\/v2\/types\/page"}],"author":[{"embeddable":true,"href":"https:\/\/www.bevanar-dorga.ch\/de\/wp-json\/wp\/v2\/users\/2"}],"replies":[{"embeddable":true,"href":"https:\/\/www.bevanar-dorga.ch\/de\/wp-json\/wp\/v2\/comments?post=6935"}],"version-history":[{"count":2,"href":"https:\/\/www.bevanar-dorga.ch\/de\/wp-json\/wp\/v2\/pages\/6935\/revisions"}],"predecessor-version":[{"id":6937,"href":"https:\/\/www.bevanar-dorga.ch\/de\/wp-json\/wp\/v2\/pages\/6935\/revisions\/6937"}],"up":[{"embeddable":true,"href":"https:\/\/www.bevanar-dorga.ch\/de\/wp-json\/wp\/v2\/pages\/3959"}],"wp:attachment":[{"href":"https:\/\/www.bevanar-dorga.ch\/de\/wp-json\/wp\/v2\/media?parent=6935"}],"curies":[{"name":"wp","href":"https:\/\/api.w.org\/{rel}","templated":true}]}}